{"id":15234,"date":"2026-04-23T13:42:28","date_gmt":"2026-04-23T11:42:28","guid":{"rendered":"https:\/\/doreenpalke.com\/?page_id=15234"},"modified":"2026-04-26T18:10:35","modified_gmt":"2026-04-26T16:10:35","slug":"bildungsurlaub-berlin-ayurveda","status":"publish","type":"page","link":"https:\/\/doreenpalke.com\/en\/bildungsurlaub-berlin-ayurveda\/","title":{"rendered":"Bildungsurlaub Berlin Ayurveda"},"content":{"rendered":"\t\t<div data-elementor-type=\"wp-page\" data-elementor-id=\"15234\" class=\"elementor elementor-15234\" data-elementor-post-type=\"page\">\n\t\t\t\t\t\t<section class=\"elementor-section elementor-top-section elementor-element elementor-element-38b45fee elementor-section-height-min-height elementor-section-stretched elementor-section-boxed elementor-section-height-default elementor-section-items-middle\" data-id=\"38b45fee\" data-element_type=\"section\" data-e-type=\"section\" data-settings=\"{&quot;background_background&quot;:&quot;classic&quot;,&quot;stretch_section&quot;:&quot;section-stretched&quot;}\">\n\t\t\t\t\t\t\t<div class=\"elementor-background-overlay\"><\/div>\n\t\t\t\t\t\t\t<div class=\"elementor-container elementor-column-gap-default\">\n\t\t\t\t\t<div class=\"elementor-column elementor-col-100 elementor-top-column elementor-element elementor-element-12e8116a\" data-id=\"12e8116a\" data-element_type=\"column\" data-e-type=\"column\">\n\t\t\t<div class=\"elementor-widget-wrap elementor-element-populated\">\n\t\t\t\t\t\t<div class=\"elementor-element elementor-element-3e54bfe4 elementor-widget elementor-widget-heading\" data-id=\"3e54bfe4\" data-element_type=\"widget\" data-e-type=\"widget\" data-widget_type=\"heading.default\">\n\t\t\t\t<div class=\"elementor-widget-container\">\n\t\t\t\t\t<h1 class=\"elementor-heading-title elementor-size-default\">Bildungsurlaube \/ Bildungszeiten<\/h1>\t\t\t\t<\/div>\n\t\t\t\t<\/div>\n\t\t\t\t<div class=\"elementor-element elementor-element-5bdfa041 elementor-widget elementor-widget-heading\" data-id=\"5bdfa041\" data-element_type=\"widget\" data-e-type=\"widget\" data-widget_type=\"heading.default\">\n\t\t\t\t<div class=\"elementor-widget-container\">\n\t\t\t\t\t<h2 class=\"elementor-heading-title elementor-size-default\">Stiftung wannseeFORUM<\/h2>\t\t\t\t<\/div>\n\t\t\t\t<\/div>\n\t\t\t\t\t<\/div>\n\t\t<\/div>\n\t\t\t\t\t<\/div>\n\t\t<\/section>\n\t\t\t\t<section class=\"elementor-section elementor-top-section elementor-element elementor-element-5efa4b6d elementor-section-boxed elementor-section-height-default elementor-section-height-default\" data-id=\"5efa4b6d\" data-element_type=\"section\" data-e-type=\"section\" data-settings=\"{&quot;background_background&quot;:&quot;classic&quot;}\">\n\t\t\t\t\t\t<div class=\"elementor-container elementor-column-gap-default\">\n\t\t\t\t\t<div class=\"elementor-column elementor-col-100 elementor-top-column elementor-element elementor-element-38cc0995\" data-id=\"38cc0995\" data-element_type=\"column\" data-e-type=\"column\">\n\t\t\t<div class=\"elementor-widget-wrap elementor-element-populated\">\n\t\t\t\t\t\t<div class=\"elementor-element elementor-element-12ef160f elementor-widget elementor-widget-heading\" data-id=\"12ef160f\" data-element_type=\"widget\" data-e-type=\"widget\" data-widget_type=\"heading.default\">\n\t\t\t\t<div class=\"elementor-widget-container\">\n\t\t\t\t\t<h1 class=\"elementor-heading-title elementor-size-default\">Ressourcen st\u00e4rken mit Yoga &amp; Ayurveda \u2013 Bildungsurlaub f\u00fcr Resilienz und Stressbew\u00e4ltigung im Berufsalltag \n<\/h1>\t\t\t\t<\/div>\n\t\t\t\t<\/div>\n\t\t\t\t<div class=\"elementor-element elementor-element-496bad0 elementor-widget elementor-widget-heading\" data-id=\"496bad0\" data-element_type=\"widget\" data-e-type=\"widget\" data-widget_type=\"heading.default\">\n\t\t\t\t<div class=\"elementor-widget-container\">\n\t\t\t\t\t<h2 class=\"elementor-heading-title elementor-size-default\">Deine Auszeit f\u00fcr neue Kraft:<BR>K\u00f6rper st\u00e4rken,<br> Geist beruhigen,<BR> gelassen durchstarten\n<\/h2>\t\t\t\t<\/div>\n\t\t\t\t<\/div>\n\t\t\t\t<div class=\"elementor-element elementor-element-677eff9 elementor-widget elementor-widget-text-editor\" data-id=\"677eff9\" data-element_type=\"widget\" data-e-type=\"widget\" data-widget_type=\"text-editor.default\">\n\t\t\t\t<div class=\"elementor-widget-container\">\n\t\t\t\t\t\t\t\t\t<p class=\"font-claude-response-body break-words whitespace-normal leading-[1.7]\" style=\"text-align: center;\"><strong><span class=\"wixui-rich-text__text\">\u200b\u200b\u200b\u200bFamilienkompatible <\/span><span class=\"wixui-rich-text__text\">Kurszeiten: <br \/><\/span><\/strong><strong><span class=\"wixui-rich-text__text\">Montag bis Donnerstag von 9.30 &#8211; 15.00 und Freitag 9.00 &#8211; 14.00 Uhr.<br \/><br \/><\/span><\/strong><\/p><p class=\"font-claude-response-body break-words whitespace-normal leading-[1.7]\">Entdecke, wie Yoga und Ayurveda deinen Alltag nachhaltig ver\u00e4ndern k\u00f6nnen \u2013 in einem anerkannten Bildungsurlaubs-Seminar, das K\u00f6rper, Geist und Lebensweise ganzheitlich in den Blick nimmt.<\/p><p>Im Mittelpunkt stehen die gro\u00dfen Themen unserer Zeit: Wie ern\u00e4hren und bewegen wir uns gesund? Was passiert in uns, wenn Stress zur Dauerbelastung wird \u2013 und wie finden wir wieder zu innerer Balance? Neben fundiertem Wissen \u00fcber Stoffwechsel, Verdauung und ayurvedische Lebensf\u00fchrung erkundest du auch die feinstofflichen Konzepte beider Traditionen, die erstaunlich viel \u00fcber unsere moderne Lebenswirklichkeit zu sagen haben.<\/p><p>Zweimal t\u00e4glich \u00fcbst du in einer sanften Yogapraxis (ideal auch f\u00fcr Einsteiger): K\u00f6rper\u00fcbungen verbinden sich mit Atemtechniken und Meditation \u2013 und du lernst, wie du genau diese Werkzeuge gezielt im Berufsalltag einsetzen kannst. Erg\u00e4nzt wird das Programm durch praktische Reflexions\u00fcbungen zum Stressmanagement und k<span style=\"font-family: Carlito, sans-serif;\">onkreten Strategien zur Regeneration und Grenzensetzung im Beruf.<\/span><\/p><p>Das wannseeFORUM liegt an einem der sch\u00f6nsten Orte Berlins: direkt am Pohlesee, einem ruhigen Ausl\u00e4ufer des Kleinen Wannsees, umgeben von Gr\u00fcn und fernab des Gro\u00dfstadtl\u00e4rms \u2013 und ist dennoch gut aus der Stadt erreichbar. Das denkmalgesch\u00fctzte Ensemble aus Landhaus, Kutscherhaus und weitl\u00e4ufigem Park wurde zwischen 1906 und 1908 als Bankiersvilla erbaut und verstr\u00f6mt bis heute eine besondere, fast zeitlose Atmosph\u00e4re.<\/p>\t\t\t\t\t\t\t\t<\/div>\n\t\t\t\t<\/div>\n\t\t\t\t<div class=\"elementor-element elementor-element-460b724c elementor-align-center elementor-widget elementor-widget-button\" data-id=\"460b724c\" data-element_type=\"widget\" data-e-type=\"widget\" data-widget_type=\"button.default\">\n\t\t\t\t<div class=\"elementor-widget-container\">\n\t\t\t\t\t<style>.elementor-element-460b724c{display:none !important}<\/style>\t\t\t\t<\/div>\n\t\t\t\t<\/div>\n\t\t\t\t\t<\/div>\n\t\t<\/div>\n\t\t\t\t\t<\/div>\n\t\t<\/section>\n\t\t\t\t<section class=\"elementor-section elementor-top-section elementor-element elementor-element-61b0046c elementor-section-height-min-height elementor-section-stretched elementor-section-boxed elementor-section-height-default elementor-section-items-middle\" data-id=\"61b0046c\" data-element_type=\"section\" data-e-type=\"section\" data-settings=\"{&quot;background_background&quot;:&quot;classic&quot;,&quot;stretch_section&quot;:&quot;section-stretched&quot;}\">\n\t\t\t\t\t\t\t<div class=\"elementor-background-overlay\"><\/div>\n\t\t\t\t\t\t\t<div class=\"elementor-container elementor-column-gap-default\">\n\t\t\t\t\t<div class=\"elementor-column elementor-col-100 elementor-top-column elementor-element elementor-element-4a8c1bf0\" data-id=\"4a8c1bf0\" data-element_type=\"column\" data-e-type=\"column\">\n\t\t\t<div class=\"elementor-widget-wrap\">\n\t\t\t\t\t\t\t<\/div>\n\t\t<\/div>\n\t\t\t\t\t<\/div>\n\t\t<\/section>\n\t\t\t\t<section class=\"elementor-section elementor-top-section elementor-element elementor-element-796fcb51 elementor-section-boxed elementor-section-height-default elementor-section-height-default\" data-id=\"796fcb51\" data-element_type=\"section\" data-e-type=\"section\" data-settings=\"{&quot;background_background&quot;:&quot;classic&quot;}\">\n\t\t\t\t\t\t<div class=\"elementor-container elementor-column-gap-default\">\n\t\t\t\t\t<div class=\"elementor-column elementor-col-100 elementor-top-column elementor-element elementor-element-79ba05e0\" data-id=\"79ba05e0\" data-element_type=\"column\" data-e-type=\"column\">\n\t\t\t<div class=\"elementor-widget-wrap elementor-element-populated\">\n\t\t\t\t\t\t<div class=\"elementor-element elementor-element-1768d46 elementor-widget elementor-widget-accordion\" data-id=\"1768d46\" data-element_type=\"widget\" data-e-type=\"widget\" data-widget_type=\"accordion.default\">\n\t\t\t\t<div class=\"elementor-widget-container\">\n\t\t\t\t\t\t\t<div class=\"elementor-accordion\">\n\t\t\t\t\t\t\t<div class=\"elementor-accordion-item\">\n\t\t\t\t\t<div id=\"elementor-tab-title-2451\" class=\"elementor-tab-title\" data-tab=\"1\" role=\"button\" aria-controls=\"elementor-tab-content-2451\" aria-expanded=\"false\">\n\t\t\t\t\t\t\t\t\t\t\t\t\t<span class=\"elementor-accordion-icon elementor-accordion-icon-left\" aria-hidden=\"true\">\n\t\t\t\t\t\t\t\t\t\t\t\t\t\t\t<span class=\"elementor-accordion-icon-closed\"><i class=\"fas fa-plus\"><\/i><\/span>\n\t\t\t\t\t\t\t\t<span class=\"elementor-accordion-icon-opened\"><i class=\"fas fa-minus\"><\/i><\/span>\n\t\t\t\t\t\t\t\t\t\t\t\t\t\t<\/span>\n\t\t\t\t\t\t\t\t\t\t\t\t<a class=\"elementor-accordion-title\" tabindex=\"0\">TERMINE<\/a>\n\t\t\t\t\t<\/div>\n\t\t\t\t\t<div id=\"elementor-tab-content-2451\" class=\"elementor-tab-content elementor-clearfix\" data-tab=\"1\" role=\"region\" aria-labelledby=\"elementor-tab-title-2451\"><p>\u00a0<\/p><p><span class=\"wixui-rich-text__text\"><strong>Familienkompatible <\/strong><\/span><strong><span class=\"wixui-rich-text__text\">Kurszeiten: <br \/>Montag bis Donnerstag von 9.30 &#8211; 15.00 Uhr, Freitag 9.00 &#8211; 14.00 Uhr<\/span><\/strong><\/p><p><strong><br \/>Termine 2026:<br \/><\/strong>31.08.\u201304.09.2026<br \/>05.10.\u201309.10.2026<br \/>16.11.\u201320.11.2026<\/p><p><strong>Termine 2027: <br \/><\/strong>22.02.\u201326.02.2027<br \/>15.03.\u201319.03.2027<br \/>10.05.\u201314.05.2027<br \/>16.08.\u201320.08.2027<br \/>27.09.\u201301.10.2027<br \/>25.10.\u201329.10.2027<br \/>08.11.\u201312.11.2027<\/p><\/div>\n\t\t\t\t<\/div>\n\t\t\t\t\t\t\t<div class=\"elementor-accordion-item\">\n\t\t\t\t\t<div id=\"elementor-tab-title-2452\" class=\"elementor-tab-title\" data-tab=\"2\" role=\"button\" aria-controls=\"elementor-tab-content-2452\" aria-expanded=\"false\">\n\t\t\t\t\t\t\t\t\t\t\t\t\t<span class=\"elementor-accordion-icon elementor-accordion-icon-left\" aria-hidden=\"true\">\n\t\t\t\t\t\t\t\t\t\t\t\t\t\t\t<span class=\"elementor-accordion-icon-closed\"><i class=\"fas fa-plus\"><\/i><\/span>\n\t\t\t\t\t\t\t\t<span class=\"elementor-accordion-icon-opened\"><i class=\"fas fa-minus\"><\/i><\/span>\n\t\t\t\t\t\t\t\t\t\t\t\t\t\t<\/span>\n\t\t\t\t\t\t\t\t\t\t\t\t<a class=\"elementor-accordion-title\" tabindex=\"0\">ORT<\/a>\n\t\t\t\t\t<\/div>\n\t\t\t\t\t<div id=\"elementor-tab-content-2452\" class=\"elementor-tab-content elementor-clearfix\" data-tab=\"2\" role=\"region\" aria-labelledby=\"elementor-tab-title-2452\"><p>Stiftung wannseeFORUM<br \/>Hohenzollernstra\u00dfe 14\u2028<br \/>14109 Berlin<br \/>T +49 30 806800\u2028<\/p><p>info@wannseeforum.de<br \/><a href=\"https:\/\/wannseeforum.de\/\" target=\"_blank\" rel=\"noopener\">www.wannseeforum.de<\/a><\/p><\/div>\n\t\t\t\t<\/div>\n\t\t\t\t\t\t\t<div class=\"elementor-accordion-item\">\n\t\t\t\t\t<div id=\"elementor-tab-title-2453\" class=\"elementor-tab-title\" data-tab=\"3\" role=\"button\" aria-controls=\"elementor-tab-content-2453\" aria-expanded=\"false\">\n\t\t\t\t\t\t\t\t\t\t\t\t\t<span class=\"elementor-accordion-icon elementor-accordion-icon-left\" aria-hidden=\"true\">\n\t\t\t\t\t\t\t\t\t\t\t\t\t\t\t<span class=\"elementor-accordion-icon-closed\"><i class=\"fas fa-plus\"><\/i><\/span>\n\t\t\t\t\t\t\t\t<span class=\"elementor-accordion-icon-opened\"><i class=\"fas fa-minus\"><\/i><\/span>\n\t\t\t\t\t\t\t\t\t\t\t\t\t\t<\/span>\n\t\t\t\t\t\t\t\t\t\t\t\t<a class=\"elementor-accordion-title\" tabindex=\"0\">PREISE & BUCHUNG<\/a>\n\t\t\t\t\t<\/div>\n\t\t\t\t\t<div id=\"elementor-tab-content-2453\" class=\"elementor-tab-content elementor-clearfix\" data-tab=\"3\" role=\"region\" aria-labelledby=\"elementor-tab-title-2453\"><p>\u00a0<\/p><p><strong><span id=\"ssrWrap-1167099889\">Seminargeb\u00fchr 599 \u20ac p.P.<\/span><\/strong><\/p><p>Hinzu kommen die Kosten f\u00fcr die Tagesgastpauschale f\u00fcr 5 Tage im wannseeFORUM in H\u00f6he von insgesamt:<\/p><ul><li><strong>67,50 \u20ac p.P. zzgl. 19% MwSt.<\/strong> f\u00fcr Seminare in 2026<\/li><li>Die Kosten f\u00fcr 2027 k\u00f6nnen sich geringf\u00fcgig erh\u00f6hen.<\/li><\/ul><p>Auf Wunsch und gegen Aufpreis hast du die M\u00f6glichkeit im wannseeFORUM ein Mittagessen f\u00fcr die Dauer des Seminars in H\u00f6he von insgesamt 85\u20ac p.P zzgl. 7% MwSt. zu buchen. Bitte teile dies bereits im Anmeldeformular unter &#8222;W\u00fcnsche&#8220; mit.<\/p><p><strong><br \/><br \/>SO BUCHST DU DEINEN BILDUNGSURLAUB SCHRITT-F\u00dcR-SCHRITT<\/strong><\/p><ol><li>Melde dich \u00fcber das <a href=\"https:\/\/doreenpalke.com\/anmeldeformular-bildungsurlaub\/\">Anmeldeformular<\/a> an um deinen Platz verbindlich sichern<\/li><li>Du erh\u00e4lst die Anmeldebest\u00e4tigung &amp; Rechnung und kannst alle Antragsunterlagen beim Arbeitgeber einreichen<\/li><li>Schlie\u00dfe eine Seminar- und Reiser\u00fccktrittskostenversicherung ab. (empfohlen)<\/li><\/ol><p>F\u00fcr die Seminargeb\u00fchr gelten unsere allgemeinen Buchungs- und Stornobedingungen (<a href=\"https:\/\/doreenpalke.com\/agb\/\">AGB<\/a>).<\/p><div class=\"overflow-x-auto w-full px-2 mb-6\"><p class=\"font-claude-response-body break-words whitespace-normal leading-[1.7]\">Die Seminargruppe ist auf <strong>maximal 15 Teilnehmende<\/strong> begrenzt \u2013 damit genug Raum f\u00fcr pers\u00f6nlichen Austausch und individuelle Begleitung bleibt.<\/p><\/div><\/div>\n\t\t\t\t<\/div>\n\t\t\t\t\t\t\t<div class=\"elementor-accordion-item\">\n\t\t\t\t\t<div id=\"elementor-tab-title-2454\" class=\"elementor-tab-title\" data-tab=\"4\" role=\"button\" aria-controls=\"elementor-tab-content-2454\" aria-expanded=\"false\">\n\t\t\t\t\t\t\t\t\t\t\t\t\t<span class=\"elementor-accordion-icon elementor-accordion-icon-left\" aria-hidden=\"true\">\n\t\t\t\t\t\t\t\t\t\t\t\t\t\t\t<span class=\"elementor-accordion-icon-closed\"><i class=\"fas fa-plus\"><\/i><\/span>\n\t\t\t\t\t\t\t\t<span class=\"elementor-accordion-icon-opened\"><i class=\"fas fa-minus\"><\/i><\/span>\n\t\t\t\t\t\t\t\t\t\t\t\t\t\t<\/span>\n\t\t\t\t\t\t\t\t\t\t\t\t<a class=\"elementor-accordion-title\" tabindex=\"0\">ABLAUF<\/a>\n\t\t\t\t\t<\/div>\n\t\t\t\t\t<div id=\"elementor-tab-content-2454\" class=\"elementor-tab-content elementor-clearfix\" data-tab=\"4\" role=\"region\" aria-labelledby=\"elementor-tab-title-2454\"><p>\u00a0<\/p><p class=\"font-claude-response-body break-words whitespace-normal leading-[1.7]\"><strong>Seminarablauf<\/strong><\/p><p class=\"font-claude-response-body break-words whitespace-normal leading-[1.7]\">Das Seminar beginnt am <strong>Montag um 9:30 Uhr<\/strong> und endet am <strong>Freitag gegen 14:00 Uhr<\/strong>. Jeden Tag erwarten dich 6 Unterrichtsstunden (\u00e0 45 Min.) aus Theorie und Praxis \u2013 abwechslungsreich, lebendig und mit viel Raum f\u00fcr pers\u00f6nliche Erfahrungen.<br \/><br \/><\/p><div class=\"overflow-x-auto w-full px-2 mb-6\"><table class=\"min-w-full border-collapse text-sm leading-[1.7] whitespace-normal\"><thead class=\"text-left\"><tr><th class=\"text-text-100 border-b-0.5 border-border-300\/60 py-2 pr-4 align-top font-bold\" scope=\"col\">Tag<\/th><th class=\"text-text-100 border-b-0.5 border-border-300\/60 py-2 pr-4 align-top font-bold\" scope=\"col\">Schwerpunkt<\/th><\/tr><\/thead><tbody><tr><td class=\"border-b-0.5 border-border-300\/30 py-2 pr-4 align-top\">Montag<\/td><td class=\"border-b-0.5 border-border-300\/30 py-2 pr-4 align-top\">Grundlagen: Stress verstehen &amp; Achtsamkeit kultivieren<\/td><\/tr><tr><td class=\"border-b-0.5 border-border-300\/30 py-2 pr-4 align-top\">Dienstag<\/td><td class=\"border-b-0.5 border-border-300\/30 py-2 pr-4 align-top\">Selbstwahrnehmung &amp; Konstitution: Die eigene Mitte finden<\/td><\/tr><tr><td class=\"border-b-0.5 border-border-300\/30 py-2 pr-4 align-top\">Mittwoch<\/td><td class=\"border-b-0.5 border-border-300\/30 py-2 pr-4 align-top\">Resilienz aufbauen: Individuelle und strukturelle Perspektiven<\/td><\/tr><tr><td class=\"border-b-0.5 border-border-300\/30 py-2 pr-4 align-top\">Donnerstag<\/td><td class=\"border-b-0.5 border-border-300\/30 py-2 pr-4 align-top\">Regeneration, Grenzen &amp; nachhaltige Selbstf\u00fcrsorge<\/td><\/tr><tr><td class=\"border-b-0.5 border-border-300\/30 py-2 pr-4 align-top\">Freitag<\/td><td class=\"border-b-0.5 border-border-300\/30 py-2 pr-4 align-top\">Integration &amp; Transfer: Nachhaltigkeit im Alltag<\/td><\/tr><\/tbody><\/table><\/div><p class=\"font-claude-response-body break-words whitespace-normal leading-[1.7]\"><em>\u00c4nderungen im Ablauf bleiben vorbehalten. Der Ablaufplan dient zur groben Orientierung und stellt kein offizielles Seminarprogramm dar.<\/em><\/p><\/div>\n\t\t\t\t<\/div>\n\t\t\t\t\t\t\t<div class=\"elementor-accordion-item\">\n\t\t\t\t\t<div id=\"elementor-tab-title-2455\" class=\"elementor-tab-title\" data-tab=\"5\" role=\"button\" aria-controls=\"elementor-tab-content-2455\" aria-expanded=\"false\">\n\t\t\t\t\t\t\t\t\t\t\t\t\t<span class=\"elementor-accordion-icon elementor-accordion-icon-left\" aria-hidden=\"true\">\n\t\t\t\t\t\t\t\t\t\t\t\t\t\t\t<span class=\"elementor-accordion-icon-closed\"><i class=\"fas fa-plus\"><\/i><\/span>\n\t\t\t\t\t\t\t\t<span class=\"elementor-accordion-icon-opened\"><i class=\"fas fa-minus\"><\/i><\/span>\n\t\t\t\t\t\t\t\t\t\t\t\t\t\t<\/span>\n\t\t\t\t\t\t\t\t\t\t\t\t<a class=\"elementor-accordion-title\" tabindex=\"0\">WAS MUSS ICH MITBRINGEN<\/a>\n\t\t\t\t\t<\/div>\n\t\t\t\t\t<div id=\"elementor-tab-content-2455\" class=\"elementor-tab-content elementor-clearfix\" data-tab=\"5\" role=\"region\" aria-labelledby=\"elementor-tab-title-2455\"><p>\u00a0<\/p><ul><li class=\"whitespace-normal break-words pl-2\">Yogamatte<\/li><li class=\"whitespace-normal break-words pl-2\">Sitzkissen \/ Meditationskissen und Yogabl\u00f6cke (falls vorhanden)<\/li><li class=\"whitespace-normal break-words pl-2\">Bequeme Yogakleidung \u2013 z.B. dicke Socken, eine d\u00fcnne Decke oder Jacke zum \u00dcberziehen<\/li><li class=\"whitespace-normal break-words pl-2\">Stift und Notizbuch<\/li><li class=\"whitespace-normal break-words pl-2\">Trinkflasche zum Abf\u00fcllen von frischem Wasser\u00a0<\/li><\/ul><\/div>\n\t\t\t\t<\/div>\n\t\t\t\t\t\t\t<div class=\"elementor-accordion-item\">\n\t\t\t\t\t<div id=\"elementor-tab-title-2456\" class=\"elementor-tab-title\" data-tab=\"6\" role=\"button\" aria-controls=\"elementor-tab-content-2456\" aria-expanded=\"false\">\n\t\t\t\t\t\t\t\t\t\t\t\t\t<span class=\"elementor-accordion-icon elementor-accordion-icon-left\" aria-hidden=\"true\">\n\t\t\t\t\t\t\t\t\t\t\t\t\t\t\t<span class=\"elementor-accordion-icon-closed\"><i class=\"fas fa-plus\"><\/i><\/span>\n\t\t\t\t\t\t\t\t<span class=\"elementor-accordion-icon-opened\"><i class=\"fas fa-minus\"><\/i><\/span>\n\t\t\t\t\t\t\t\t\t\t\t\t\t\t<\/span>\n\t\t\t\t\t\t\t\t\t\t\t\t<a class=\"elementor-accordion-title\" tabindex=\"0\">ANERKENNUNG & ANTRAGSUNTERLAGEN<\/a>\n\t\t\t\t\t<\/div>\n\t\t\t\t\t<div id=\"elementor-tab-content-2456\" class=\"elementor-tab-content elementor-clearfix\" data-tab=\"6\" role=\"region\" aria-labelledby=\"elementor-tab-title-2456\"><p class=\"font-claude-response-body break-words whitespace-normal leading-[1.7]\">Das Seminar ist als Bildungsurlaub bzw. Bildungszeit anerkannt in folgenden Bundesl\u00e4ndern:<\/p><ul class=\"[li_&amp;]:mb-0 [li_&amp;]:mt-1 [li_&amp;]:gap-1 [&amp;:not(:last-child)_ul]:pb-1 [&amp;:not(:last-child)_ol]:pb-1 list-disc flex flex-col gap-1 pl-8 mb-3\"><li>Berlin<\/li><li>Brandenburg (beantragt)<\/li><li class=\"whitespace-normal break-words pl-2\">Sachsen-Anhalt (beantragt)<\/li><\/ul><p class=\"font-claude-response-body break-words whitespace-normal leading-[1.7]\"><strong><br \/>Besonderheit in Berlin &amp; Brandenburg:<\/strong> Die Anerkennung gilt hier f\u00fcr alle Arbeitnehmer*innen, die die Seminarinhalte zur Aus\u00fcbung ihrer haupt- oder nebenberuflichen bzw. ehrenamtlichen T\u00e4tigkeit ben\u00f6tigen.<\/p><blockquote class=\"ml-2 border-l-4 border-border-300\/10 pl-4 text-text-300\"><p class=\"font-claude-response-body break-words whitespace-normal leading-[1.7]\"><strong>Wichtig:<\/strong> Es z\u00e4hlt der Arbeitsort \u2013 nicht der Wohnort.<\/p><\/blockquote><p class=\"font-claude-response-body break-words whitespace-normal leading-[1.7]\">Grunds\u00e4tzlich sind alle Interessierten herzlich willkommen \u2013 auch ohne Bildungsurlaubs-Regelung!<\/p><p class=\"font-claude-response-body break-words whitespace-normal leading-[1.7]\">Hier kannst du die Antragsunterlagen f\u00fcr deinen Arbeitgeber kostenlos herunterladen:<br \/><a href=\"https:\/\/doreenpalke.com\/wp-content\/uploads\/2026\/04\/Antragsunterlagen-Arbeitgeber-1.pdf\">Download Antragsunterlagen f\u00fcr Arbeitgeber<\/a><\/p><p class=\"font-claude-response-body break-words whitespace-normal leading-[1.7]\">\u00a0<\/p><\/div>\n\t\t\t\t<\/div>\n\t\t\t\t\t\t\t\t<\/div>\n\t\t\t\t\t\t<\/div>\n\t\t\t\t<\/div>\n\t\t\t\t<div class=\"elementor-element elementor-element-b98e518 elementor-align-justify elementor-widget elementor-widget-button\" data-id=\"b98e518\" data-element_type=\"widget\" data-e-type=\"widget\" data-widget_type=\"button.default\">\n\t\t\t\t<div class=\"elementor-widget-container\">\n\t\t\t\t\t<style>.elementor-element-b98e518{display:none !important}<\/style>\t\t\t\t<\/div>\n\t\t\t\t<\/div>\n\t\t\t\t\t<\/div>\n\t\t<\/div>\n\t\t\t\t\t<\/div>\n\t\t<\/section>\n\t\t\t\t<section class=\"elementor-section elementor-top-section elementor-element elementor-element-3ea13da1 elementor-section-stretched elementor-section-boxed elementor-section-height-default elementor-section-height-default\" data-id=\"3ea13da1\" data-element_type=\"section\" data-e-type=\"section\" data-settings=\"{&quot;background_background&quot;:&quot;classic&quot;,&quot;stretch_section&quot;:&quot;section-stretched&quot;}\">\n\t\t\t\t\t\t\t<div class=\"elementor-background-overlay\"><\/div>\n\t\t\t\t\t\t\t<div class=\"elementor-container elementor-column-gap-default\">\n\t\t\t\t\t<div class=\"elementor-column elementor-col-100 elementor-top-column elementor-element elementor-element-64930b8e\" data-id=\"64930b8e\" data-element_type=\"column\" data-e-type=\"column\">\n\t\t\t<div class=\"elementor-widget-wrap elementor-element-populated\">\n\t\t\t\t\t\t<div class=\"elementor-element elementor-element-688edac3 elementor-widget elementor-widget-heading\" data-id=\"688edac3\" data-element_type=\"widget\" data-e-type=\"widget\" data-widget_type=\"heading.default\">\n\t\t\t\t<div class=\"elementor-widget-container\">\n\t\t\t\t\t<h2 class=\"elementor-heading-title elementor-size-default\">Alle Seminarinhalte auf einen Blick<\/h2>\t\t\t\t<\/div>\n\t\t\t\t<\/div>\n\t\t\t\t<div class=\"elementor-element elementor-element-e268e12 elementor-tabs-view-horizontal elementor-widget elementor-widget-tabs\" data-id=\"e268e12\" data-element_type=\"widget\" data-e-type=\"widget\" data-widget_type=\"tabs.default\">\n\t\t\t\t<div class=\"elementor-widget-container\">\n\t\t\t\t\t\t\t<div class=\"elementor-tabs\">\n\t\t\t<div class=\"elementor-tabs-wrapper\" role=\"tablist\" >\n\t\t\t\t\t\t\t\t\t<div id=\"elementor-tab-title-2371\" class=\"elementor-tab-title elementor-tab-desktop-title\" aria-selected=\"true\" data-tab=\"1\" role=\"tab\" tabindex=\"0\" aria-controls=\"elementor-tab-content-2371\" aria-expanded=\"false\">Ayurveda <\/div>\n\t\t\t\t\t\t\t\t\t<div id=\"elementor-tab-title-2372\" class=\"elementor-tab-title elementor-tab-desktop-title\" aria-selected=\"false\" data-tab=\"2\" role=\"tab\" tabindex=\"-1\" aria-controls=\"elementor-tab-content-2372\" aria-expanded=\"false\">Yoga<\/div>\n\t\t\t\t\t\t\t\t\t<div id=\"elementor-tab-title-2373\" class=\"elementor-tab-title elementor-tab-desktop-title\" aria-selected=\"false\" data-tab=\"3\" role=\"tab\" tabindex=\"-1\" aria-controls=\"elementor-tab-content-2373\" aria-expanded=\"false\">Atem<\/div>\n\t\t\t\t\t\t\t\t\t<div id=\"elementor-tab-title-2374\" class=\"elementor-tab-title elementor-tab-desktop-title\" aria-selected=\"false\" data-tab=\"4\" role=\"tab\" tabindex=\"-1\" aria-controls=\"elementor-tab-content-2374\" aria-expanded=\"false\">Meditation & Achtsamkeit<\/div>\n\t\t\t\t\t\t\t\t\t<div id=\"elementor-tab-title-2375\" class=\"elementor-tab-title elementor-tab-desktop-title\" aria-selected=\"false\" data-tab=\"5\" role=\"tab\" tabindex=\"-1\" aria-controls=\"elementor-tab-content-2375\" aria-expanded=\"false\">Stressmanagement<\/div>\n\t\t\t\t\t\t\t<\/div>\n\t\t\t<div class=\"elementor-tabs-content-wrapper\" role=\"tablist\" aria-orientation=\"vertical\">\n\t\t\t\t\t\t\t\t\t<div class=\"elementor-tab-title elementor-tab-mobile-title\" aria-selected=\"true\" data-tab=\"1\" role=\"tab\" tabindex=\"0\" aria-controls=\"elementor-tab-content-2371\" aria-expanded=\"false\">Ayurveda <\/div>\n\t\t\t\t\t<div id=\"elementor-tab-content-2371\" class=\"elementor-tab-content elementor-clearfix\" data-tab=\"1\" role=\"tabpanel\" aria-labelledby=\"elementor-tab-title-2371\" tabindex=\"0\" hidden=\"false\"><p>\u00a0<\/p><p class=\"font-claude-response-body break-words whitespace-normal leading-[1.7]\"><strong>Ayurveda \u2013 Die Weisheit des Lebens neu entdecken<\/strong><\/p><p class=\"font-claude-response-body break-words whitespace-normal leading-[1.7]\">Ayurveda, eines der \u00e4ltesten Gesundheitssysteme der Welt, hat erstaunlich viel zu sagen \u2013 gerade im hektischen Berufsalltag. Du lernst die Grundprinzipien des ayurvedischen Systems kennen und tauchst ein in die Welt der drei Doshas Vata, Pitta und Kapha. Mit einem angeleiteten Dosha-Test findest du heraus, welcher Typ du bist \u2013 und was das f\u00fcr deinen Alltag bedeutet. Wir erkunden gemeinsam die Konzepte des Verdauungsfeuers (Agni) und der Schlackenstoffe (Ama), sprechen \u00fcber typgerechte Ern\u00e4hrung und werfen einen Blick auf die ber\u00fchmte Panchakarma-Kur. Ayurveda als Schl\u00fcssel zu mehr Balance, Energie und Wohlbefinden \u2013 hier wird er greifbar.<\/p><\/div>\n\t\t\t\t\t\t\t\t\t<div class=\"elementor-tab-title elementor-tab-mobile-title\" aria-selected=\"false\" data-tab=\"2\" role=\"tab\" tabindex=\"-1\" aria-controls=\"elementor-tab-content-2372\" aria-expanded=\"false\">Yoga<\/div>\n\t\t\t\t\t<div id=\"elementor-tab-content-2372\" class=\"elementor-tab-content elementor-clearfix\" data-tab=\"2\" role=\"tabpanel\" aria-labelledby=\"elementor-tab-title-2372\" tabindex=\"0\" hidden=\"hidden\"><p>\u00a0<\/p><p class=\"font-claude-response-body break-words whitespace-normal leading-[1.7]\"><strong>Yoga \u2013 Sanfte Kraft f\u00fcr K\u00f6rper und Geist<\/strong><\/p><p class=\"font-claude-response-body break-words whitespace-normal leading-[1.7]\">Yoga ist weit mehr als Dehnen und Entspannen \u2013 es ist eine tiefgr\u00fcndige Praxis der Selbstregulierung, die dich mitten im stressigen Alltag erdet. Es erwartet dich eine sanfte, atembasierte Yogapraxis, die ausdr\u00fccklich auch f\u00fcr Einsteiger geeignet ist: ohne Leistungsdruck, ohne Esoterik, daf\u00fcr mit viel Achtsamkeit und Freude. Erg\u00e4nzt wird die Praxis durch inspirierende Impulse aus der Yogaphilosophie \u2013 Denkanst\u00f6\u00dfe, die weit \u00fcber die Matte hinaus wirken und eine echte Bereicherung f\u00fcr die eigene Lebensf\u00fchrung sein k\u00f6nnen.<\/p><\/div>\n\t\t\t\t\t\t\t\t\t<div class=\"elementor-tab-title elementor-tab-mobile-title\" aria-selected=\"false\" data-tab=\"3\" role=\"tab\" tabindex=\"-1\" aria-controls=\"elementor-tab-content-2373\" aria-expanded=\"false\">Atem<\/div>\n\t\t\t\t\t<div id=\"elementor-tab-content-2373\" class=\"elementor-tab-content elementor-clearfix\" data-tab=\"3\" role=\"tabpanel\" aria-labelledby=\"elementor-tab-title-2373\" tabindex=\"0\" hidden=\"hidden\"><p class=\"font-claude-response-body break-words whitespace-normal leading-[1.7]\"><strong>Atem \u2013 Dein kraftvollstes Werkzeug<\/strong><\/p><p class=\"font-claude-response-body break-words whitespace-normal leading-[1.7]\">Der Atem ist immer bei dir \u2013 und doch schenken wir ihm kaum Aufmerksamkeit. Dabei hat eine bewusste Atemschulung enorme gesundheitliche Vorteile und bildet das Herzst\u00fcck jeder Yogapraxis. In der Seminarwoche lernst du im Rahmen der t\u00e4glichen Yogaeinheiten verschiedene Atem\u00fcbungen (Pranayama) kennen \u2013 und wirst sp\u00fcren, wie viel Energie und Ruhe in einem einzigen bewussten Atemzug stecken kann.<\/p><hr class=\"border-border-200 border-t-0.5 my-3 mx-1.5\" \/><\/div>\n\t\t\t\t\t\t\t\t\t<div class=\"elementor-tab-title elementor-tab-mobile-title\" aria-selected=\"false\" data-tab=\"4\" role=\"tab\" tabindex=\"-1\" aria-controls=\"elementor-tab-content-2374\" aria-expanded=\"false\">Meditation & Achtsamkeit<\/div>\n\t\t\t\t\t<div id=\"elementor-tab-content-2374\" class=\"elementor-tab-content elementor-clearfix\" data-tab=\"4\" role=\"tabpanel\" aria-labelledby=\"elementor-tab-title-2374\" tabindex=\"0\" hidden=\"hidden\"><p class=\"font-claude-response-body break-words whitespace-normal leading-[1.7]\"><strong>Meditation &amp; Achtsamkeit \u2013 Innere Ruhe mitten im Alltag<\/strong><\/p><p class=\"font-claude-response-body break-words whitespace-normal leading-[1.7]\">Was ist eigentlich der Unterschied zwischen Achtsamkeit und Meditation? Warum sollte ich \u00fcberhaupt meditieren \u2013 und wie geht das \u201erichtig&#8220;? Diesen und vielen weiteren Fragen gehen wir gemeinsam auf den Grund. T\u00e4glich praktizieren wir Meditation und erkunden verschiedene Achtsamkeits\u00fcbungen, die geistigen Ausgleich, innere Klarheit und emotionale Stabilit\u00e4t f\u00f6rdern. Dabei sprechen wir auch \u00fcber Selbstwahrnehmung und emotionale Intelligenz \u2013 F\u00e4higkeiten, die im Berufsalltag zunehmend an Bedeutung gewinnen.<\/p><\/div>\n\t\t\t\t\t\t\t\t\t<div class=\"elementor-tab-title elementor-tab-mobile-title\" aria-selected=\"false\" data-tab=\"5\" role=\"tab\" tabindex=\"-1\" aria-controls=\"elementor-tab-content-2375\" aria-expanded=\"false\">Stressmanagement<\/div>\n\t\t\t\t\t<div id=\"elementor-tab-content-2375\" class=\"elementor-tab-content elementor-clearfix\" data-tab=\"5\" role=\"tabpanel\" aria-labelledby=\"elementor-tab-title-2375\" tabindex=\"0\" hidden=\"hidden\"><p class=\"font-claude-response-body break-words whitespace-normal leading-[1.7]\"><strong>Stressmanagement \u2013 Verstehen, was dich belastet<\/strong><\/p><p class=\"font-claude-response-body break-words whitespace-normal leading-[1.7]\">Was ist Stress \u00fcberhaupt \u2013 und was macht er wirklich mit uns, k\u00f6rperlich wie geistig? Welche pers\u00f6nlichen Stressoren treiben mich an, was bringt mir echte Entlastung? Und welche Rolle spielt dabei mein Mindset? In diesem Seminar gehen wir diesen Fragen ehrlich und tiefgr\u00fcndig nach. Durch praxisnahe Reflexions\u00fcbungen entwickelst du ein besseres Verst\u00e4ndnis f\u00fcr deine eigenen Muster \u2013 und entdeckst konkrete Wege, gelassener und widerstandsf\u00e4higer durch den Alltag zu gehen.<\/p><\/div>\n\t\t\t\t\t\t\t<\/div>\n\t\t<\/div>\n\t\t\t\t\t\t<\/div>\n\t\t\t\t<\/div>\n\t\t\t\t\t<\/div>\n\t\t<\/div>\n\t\t\t\t\t<\/div>\n\t\t<\/section>\n\t\t\t\t<section class=\"elementor-section elementor-top-section elementor-element elementor-element-39365bac elementor-section-content-middle elementor-section-stretched elementor-reverse-tablet elementor-reverse-mobile elementor-section-boxed elementor-section-height-default elementor-section-height-default\" data-id=\"39365bac\" data-element_type=\"section\" data-e-type=\"section\" data-settings=\"{&quot;stretch_section&quot;:&quot;section-stretched&quot;}\">\n\t\t\t\t\t\t\t<div class=\"elementor-background-overlay\"><\/div>\n\t\t\t\t\t\t\t<div class=\"elementor-container elementor-column-gap-no\">\n\t\t\t\t\t<div class=\"elementor-column elementor-col-50 elementor-top-column elementor-element elementor-element-e3fb0f4\" data-id=\"e3fb0f4\" data-element_type=\"column\" data-e-type=\"column\">\n\t\t\t<div class=\"elementor-widget-wrap elementor-element-populated\">\n\t\t\t\t\t\t<div class=\"elementor-element elementor-element-342b31ed elementor-widget elementor-widget-heading\" data-id=\"342b31ed\" data-element_type=\"widget\" data-e-type=\"widget\" data-widget_type=\"heading.default\">\n\t\t\t\t<div class=\"elementor-widget-container\">\n\t\t\t\t\t<h5 class=\"elementor-heading-title elementor-size-default\">Unser Veranstaltungsort ist dein Zufluchtsort, um wieder in die Natur einzutauchen.<\/h5>\t\t\t\t<\/div>\n\t\t\t\t<\/div>\n\t\t\t\t<div class=\"elementor-element elementor-element-13ff1301 elementor-widget elementor-widget-heading\" data-id=\"13ff1301\" data-element_type=\"widget\" data-e-type=\"widget\" data-widget_type=\"heading.default\">\n\t\t\t\t<div class=\"elementor-widget-container\">\n\t\t\t\t\t<h3 class=\"elementor-heading-title elementor-size-default\">Stell dir vor, du machst Bildungsurlaub im gr\u00fcnen S\u00fcdwesten von Berlin \u2013 und findest dich in einer Oase der Ruhe wieder. Genau das erwartet dich im wannseeFORUM in Berlin-Wannsee: direkt am Pohlesee, einem stillen Ausl\u00e4ufer des Kleinen Wannsees, umgeben von einem weitl\u00e4ufigen Park und fernab des Gro\u00dfstadtl\u00e4rms \u2013 und trotzdem bestens aus der ganzen Stadt erreichbar.<br><br>\nSeit \u00fcber 75 Jahren bietet die Stiftung wannseeFORUM als anerkannte Bildungsst\u00e4tte Raum f\u00fcr bis zu 100 Personen \u2013 Menschen, die innehalten, nachdenken und wachsen m\u00f6chten.<\/h3>\t\t\t\t<\/div>\n\t\t\t\t<\/div>\n\t\t\t\t\t<\/div>\n\t\t<\/div>\n\t\t\t\t<div class=\"elementor-column elementor-col-50 elementor-top-column elementor-element elementor-element-5f2248be\" data-id=\"5f2248be\" data-element_type=\"column\" data-e-type=\"column\">\n\t\t\t<div class=\"elementor-widget-wrap elementor-element-populated\">\n\t\t\t\t\t\t<div class=\"elementor-element elementor-element-3d0aaac8 elementor-skin-slideshow elementor-arrows-yes elementor-widget elementor-widget-media-carousel\" data-id=\"3d0aaac8\" data-element_type=\"widget\" data-e-type=\"widget\" data-settings=\"{&quot;space_between&quot;:{&quot;unit&quot;:&quot;px&quot;,&quot;size&quot;:8,&quot;sizes&quot;:[]},&quot;skin&quot;:&quot;slideshow&quot;,&quot;effect&quot;:&quot;fade&quot;,&quot;show_arrows&quot;:&quot;yes&quot;,&quot;speed&quot;:500,&quot;autoplay&quot;:&quot;yes&quot;,&quot;autoplay_speed&quot;:5000,&quot;loop&quot;:&quot;yes&quot;,&quot;pause_on_hover&quot;:&quot;yes&quot;,&quot;pause_on_interaction&quot;:&quot;yes&quot;,&quot;space_between_tablet&quot;:{&quot;unit&quot;:&quot;px&quot;,&quot;size&quot;:10,&quot;sizes&quot;:[]},&quot;space_between_mobile&quot;:{&quot;unit&quot;:&quot;px&quot;,&quot;size&quot;:10,&quot;sizes&quot;:[]}}\" data-widget_type=\"media-carousel.default\">\n\t\t\t\t<div class=\"elementor-widget-container\">\n\t\t\t\t\t\t\t\t\t<div class=\"elementor-swiper\">\n\t\t\t\t\t<div class=\"elementor-main-swiper swiper\" role=\"region\" aria-roledescription=\"carousel\" aria-label=\"Slider\">\n\t\t\t\t<div class=\"swiper-wrapper\">\n\t\t\t\t\t\t\t\t\t\t\t<div class=\"swiper-slide\" role=\"group\" aria-roledescription=\"slide\">\n\t\t\t\t\t\t\t\t\t<div class=\"elementor-carousel-image\" role=\"img\" aria-label=\"bildungsurlaub berlin brandenburg-yoga-ayurveda-doreen-palke\" style=\"background-image: url(&#039;https:\/\/doreenpalke.com\/wp-content\/uploads\/2026\/04\/WannseeForum4.1.jpeg&#039;)\">\n\n\t\t\t\n\t\t\t\t\t<\/div>\n\t\t\t\t\t\t\t\t<\/div>\n\t\t\t\t\t\t\t\t\t\t\t<div class=\"swiper-slide\" role=\"group\" aria-roledescription=\"slide\">\n\t\t\t\t\t\t\t\t\t<div class=\"elementor-carousel-image\" role=\"img\" aria-label=\"bildungsurlaub berlin brandenburg-yoga-ayurveda-doreen-palke\" style=\"background-image: url(&#039;https:\/\/doreenpalke.com\/wp-content\/uploads\/2026\/04\/WannseeForum7.jpg&#039;)\">\n\n\t\t\t\n\t\t\t\t\t<\/div>\n\t\t\t\t\t\t\t\t<\/div>\n\t\t\t\t\t\t\t\t\t\t\t<div class=\"swiper-slide\" role=\"group\" aria-roledescription=\"slide\">\n\t\t\t\t\t\t\t\t\t<div class=\"elementor-carousel-image\" role=\"img\" aria-label=\"bildungsurlaub berlin brandenburg-yoga-ayurveda-doreen-palke\" style=\"background-image: url(&#039;https:\/\/doreenpalke.com\/wp-content\/uploads\/2026\/04\/WannseeForum9.jpeg&#039;)\">\n\n\t\t\t\n\t\t\t\t\t<\/div>\n\t\t\t\t\t\t\t\t<\/div>\n\t\t\t\t\t\t\t\t\t\t\t<div class=\"swiper-slide\" role=\"group\" aria-roledescription=\"slide\">\n\t\t\t\t\t\t\t\t\t<div class=\"elementor-carousel-image\" role=\"img\" aria-label=\"bildungsurlaub berlin brandenburg-yoga-ayurveda-doreen-palke\" style=\"background-image: url(&#039;https:\/\/doreenpalke.com\/wp-content\/uploads\/2026\/04\/WannseeForum10.jpg&#039;)\">\n\n\t\t\t\n\t\t\t\t\t<\/div>\n\t\t\t\t\t\t\t\t<\/div>\n\t\t\t\t\t\t\t\t\t\t\t<div class=\"swiper-slide\" role=\"group\" aria-roledescription=\"slide\">\n\t\t\t\t\t\t\t\t\t<div class=\"elementor-carousel-image\" role=\"img\" aria-label=\"bildungsurlaub berlin brandenburg-yoga-ayurveda-doreen-palke\" style=\"background-image: url(&#039;https:\/\/doreenpalke.com\/wp-content\/uploads\/2026\/04\/WannseeForum12.jpeg&#039;)\">\n\n\t\t\t\n\t\t\t\t\t<\/div>\n\t\t\t\t\t\t\t\t<\/div>\n\t\t\t\t\t\t\t\t\t<\/div>\n\t\t\t\t\t\t\t\t\t\t\t\t\t\t\t<div class=\"elementor-swiper-button elementor-swiper-button-prev\" role=\"button\" tabindex=\"0\" aria-label=\"Previous\">\n\t\t\t\t\t\t\t<i aria-hidden=\"true\" class=\"eicon-chevron-left\"><\/i>\t\t\t\t\t\t<\/div>\n\t\t\t\t\t\t<div class=\"elementor-swiper-button elementor-swiper-button-next\" role=\"button\" tabindex=\"0\" aria-label=\"Next\">\n\t\t\t\t\t\t\t<i aria-hidden=\"true\" class=\"eicon-chevron-right\"><\/i>\t\t\t\t\t\t<\/div>\n\t\t\t\t\t\t\t\t\t\t\t\t\t\t\t\t\t<\/div>\n\t\t\t\t<\/div>\n\t\t\t\t\t\t\t\t<div class=\"elementor-swiper\">\n\t\t\t\t\t<div class=\"elementor-main-swiper swiper elementor-thumbnails-swiper swiper\" role=\"region region\" aria-roledescription=\"carousel carousel\" aria-label=\"Slider Slider\">\n\t\t\t\t<div class=\"swiper-wrapper\">\n\t\t\t\t\t\t\t\t\t\t\t<div class=\"swiper-slide\" role=\"group\" aria-roledescription=\"slide\">\n\t\t\t\t\t\t\t\t\t<div class=\"elementor-carousel-image\" role=\"img\" aria-label=\"bildungsurlaub berlin brandenburg-yoga-ayurveda-doreen-palke\" style=\"background-image: url(&#039;https:\/\/doreenpalke.com\/wp-content\/uploads\/2026\/04\/WannseeForum4.1.jpeg&#039;)\">\n\n\t\t\t\n\t\t\t\t\t<\/div>\n\t\t\t\t\t\t\t\t<\/div>\n\t\t\t\t\t\t\t\t\t\t\t<div class=\"swiper-slide\" role=\"group\" aria-roledescription=\"slide\">\n\t\t\t\t\t\t\t\t\t<div class=\"elementor-carousel-image\" role=\"img\" aria-label=\"bildungsurlaub berlin brandenburg-yoga-ayurveda-doreen-palke\" style=\"background-image: url(&#039;https:\/\/doreenpalke.com\/wp-content\/uploads\/2026\/04\/WannseeForum7.jpg&#039;)\">\n\n\t\t\t\n\t\t\t\t\t<\/div>\n\t\t\t\t\t\t\t\t<\/div>\n\t\t\t\t\t\t\t\t\t\t\t<div class=\"swiper-slide\" role=\"group\" aria-roledescription=\"slide\">\n\t\t\t\t\t\t\t\t\t<div class=\"elementor-carousel-image\" role=\"img\" aria-label=\"bildungsurlaub berlin brandenburg-yoga-ayurveda-doreen-palke\" style=\"background-image: url(&#039;https:\/\/doreenpalke.com\/wp-content\/uploads\/2026\/04\/WannseeForum9.jpeg&#039;)\">\n\n\t\t\t\n\t\t\t\t\t<\/div>\n\t\t\t\t\t\t\t\t<\/div>\n\t\t\t\t\t\t\t\t\t\t\t<div class=\"swiper-slide\" role=\"group\" aria-roledescription=\"slide\">\n\t\t\t\t\t\t\t\t\t<div class=\"elementor-carousel-image\" role=\"img\" aria-label=\"bildungsurlaub berlin brandenburg-yoga-ayurveda-doreen-palke\" style=\"background-image: url(&#039;https:\/\/doreenpalke.com\/wp-content\/uploads\/2026\/04\/WannseeForum10.jpg&#039;)\">\n\n\t\t\t\n\t\t\t\t\t<\/div>\n\t\t\t\t\t\t\t\t<\/div>\n\t\t\t\t\t\t\t\t\t\t\t<div class=\"swiper-slide\" role=\"group\" aria-roledescription=\"slide\">\n\t\t\t\t\t\t\t\t\t<div class=\"elementor-carousel-image\" role=\"img\" aria-label=\"bildungsurlaub berlin brandenburg-yoga-ayurveda-doreen-palke\" style=\"background-image: url(&#039;https:\/\/doreenpalke.com\/wp-content\/uploads\/2026\/04\/WannseeForum12.jpeg&#039;)\">\n\n\t\t\t\n\t\t\t\t\t<\/div>\n\t\t\t\t\t\t\t\t<\/div>\n\t\t\t\t\t\t\t\t\t<\/div>\n\t\t\t\t\t\t\t\t\t\t\t\t\t\t\t\t\t\t\t\t\t<\/div>\n\t\t\t\t<\/div>\n\t\t\t\t\t\t\t\t<\/div>\n\t\t\t\t<\/div>\n\t\t\t\t\t<\/div>\n\t\t<\/div>\n\t\t\t\t\t<\/div>\n\t\t<\/section>\n\t\t\t\t<section class=\"elementor-section elementor-top-section elementor-element elementor-element-69f01f19 elementor-section-content-middle elementor-section-stretched elementor-section-boxed elementor-section-height-default elementor-section-height-default\" data-id=\"69f01f19\" data-element_type=\"section\" data-e-type=\"section\" data-settings=\"{&quot;stretch_section&quot;:&quot;section-stretched&quot;}\">\n\t\t\t\t\t\t\t<div class=\"elementor-background-overlay\"><\/div>\n\t\t\t\t\t\t\t<div class=\"elementor-container elementor-column-gap-no\">\n\t\t\t\t\t<div class=\"elementor-column elementor-col-50 elementor-top-column elementor-element elementor-element-17fa31\" data-id=\"17fa31\" data-element_type=\"column\" data-e-type=\"column\">\n\t\t\t<div class=\"elementor-widget-wrap elementor-element-populated\">\n\t\t\t\t\t\t<div class=\"elementor-element elementor-element-73b534e5 elementor-widget elementor-widget-heading\" data-id=\"73b534e5\" data-element_type=\"widget\" data-e-type=\"widget\" data-widget_type=\"heading.default\">\n\t\t\t\t<div class=\"elementor-widget-container\">\n\t\t\t\t\t<h5 class=\"elementor-heading-title elementor-size-default\">Es ist an der Zeit, dir etwas Gutes zu tun<\/h5>\t\t\t\t<\/div>\n\t\t\t\t<\/div>\n\t\t\t\t<div class=\"elementor-element elementor-element-39938358 elementor-widget elementor-widget-heading\" data-id=\"39938358\" data-element_type=\"widget\" data-e-type=\"widget\" data-widget_type=\"heading.default\">\n\t\t\t\t<div class=\"elementor-widget-container\">\n\t\t\t\t\t<h3 class=\"elementor-heading-title elementor-size-default\">Das historische Landhaus l\u00e4dt dich ein, aus dem Alltag herauszutreten und dich ganz auf die Seminarwoche einzulassen. Im Geb\u00e4ude stehen dir Getr\u00e4nke- und Snackautomaten sowie ein Wasserspender zur Verf\u00fcgung \u2013 auch im lichtdurchfluteten Atrium findest du einen Wasserspender, sodass du jederzeit frisch versorgt bist. In den Pausen lockt der weitl\u00e4ufige Park am Seeufer zu einem Spaziergang, einem Moment der Stille oder einfach einem tiefen Atemzug frischer Luft.<br><br>\nBerlin-Wannsee ist zudem ein Ort mit eigenem Erholungswert: Strandb\u00e4der, Spazierwege am Wasser und die vielf\u00e4ltige Seenlandschaft der Umgebung machen die Freizeit zu einem echten Genuss \u2013 ganz nach deinem Tempo.<\/h3>\t\t\t\t<\/div>\n\t\t\t\t<\/div>\n\t\t\t\t<div class=\"elementor-element elementor-element-5513999a elementor-align-left elementor-widget elementor-widget-button\" data-id=\"5513999a\" data-element_type=\"widget\" data-e-type=\"widget\" data-widget_type=\"button.default\">\n\t\t\t\t<div class=\"elementor-widget-container\">\n\t\t\t\t\t<style>.elementor-element-5513999a{display:none !important}<\/style>\t\t\t\t<\/div>\n\t\t\t\t<\/div>\n\t\t\t\t\t<\/div>\n\t\t<\/div>\n\t\t\t\t<div class=\"elementor-column elementor-col-50 elementor-top-column elementor-element elementor-element-20b9473f\" data-id=\"20b9473f\" data-element_type=\"column\" data-e-type=\"column\">\n\t\t\t<div class=\"elementor-widget-wrap elementor-element-populated\">\n\t\t\t\t\t\t<div class=\"elementor-element elementor-element-26ecd4fa elementor-skin-slideshow elementor-arrows-yes elementor-widget elementor-widget-media-carousel\" data-id=\"26ecd4fa\" data-element_type=\"widget\" data-e-type=\"widget\" data-settings=\"{&quot;space_between&quot;:{&quot;unit&quot;:&quot;px&quot;,&quot;size&quot;:8,&quot;sizes&quot;:[]},&quot;skin&quot;:&quot;slideshow&quot;,&quot;effect&quot;:&quot;fade&quot;,&quot;show_arrows&quot;:&quot;yes&quot;,&quot;speed&quot;:500,&quot;autoplay&quot;:&quot;yes&quot;,&quot;autoplay_speed&quot;:5000,&quot;loop&quot;:&quot;yes&quot;,&quot;pause_on_hover&quot;:&quot;yes&quot;,&quot;pause_on_interaction&quot;:&quot;yes&quot;,&quot;space_between_tablet&quot;:{&quot;unit&quot;:&quot;px&quot;,&quot;size&quot;:10,&quot;sizes&quot;:[]},&quot;space_between_mobile&quot;:{&quot;unit&quot;:&quot;px&quot;,&quot;size&quot;:10,&quot;sizes&quot;:[]}}\" data-widget_type=\"media-carousel.default\">\n\t\t\t\t<div class=\"elementor-widget-container\">\n\t\t\t\t\t\t\t\t\t<div class=\"elementor-swiper\">\n\t\t\t\t\t<div class=\"elementor-main-swiper swiper\" role=\"region\" aria-roledescription=\"carousel\" aria-label=\"Slider\">\n\t\t\t\t<div class=\"swiper-wrapper\">\n\t\t\t\t\t\t\t\t\t\t\t<div class=\"swiper-slide\" role=\"group\" aria-roledescription=\"slide\">\n\t\t\t\t\t\t\t\t\t<div class=\"elementor-carousel-image\" role=\"img\" aria-label=\"bildungsurlaub berlin brandenburg-yoga-ayurveda-doreen-palke-WannseeForum\" style=\"background-image: url(&#039;https:\/\/doreenpalke.com\/wp-content\/uploads\/2026\/04\/WannseeForum4.jpeg&#039;)\">\n\n\t\t\t\n\t\t\t\t\t<\/div>\n\t\t\t\t\t\t\t\t<\/div>\n\t\t\t\t\t\t\t\t\t<\/div>\n\t\t\t\t\t\t\t<\/div>\n\t\t\t\t<\/div>\n\t\t\t\t\t\t\t\t<\/div>\n\t\t\t\t<\/div>\n\t\t\t\t\t<\/div>\n\t\t<\/div>\n\t\t\t\t\t<\/div>\n\t\t<\/section>\n\t\t\t\t<section class=\"elementor-section elementor-top-section elementor-element elementor-element-2e089a21 elementor-section-boxed elementor-section-height-default elementor-section-height-default\" data-id=\"2e089a21\" data-element_type=\"section\" data-e-type=\"section\" data-settings=\"{&quot;background_background&quot;:&quot;classic&quot;}\">\n\t\t\t\t\t\t<div class=\"elementor-container elementor-column-gap-default\">\n\t\t\t\t\t<div class=\"elementor-column elementor-col-100 elementor-top-column elementor-element elementor-element-24046275\" data-id=\"24046275\" data-element_type=\"column\" data-e-type=\"column\">\n\t\t\t<div class=\"elementor-widget-wrap elementor-element-populated\">\n\t\t\t\t\t\t<div class=\"elementor-element elementor-element-93a1cfb elementor-widget elementor-widget-heading\" data-id=\"93a1cfb\" data-element_type=\"widget\" data-e-type=\"widget\" data-widget_type=\"heading.default\">\n\t\t\t\t<div class=\"elementor-widget-container\">\n\t\t\t\t\t<h2 class=\"elementor-heading-title elementor-size-default\">So beantragst du deinen Bildungsurlaub \u2013 Schritt f\u00fcr Schritt<\/h2>\t\t\t\t<\/div>\n\t\t\t\t<\/div>\n\t\t\t\t<div class=\"elementor-element elementor-element-365d2b30 elementor-widget elementor-widget-text-editor\" data-id=\"365d2b30\" data-element_type=\"widget\" data-e-type=\"widget\" data-widget_type=\"text-editor.default\">\n\t\t\t\t<div class=\"elementor-widget-container\">\n\t\t\t\t\t\t\t\t\t<p class=\"font-claude-response-body break-words whitespace-normal leading-[1.7]\">\u00a0<\/p><div class=\"overflow-x-auto w-full px-2 mb-6\"><table class=\"min-w-full border-collapse text-sm leading-[1.7] whitespace-normal\"><thead class=\"text-left\"><tr><th class=\"text-text-100 border-b-0.5 border-border-300\/60 py-2 pr-4 align-top font-bold\" scope=\"col\">\u00a0<\/th><th class=\"text-text-100 border-b-0.5 border-border-300\/60 py-2 pr-4 align-top font-bold\" scope=\"col\">Was zu tun ist<\/th><\/tr><\/thead><tbody><tr><td class=\"border-b-0.5 border-border-300\/30 py-2 pr-4 align-top\"><strong>1. Informieren<\/strong><\/td><td class=\"border-b-0.5 border-border-300\/30 py-2 pr-4 align-top\">Informiere dich, ob und welchen Anspruch auf Bildungsurlaub du hast \u2013 zum Beispiel \u00fcber die Bildungsurlaubsgesetze und Informationsseiten deines Bundeslandes.<\/td><\/tr><tr><td class=\"border-b-0.5 border-border-300\/30 py-2 pr-4 align-top\"><strong>2. Anmelden<\/strong><\/td><td class=\"border-b-0.5 border-border-300\/30 py-2 pr-4 align-top\">Besprich den Termin vorab mit deinem Arbeitgeber und melde dich dann \u00fcber das <a href=\"https:\/\/doreenpalke.com\/anmeldeformular-bildungsurlaub\/\">Anmeldeformular<\/a> zum Seminar an. Du erh\u00e4ltst eine schriftliche Anmeldebest\u00e4tigung. Sollte dein Arbeitgeber den Bildungsurlaub nachweislich ablehnen, hast du ein 30-t\u00e4giges kostenloses R\u00fccktrittsrecht (mehr dazu in den <a href=\"https:\/\/doreenpalke.com\/agb\/\">AGB<\/a>).<\/td><\/tr><tr><td class=\"border-b-0.5 border-border-300\/30 py-2 pr-4 align-top\"><strong>3. Antrag stellen<\/strong><\/td><td class=\"border-b-0.5 border-border-300\/30 py-2 pr-4 align-top\">Den Antrag f\u00fcr deinen Arbeitgeber \u2013 inklusive der notwendigen Kennziffer f\u00fcr dein Bundesland \u2013 findest du oben zum Download unter &#8222;Anerkennung &amp; Antragsunterlagen&#8220;. In der Regel muss der Bildungsurlaub sechs bis zw\u00f6lf Wochen vor Veranstaltungsbeginn beantragt werden.<\/td><\/tr><tr><td class=\"border-b-0.5 border-border-300\/30 py-2 pr-4 align-top\"><strong>4. Seminar genie\u00dfen!<\/strong><\/td><td class=\"border-b-0.5 border-border-300\/30 py-2 pr-4 align-top\">Sobald dein Arbeitgeber zugestimmt hat \u2013 oder nach Ablauf der gesetzlichen Frist keinen Einspruch eingelegt hat \u2013 gilt der Bildungsurlaub als genehmigt. Teilnahmepflicht besteht, und am Ende erh\u00e4ltst du eine Teilnahmebest\u00e4tigung zur Vorlage beim Arbeitgeber.<\/td><\/tr><\/tbody><\/table><\/div>\t\t\t\t\t\t\t\t<\/div>\n\t\t\t\t<\/div>\n\t\t\t\t\t<\/div>\n\t\t<\/div>\n\t\t\t\t\t<\/div>\n\t\t<\/section>\n\t\t\t\t<section class=\"elementor-section elementor-top-section elementor-element elementor-element-183703a1 elementor-section-height-min-height elementor-section-boxed elementor-section-height-default elementor-section-items-middle\" data-id=\"183703a1\" data-element_type=\"section\" data-e-type=\"section\" data-settings=\"{&quot;background_background&quot;:&quot;classic&quot;}\">\n\t\t\t\t\t\t\t<div class=\"elementor-background-overlay\"><\/div>\n\t\t\t\t\t\t\t<div class=\"elementor-container elementor-column-gap-default\">\n\t\t\t\t\t<div class=\"elementor-column elementor-col-100 elementor-top-column elementor-element elementor-element-6f8dfbd2\" data-id=\"6f8dfbd2\" data-element_type=\"column\" data-e-type=\"column\">\n\t\t\t<div class=\"elementor-widget-wrap\">\n\t\t\t\t\t\t\t<\/div>\n\t\t<\/div>\n\t\t\t\t\t<\/div>\n\t\t<\/section>\n\t\t\t\t<section class=\"elementor-section elementor-top-section elementor-element elementor-element-194dd998 elementor-section-boxed elementor-section-height-default elementor-section-height-default\" data-id=\"194dd998\" data-element_type=\"section\" data-e-type=\"section\" data-settings=\"{&quot;background_background&quot;:&quot;classic&quot;}\">\n\t\t\t\t\t\t<div class=\"elementor-container elementor-column-gap-default\">\n\t\t\t\t\t<div class=\"elementor-column elementor-col-100 elementor-top-column elementor-element elementor-element-1591471b\" data-id=\"1591471b\" data-element_type=\"column\" data-e-type=\"column\">\n\t\t\t<div class=\"elementor-widget-wrap elementor-element-populated\">\n\t\t\t\t\t\t<div class=\"elementor-element elementor-element-64cab2b0 elementor-widget elementor-widget-text-editor\" data-id=\"64cab2b0\" data-element_type=\"widget\" data-e-type=\"widget\" data-widget_type=\"text-editor.default\">\n\t\t\t\t<div class=\"elementor-widget-container\">\n\t\t\t\t\t\t\t\t\t<p>FAQs zum Bildungsurlaub\u200b<\/p>\t\t\t\t\t\t\t\t<\/div>\n\t\t\t\t<\/div>\n\t\t\t\t<div class=\"elementor-element elementor-element-3f604f8e elementor-widget elementor-widget-text-editor\" data-id=\"3f604f8e\" data-element_type=\"widget\" data-e-type=\"widget\" data-widget_type=\"text-editor.default\">\n\t\t\t\t<div class=\"elementor-widget-container\">\n\t\t\t\t\t\t\t\t\t<div id=\"1769710472\" class=\"u_1769710472 dmNewParagraph text-align-center\" data-version=\"5\"><p class=\"m-size-18 text-align-center size-20\"><span class=\"m-font-size-18 font-size-20\">Antworten auf die h\u00e4ufigsten Fragen rund um Bildungsurlaub<\/span><\/p><\/div>\t\t\t\t\t\t\t\t<\/div>\n\t\t\t\t<\/div>\n\t\t\t\t<div class=\"elementor-element elementor-element-b59317c elementor-widget elementor-widget-accordion\" data-id=\"b59317c\" data-element_type=\"widget\" data-e-type=\"widget\" data-widget_type=\"accordion.default\">\n\t\t\t\t<div class=\"elementor-widget-container\">\n\t\t\t\t\t\t\t<div class=\"elementor-accordion\">\n\t\t\t\t\t\t\t<div class=\"elementor-accordion-item\">\n\t\t\t\t\t<div id=\"elementor-tab-title-1901\" class=\"elementor-tab-title\" data-tab=\"1\" role=\"button\" aria-controls=\"elementor-tab-content-1901\" aria-expanded=\"false\">\n\t\t\t\t\t\t\t\t\t\t\t\t\t<span class=\"elementor-accordion-icon elementor-accordion-icon-right\" aria-hidden=\"true\">\n\t\t\t\t\t\t\t\t\t\t\t\t\t\t\t<span class=\"elementor-accordion-icon-closed\"><i class=\"fas fa-plus\"><\/i><\/span>\n\t\t\t\t\t\t\t\t<span class=\"elementor-accordion-icon-opened\"><i class=\"fas fa-minus\"><\/i><\/span>\n\t\t\t\t\t\t\t\t\t\t\t\t\t\t<\/span>\n\t\t\t\t\t\t\t\t\t\t\t\t<a class=\"elementor-accordion-title\" tabindex=\"0\">Was ist Bildungsurlaub?<\/a>\n\t\t\t\t\t<\/div>\n\t\t\t\t\t<div id=\"elementor-tab-content-1901\" class=\"elementor-tab-content elementor-clearfix\" data-tab=\"1\" role=\"region\" aria-labelledby=\"elementor-tab-title-1901\"><p>Beim <strong>Bildungsurlaub\u00a0<\/strong>\u2013 auch <strong>Bildungsfreistellung\u00a0<\/strong>oder <strong>Bildungszeit\u00a0<\/strong>genannt \u2013 erh\u00e4ltst du vom Arbeitgeber eine Freistellung mit Lohnfortzahlung, um sich in dieser Zeit weiterzubilden. Du musst f\u00fcr deinen Bildungsurlaub also keine privaten Urlaubstage verwenden, sondern erhalte diese Tage zus\u00e4tzlich zum Jahresurlaub. Es wird nichts gek\u00fcrzt oder abgezogen.\u00a0<\/p><\/div>\n\t\t\t\t<\/div>\n\t\t\t\t\t\t\t<div class=\"elementor-accordion-item\">\n\t\t\t\t\t<div id=\"elementor-tab-title-1902\" class=\"elementor-tab-title\" data-tab=\"2\" role=\"button\" aria-controls=\"elementor-tab-content-1902\" aria-expanded=\"false\">\n\t\t\t\t\t\t\t\t\t\t\t\t\t<span class=\"elementor-accordion-icon elementor-accordion-icon-right\" aria-hidden=\"true\">\n\t\t\t\t\t\t\t\t\t\t\t\t\t\t\t<span class=\"elementor-accordion-icon-closed\"><i class=\"fas fa-plus\"><\/i><\/span>\n\t\t\t\t\t\t\t\t<span class=\"elementor-accordion-icon-opened\"><i class=\"fas fa-minus\"><\/i><\/span>\n\t\t\t\t\t\t\t\t\t\t\t\t\t\t<\/span>\n\t\t\t\t\t\t\t\t\t\t\t\t<a class=\"elementor-accordion-title\" tabindex=\"0\">Wer hat Anspruch auf Bildungsurlaub?<\/a>\n\t\t\t\t\t<\/div>\n\t\t\t\t\t<div id=\"elementor-tab-content-1902\" class=\"elementor-tab-content elementor-clearfix\" data-tab=\"2\" role=\"region\" aria-labelledby=\"elementor-tab-title-1902\"><p>Bildungsurlaub ist eine Ma\u00dfnahme zur Arbeitnehmerweiterbildung. Das hei\u00dft also,\u00a0 du hast einen gesetzlichen Anspruch darauf, wenn du Arbeitnehmer*in bist. Voraussetzung daf\u00fcr ist, dass du in einem Bundesland angestellt bist, welches ein Bildungsurlaubsgesetz hat (das sind momentan alle au\u00dfer Sachsen und Bayern). Dabei gilt der Arbeitsort, nicht der Wohnort.\u00a0<\/p><div class=\"accordion-description\"><div class=\"section\"><div class=\"section-inner\"><p class=\"rteBlock\">Bei Auszubildenden und Beamten gibt es je nach Bundesland teilweise Sonderregeln, die du am besten im Vorfeld direkt abkl\u00e4ren solltest. Auch f\u00fcr Kleinbetriebe werden in einigen Bundesl\u00e4ndern Ausnahmen gemacht, da hier nicht so leicht auf einzelne Arbeitnehmer verzichtet werden kann. Gleiches gilt f\u00fcr Arbeitnehmer*innen, die sich noch in der Probezeit befinden.<\/p><\/div><\/div><\/div><\/div>\n\t\t\t\t<\/div>\n\t\t\t\t\t\t\t<div class=\"elementor-accordion-item\">\n\t\t\t\t\t<div id=\"elementor-tab-title-1903\" class=\"elementor-tab-title\" data-tab=\"3\" role=\"button\" aria-controls=\"elementor-tab-content-1903\" aria-expanded=\"false\">\n\t\t\t\t\t\t\t\t\t\t\t\t\t<span class=\"elementor-accordion-icon elementor-accordion-icon-right\" aria-hidden=\"true\">\n\t\t\t\t\t\t\t\t\t\t\t\t\t\t\t<span class=\"elementor-accordion-icon-closed\"><i class=\"fas fa-plus\"><\/i><\/span>\n\t\t\t\t\t\t\t\t<span class=\"elementor-accordion-icon-opened\"><i class=\"fas fa-minus\"><\/i><\/span>\n\t\t\t\t\t\t\t\t\t\t\t\t\t\t<\/span>\n\t\t\t\t\t\t\t\t\t\t\t\t<a class=\"elementor-accordion-title\" tabindex=\"0\">Wieviel Bildungsurlaub steht mir zu?<\/a>\n\t\t\t\t\t<\/div>\n\t\t\t\t\t<div id=\"elementor-tab-content-1903\" class=\"elementor-tab-content elementor-clearfix\" data-tab=\"3\" role=\"region\" aria-labelledby=\"elementor-tab-title-1903\"><p>In der Regel besteht bei Vollzeitbesch\u00e4ftigten ein Anspruch auf 5 Tage, der auch auf das n\u00e4chste Jahr \u00fcbertragen werden kann.\u00a0<\/p><\/div>\n\t\t\t\t<\/div>\n\t\t\t\t\t\t\t<div class=\"elementor-accordion-item\">\n\t\t\t\t\t<div id=\"elementor-tab-title-1904\" class=\"elementor-tab-title\" data-tab=\"4\" role=\"button\" aria-controls=\"elementor-tab-content-1904\" aria-expanded=\"false\">\n\t\t\t\t\t\t\t\t\t\t\t\t\t<span class=\"elementor-accordion-icon elementor-accordion-icon-right\" aria-hidden=\"true\">\n\t\t\t\t\t\t\t\t\t\t\t\t\t\t\t<span class=\"elementor-accordion-icon-closed\"><i class=\"fas fa-plus\"><\/i><\/span>\n\t\t\t\t\t\t\t\t<span class=\"elementor-accordion-icon-opened\"><i class=\"fas fa-minus\"><\/i><\/span>\n\t\t\t\t\t\t\t\t\t\t\t\t\t\t<\/span>\n\t\t\t\t\t\t\t\t\t\t\t\t<a class=\"elementor-accordion-title\" tabindex=\"0\">Kann mein Arbeitgeber den Bildungsurlaub ablehnen?<\/a>\n\t\t\t\t\t<\/div>\n\t\t\t\t\t<div id=\"elementor-tab-content-1904\" class=\"elementor-tab-content elementor-clearfix\" data-tab=\"4\" role=\"region\" aria-labelledby=\"elementor-tab-title-1904\"><p>Ohne triftigen Grund darf dein Arbeitgeber einen Antrag auf Bildungsurlaub nicht ablehnen, sofern er formal korrekt und fr\u00fchzeitig genug gestellt wurde. Nur, wenn dringende betriebliche oder dienstliche Gr\u00fcnde dagegen sprechen, ist eine Ablehnung m\u00f6glich. Das w\u00e4re beispielsweise der Fall, wenn zum Zeitpunkt der Veranstaltung keine Vertretungsregelung m\u00f6glich ist.\u00a0<\/p><p class=\"rteBlock\">Au\u00dferdem gibt es bei kleinen Betrieben oder f\u00fcr Auszubildende h\u00e4ufig Sonderregelungen. In manchen Bundesl\u00e4ndern muss das Arbeitsverh\u00e4ltnis f\u00fcr eine bestimmte Zeit bestehen (z.B. 6 Monate), bevor Bildungsurlaub gew\u00e4hrt wird. Bitte informiere dich vorab \u00fcber die Rahmenbedingungen in deinem Bundesland.<\/p><\/div>\n\t\t\t\t<\/div>\n\t\t\t\t\t\t\t<div class=\"elementor-accordion-item\">\n\t\t\t\t\t<div id=\"elementor-tab-title-1905\" class=\"elementor-tab-title\" data-tab=\"5\" role=\"button\" aria-controls=\"elementor-tab-content-1905\" aria-expanded=\"false\">\n\t\t\t\t\t\t\t\t\t\t\t\t\t<span class=\"elementor-accordion-icon elementor-accordion-icon-right\" aria-hidden=\"true\">\n\t\t\t\t\t\t\t\t\t\t\t\t\t\t\t<span class=\"elementor-accordion-icon-closed\"><i class=\"fas fa-plus\"><\/i><\/span>\n\t\t\t\t\t\t\t\t<span class=\"elementor-accordion-icon-opened\"><i class=\"fas fa-minus\"><\/i><\/span>\n\t\t\t\t\t\t\t\t\t\t\t\t\t\t<\/span>\n\t\t\t\t\t\t\t\t\t\t\t\t<a class=\"elementor-accordion-title\" tabindex=\"0\">Muss das Seminarthema etwas mit meinem Job zu tun haben?<\/a>\n\t\t\t\t\t<\/div>\n\t\t\t\t\t<div id=\"elementor-tab-content-1905\" class=\"elementor-tab-content elementor-clearfix\" data-tab=\"5\" role=\"region\" aria-labelledby=\"elementor-tab-title-1905\"><p>Nicht unbedingt. Das Thema deines Bildungsurlaubes kannst du frei ausw\u00e4hlen, das f\u00fcr dein Bundesland anerkannt sind. Es muss nicht zwingend etwas mit deinem aktuellen Job zu tun haben.<\/p><\/div>\n\t\t\t\t<\/div>\n\t\t\t\t\t\t\t<div class=\"elementor-accordion-item\">\n\t\t\t\t\t<div id=\"elementor-tab-title-1906\" class=\"elementor-tab-title\" data-tab=\"6\" role=\"button\" aria-controls=\"elementor-tab-content-1906\" aria-expanded=\"false\">\n\t\t\t\t\t\t\t\t\t\t\t\t\t<span class=\"elementor-accordion-icon elementor-accordion-icon-right\" aria-hidden=\"true\">\n\t\t\t\t\t\t\t\t\t\t\t\t\t\t\t<span class=\"elementor-accordion-icon-closed\"><i class=\"fas fa-plus\"><\/i><\/span>\n\t\t\t\t\t\t\t\t<span class=\"elementor-accordion-icon-opened\"><i class=\"fas fa-minus\"><\/i><\/span>\n\t\t\t\t\t\t\t\t\t\t\t\t\t\t<\/span>\n\t\t\t\t\t\t\t\t\t\t\t\t<a class=\"elementor-accordion-title\" tabindex=\"0\">Darf ich an diesem Seminar auch teilnehmen, wenn ich keinen Anspruch auf Bildungsurlaub habe?<\/a>\n\t\t\t\t\t<\/div>\n\t\t\t\t\t<div id=\"elementor-tab-content-1906\" class=\"elementor-tab-content elementor-clearfix\" data-tab=\"6\" role=\"region\" aria-labelledby=\"elementor-tab-title-1906\"><p>Ja. <strong>Alle<\/strong> <strong>Interessierten<\/strong> d\u00fcrfen an den Seminaren teilnehmen \u2013 ob ein Anspruch auf Bildungsurlaub besteht oder nicht.\u00a0<\/p><\/div>\n\t\t\t\t<\/div>\n\t\t\t\t\t\t\t<div class=\"elementor-accordion-item\">\n\t\t\t\t\t<div id=\"elementor-tab-title-1907\" class=\"elementor-tab-title\" data-tab=\"7\" role=\"button\" aria-controls=\"elementor-tab-content-1907\" aria-expanded=\"false\">\n\t\t\t\t\t\t\t\t\t\t\t\t\t<span class=\"elementor-accordion-icon elementor-accordion-icon-right\" aria-hidden=\"true\">\n\t\t\t\t\t\t\t\t\t\t\t\t\t\t\t<span class=\"elementor-accordion-icon-closed\"><i class=\"fas fa-plus\"><\/i><\/span>\n\t\t\t\t\t\t\t\t<span class=\"elementor-accordion-icon-opened\"><i class=\"fas fa-minus\"><\/i><\/span>\n\t\t\t\t\t\t\t\t\t\t\t\t\t\t<\/span>\n\t\t\t\t\t\t\t\t\t\t\t\t<a class=\"elementor-accordion-title\" tabindex=\"0\"> Gibt es Teilnahmevoraussetzungen f\u00fcr dieses Seminar?<\/a>\n\t\t\t\t\t<\/div>\n\t\t\t\t\t<div id=\"elementor-tab-content-1907\" class=\"elementor-tab-content elementor-clearfix\" data-tab=\"7\" role=\"region\" aria-labelledby=\"elementor-tab-title-1907\"><p>Au\u00dfer Offenheit und Interesse an den Seminar-Themen sowie der Bereitschaft zur Entschleunigung gibt es grunds\u00e4tzlich keine Teilnahmevoraussetzungen. Inhaltliche Vorkenntnisse \u00fcber die jeweiligen Seminarthemen oder Yoga- bzw. Meditationserfahrung sind nicht n\u00f6tig. Alle Interessierten ohne gr\u00f6\u00dfere k\u00f6rperliche Einschr\u00e4nkungen k\u00f6nnen an den Bildungsurlaubs-Seminaren teilnehmen.\u00a0<\/p><p class=\"rteBlock\">Solltest du k\u00f6rperlich oder gesundheitlich stark eingeschr\u00e4nkt sein, berate ich dich im Vorfeld gerne, ob das Seminar f\u00fcr dich geeignet ist.<\/p><\/div>\n\t\t\t\t<\/div>\n\t\t\t\t\t\t\t<div class=\"elementor-accordion-item\">\n\t\t\t\t\t<div id=\"elementor-tab-title-1908\" class=\"elementor-tab-title\" data-tab=\"8\" role=\"button\" aria-controls=\"elementor-tab-content-1908\" aria-expanded=\"false\">\n\t\t\t\t\t\t\t\t\t\t\t\t\t<span class=\"elementor-accordion-icon elementor-accordion-icon-right\" aria-hidden=\"true\">\n\t\t\t\t\t\t\t\t\t\t\t\t\t\t\t<span class=\"elementor-accordion-icon-closed\"><i class=\"fas fa-plus\"><\/i><\/span>\n\t\t\t\t\t\t\t\t<span class=\"elementor-accordion-icon-opened\"><i class=\"fas fa-minus\"><\/i><\/span>\n\t\t\t\t\t\t\t\t\t\t\t\t\t\t<\/span>\n\t\t\t\t\t\t\t\t\t\t\t\t<a class=\"elementor-accordion-title\" tabindex=\"0\"> Wie sind die Zahlungs- und Stornobedingungen f\u00fcr den Bildungsurlaub?<\/a>\n\t\t\t\t\t<\/div>\n\t\t\t\t\t<div id=\"elementor-tab-content-1908\" class=\"elementor-tab-content elementor-clearfix\" data-tab=\"8\" role=\"region\" aria-labelledby=\"elementor-tab-title-1908\"><p>Die Zahlungsbedingungen f\u00fcr deine Seminargeb\u00fchr findest du in Ihrer Anmeldebest\u00e4tigung \/ Rechnung, die du bei Anmeldung erh\u00e4ltst.\u00a0<\/p><p>Die Storno- und Umbuchungsbedingungen entnimmst du bitte den <a href=\"https:\/\/doreenpalke.com\/agb\/\">AGB<\/a>. Erg\u00e4nzend zu den AGB gelten selbstverst\u00e4ndlich die gesetzlichen <a href=\"https:\/\/doreenpalke.com\/wp-content\/uploads\/2026\/04\/Widerruf-Formular-Bildungsurlaub.pdf\">Widerrufsm\u00f6glichkeiten<\/a>.<\/p><p>Ich empfehle grunds\u00e4tzlich den Abschluss einer Seminar- und Reiser\u00fccktrittskostenversicherung, die dich absichert, falls du krank wirst. Solltest du einzelne Seminartage verpassen, k\u00f6nnen diese Tage leider nicht kostenfrei nachgeholt oder erstattet werden.\u00a0<\/p><\/div>\n\t\t\t\t<\/div>\n\t\t\t\t\t\t\t\t<\/div>\n\t\t\t\t\t\t<\/div>\n\t\t\t\t<\/div>\n\t\t\t\t\t<\/div>\n\t\t<\/div>\n\t\t\t\t\t<\/div>\n\t\t<\/section>\n\t\t\t\t<section class=\"elementor-section elementor-top-section elementor-element elementor-element-68671128 elementor-section-stretched elementor-section-boxed elementor-section-height-default elementor-section-height-default\" data-id=\"68671128\" data-element_type=\"section\" data-e-type=\"section\" data-settings=\"{&quot;background_background&quot;:&quot;classic&quot;,&quot;stretch_section&quot;:&quot;section-stretched&quot;}\">\n\t\t\t\t\t\t<div class=\"elementor-container elementor-column-gap-default\">\n\t\t\t\t\t<div class=\"elementor-column elementor-col-100 elementor-top-column elementor-element elementor-element-2e4d35ea\" data-id=\"2e4d35ea\" data-element_type=\"column\" data-e-type=\"column\" data-settings=\"{&quot;background_background&quot;:&quot;classic&quot;}\">\n\t\t\t<div class=\"elementor-widget-wrap elementor-element-populated\">\n\t\t\t\t\t\t<div class=\"elementor-element elementor-element-414f44d5 elementor-widget elementor-widget-heading\" data-id=\"414f44d5\" data-element_type=\"widget\" data-e-type=\"widget\" data-widget_type=\"heading.default\">\n\t\t\t\t<div class=\"elementor-widget-container\">\n\t\t\t\t\t<h3 class=\"elementor-heading-title elementor-size-default\">Newsletter<\/h3>\t\t\t\t<\/div>\n\t\t\t\t<\/div>\n\t\t\t\t<div class=\"elementor-element elementor-element-37596222 elementor-widget elementor-widget-text-editor\" data-id=\"37596222\" data-element_type=\"widget\" data-e-type=\"widget\" data-widget_type=\"text-editor.default\">\n\t\t\t\t<div class=\"elementor-widget-container\">\n\t\t\t\t\t\t\t\t\t<p>Melde dich f\u00fcr meinen Newsletter an f\u00fcr regelm\u00e4\u00dfige Tipps und neue Impulse rund um das Thema Ayurveda und Frauengesundheit.<\/p>\t\t\t\t\t\t\t\t<\/div>\n\t\t\t\t<\/div>\n\t\t\t\t<div class=\"elementor-element elementor-element-69febfe0 elementor-button-align-stretch elementor-widget elementor-widget-form\" data-id=\"69febfe0\" data-element_type=\"widget\" data-e-type=\"widget\" data-settings=\"{&quot;button_width&quot;:&quot;25&quot;,&quot;step_next_label&quot;:&quot;N\\u00e4chster&quot;,&quot;step_previous_label&quot;:&quot;Voriger&quot;,&quot;step_type&quot;:&quot;number_text&quot;,&quot;step_icon_shape&quot;:&quot;circle&quot;}\" data-widget_type=\"form.default\">\n\t\t\t\t<div class=\"elementor-widget-container\">\n\t\t\t\t\t\t\t<form class=\"elementor-form\" method=\"post\" name=\"Newsletter\" aria-label=\"Newsletter\" novalidate=\"\">\n\t\t\t<input type=\"hidden\" name=\"post_id\" value=\"15234\"\/>\n\t\t\t<input type=\"hidden\" name=\"form_id\" value=\"69febfe0\"\/>\n\t\t\t<input type=\"hidden\" name=\"referer_title\" value=\"\" \/>\n\n\t\t\t\n\t\t\t<div class=\"elementor-form-fields-wrapper elementor-labels-\">\n\t\t\t\t\t\t\t\t<div class=\"elementor-field-type-text elementor-field-group elementor-column elementor-field-group-email elementor-col-25 elementor-field-required\">\n\t\t\t\t\t\t\t\t\t\t\t\t\t<input size=\"1\" type=\"text\" name=\"form_fields[email]\" id=\"form-field-email\" class=\"elementor-field elementor-size-md  elementor-field-textual\" placeholder=\"Dein Vorname\" required=\"required\">\n\t\t\t\t\t\t\t\t\t\t\t<\/div>\n\t\t\t\t\t\t\t\t<div class=\"elementor-field-type-text elementor-field-group elementor-column elementor-field-group-field_7a628da elementor-col-25 elementor-field-required\">\n\t\t\t\t\t\t\t\t\t\t\t\t\t<input size=\"1\" type=\"text\" name=\"form_fields[field_7a628da]\" id=\"form-field-field_7a628da\" class=\"elementor-field elementor-size-md  elementor-field-textual\" placeholder=\"Dein Nachname\" required=\"required\">\n\t\t\t\t\t\t\t\t\t\t\t<\/div>\n\t\t\t\t\t\t\t\t<div class=\"elementor-field-type-email elementor-field-group elementor-column elementor-field-group-field_8329588 elementor-col-25 elementor-field-required\">\n\t\t\t\t\t\t\t\t\t\t\t\t\t<input size=\"1\" type=\"email\" name=\"form_fields[field_8329588]\" id=\"form-field-field_8329588\" class=\"elementor-field elementor-size-md  elementor-field-textual\" placeholder=\"Deine E-Mail-Adresse\" required=\"required\">\n\t\t\t\t\t\t\t\t\t\t\t<\/div>\n\t\t\t\t\t\t\t\t<div class=\"elementor-field-group elementor-column elementor-field-type-submit elementor-col-25 e-form__buttons\">\n\t\t\t\t\t<button class=\"elementor-button elementor-size-md\" type=\"submit\">\n\t\t\t\t\t\t<span class=\"elementor-button-content-wrapper\">\n\t\t\t\t\t\t\t\t\t\t\t\t\t\t\t\t\t\t\t\t\t\t<span class=\"elementor-button-text\">Anmelden<\/span>\n\t\t\t\t\t\t\t\t\t\t\t\t\t<\/span>\n\t\t\t\t\t<\/button>\n\t\t\t\t<\/div>\n\t\t\t<\/div>\n\t\t<\/form>\n\t\t\t\t\t\t<\/div>\n\t\t\t\t<\/div>\n\t\t\t\t<div class=\"elementor-element elementor-element-15b82ce3 elementor-widget elementor-widget-text-editor\" data-id=\"15b82ce3\" data-element_type=\"widget\" data-e-type=\"widget\" data-widget_type=\"text-editor.default\">\n\t\t\t\t<div class=\"elementor-widget-container\">\n\t\t\t\t\t\t\t\t\t<p>*Mit deiner Anmeldung meldest du dich automatisch auch f\u00fcr meinen Newsletter an und erh\u00e4ltst regelm\u00e4\u00dfige Tipps zum Thema Ayurveda und Frauengesundheit. Du kannst dich jederzeit wieder austragen. Weitere Informationen zur Nutzung deiner Daten findest du hier: <a href=\"https:\/\/doreenpalke.com\/datenschutz\/\">Datenschutzerkl\u00e4rung<\/a>.<\/p>\t\t\t\t\t\t\t\t<\/div>\n\t\t\t\t<\/div>\n\t\t\t\t\t<\/div>\n\t\t<\/div>\n\t\t\t\t\t<\/div>\n\t\t<\/section>\n\t\t\t\t<section class=\"elementor-section elementor-top-section elementor-element elementor-element-7f16bf23 elementor-section-full_width elementor-section-height-default elementor-section-height-default\" data-id=\"7f16bf23\" data-element_type=\"section\" data-e-type=\"section\" data-settings=\"{&quot;background_background&quot;:&quot;classic&quot;}\">\n\t\t\t\t\t\t<div class=\"elementor-container elementor-column-gap-no\">\n\t\t\t\t\t<div class=\"elementor-column elementor-col-33 elementor-top-column elementor-element elementor-element-6805c080\" data-id=\"6805c080\" data-element_type=\"column\" data-e-type=\"column\">\n\t\t\t<div class=\"elementor-widget-wrap elementor-element-populated\">\n\t\t\t\t\t\t<div class=\"elementor-element elementor-element-33a383b3 elementor-widget elementor-widget-heading\" data-id=\"33a383b3\" data-element_type=\"widget\" data-e-type=\"widget\" data-widget_type=\"heading.default\">\n\t\t\t\t<div class=\"elementor-widget-container\">\n\t\t\t\t\t<h2 class=\"elementor-heading-title elementor-size-default\">Praxis f\u00fcr \nAyurveda Medizin &amp; \nYogatherapie<\/h2>\t\t\t\t<\/div>\n\t\t\t\t<\/div>\n\t\t\t\t\t<\/div>\n\t\t<\/div>\n\t\t\t\t<div class=\"elementor-column elementor-col-33 elementor-top-column elementor-element elementor-element-42531c0\" data-id=\"42531c0\" data-element_type=\"column\" data-e-type=\"column\" data-settings=\"{&quot;background_background&quot;:&quot;classic&quot;}\">\n\t\t\t<div class=\"elementor-widget-wrap elementor-element-populated\">\n\t\t\t\t\t\t<div class=\"elementor-element elementor-element-175d503a elementor-widget-divider--view-line elementor-widget elementor-widget-divider\" data-id=\"175d503a\" data-element_type=\"widget\" data-e-type=\"widget\" data-widget_type=\"divider.default\">\n\t\t\t\t<div class=\"elementor-widget-container\">\n\t\t\t\t\t\t\t<div class=\"elementor-divider\">\n\t\t\t<span class=\"elementor-divider-separator\">\n\t\t\t\t\t\t<\/span>\n\t\t<\/div>\n\t\t\t\t\t\t<\/div>\n\t\t\t\t<\/div>\n\t\t\t\t<div class=\"elementor-element elementor-element-73ea82 elementor-widget elementor-widget-text-editor\" data-id=\"73ea82\" data-element_type=\"widget\" data-e-type=\"widget\" data-widget_type=\"text-editor.default\">\n\t\t\t\t<div class=\"elementor-widget-container\">\n\t\t\t\t\t\t\t\t\t<p>\u00a0<\/p><p>Kontakt<\/p>\t\t\t\t\t\t\t\t<\/div>\n\t\t\t\t<\/div>\n\t\t\t\t<div class=\"elementor-element elementor-element-5ec9792c elementor-widget elementor-widget-heading\" data-id=\"5ec9792c\" data-element_type=\"widget\" data-e-type=\"widget\" data-widget_type=\"heading.default\">\n\t\t\t\t<div class=\"elementor-widget-container\">\n\t\t\t\t\t<h2 class=\"elementor-heading-title elementor-size-default\">Benzstr. 4<br>\n\n14482 Potsdam<br>\n\nDeutschland<br><br>\n\n+49 176 282 331 83<br>\n\ndoreen@doreenpalke.com<\/h2>\t\t\t\t<\/div>\n\t\t\t\t<\/div>\n\t\t\t\t<div class=\"elementor-element elementor-element-766ab68d elementor-hidden-desktop elementor-hidden-mobile elementor-widget-divider--view-line elementor-widget elementor-widget-divider\" data-id=\"766ab68d\" data-element_type=\"widget\" data-e-type=\"widget\" data-widget_type=\"divider.default\">\n\t\t\t\t<div class=\"elementor-widget-container\">\n\t\t\t\t\t\t\t<div class=\"elementor-divider\">\n\t\t\t<span class=\"elementor-divider-separator\">\n\t\t\t\t\t\t<\/span>\n\t\t<\/div>\n\t\t\t\t\t\t<\/div>\n\t\t\t\t<\/div>\n\t\t\t\t\t<\/div>\n\t\t<\/div>\n\t\t\t\t<div class=\"elementor-column elementor-col-33 elementor-top-column elementor-element elementor-element-7460436f\" data-id=\"7460436f\" data-element_type=\"column\" data-e-type=\"column\" data-settings=\"{&quot;background_background&quot;:&quot;classic&quot;}\">\n\t\t\t<div class=\"elementor-widget-wrap elementor-element-populated\">\n\t\t\t\t\t\t<div class=\"elementor-element elementor-element-4bf5eb6f elementor-widget-divider--view-line elementor-widget elementor-widget-divider\" data-id=\"4bf5eb6f\" data-element_type=\"widget\" data-e-type=\"widget\" data-widget_type=\"divider.default\">\n\t\t\t\t<div class=\"elementor-widget-container\">\n\t\t\t\t\t\t\t<div class=\"elementor-divider\">\n\t\t\t<span class=\"elementor-divider-separator\">\n\t\t\t\t\t\t<\/span>\n\t\t<\/div>\n\t\t\t\t\t\t<\/div>\n\t\t\t\t<\/div>\n\t\t\t\t<div class=\"elementor-element elementor-element-ed0190 elementor-widget elementor-widget-text-editor\" data-id=\"ed0190\" data-element_type=\"widget\" data-e-type=\"widget\" data-widget_type=\"text-editor.default\">\n\t\t\t\t<div class=\"elementor-widget-container\">\n\t\t\t\t\t\t\t\t\t<p>\u00a0<\/p><p>Rechtliche Hinweise<\/p>\t\t\t\t\t\t\t\t<\/div>\n\t\t\t\t<\/div>\n\t\t\t\t<div class=\"elementor-element elementor-element-5c107f2d elementor-widget elementor-widget-heading\" data-id=\"5c107f2d\" data-element_type=\"widget\" data-e-type=\"widget\" data-widget_type=\"heading.default\">\n\t\t\t\t<div class=\"elementor-widget-container\">\n\t\t\t\t\t<h4 class=\"elementor-heading-title elementor-size-default\"><a href=\"https:\/\/doreenpalke.com\/impressum\/\">Impressum<\/a><\/h4>\t\t\t\t<\/div>\n\t\t\t\t<\/div>\n\t\t\t\t<div class=\"elementor-element elementor-element-66e2aa0b elementor-widget elementor-widget-heading\" data-id=\"66e2aa0b\" data-element_type=\"widget\" data-e-type=\"widget\" data-widget_type=\"heading.default\">\n\t\t\t\t<div class=\"elementor-widget-container\">\n\t\t\t\t\t<h4 class=\"elementor-heading-title elementor-size-default\"><a href=\"https:\/\/doreenpalke.com\/agb\/\">AGB Allg. Gesch\u00e4ftsbedigungen<\/a><\/h4>\t\t\t\t<\/div>\n\t\t\t\t<\/div>\n\t\t\t\t<div class=\"elementor-element elementor-element-5a2d34d elementor-widget elementor-widget-heading\" data-id=\"5a2d34d\" data-element_type=\"widget\" data-e-type=\"widget\" data-widget_type=\"heading.default\">\n\t\t\t\t<div class=\"elementor-widget-container\">\n\t\t\t\t\t<h4 class=\"elementor-heading-title elementor-size-default\"><a href=\"https:\/\/doreenpalke.com\/datenschutz\/\">Datenschutz<\/a><\/h4>\t\t\t\t<\/div>\n\t\t\t\t<\/div>\n\t\t\t\t<div class=\"elementor-element elementor-element-3d65cdc4 elementor-hidden-desktop elementor-hidden-mobile elementor-widget-divider--view-line elementor-widget elementor-widget-divider\" data-id=\"3d65cdc4\" data-element_type=\"widget\" data-e-type=\"widget\" data-widget_type=\"divider.default\">\n\t\t\t\t<div class=\"elementor-widget-container\">\n\t\t\t\t\t\t\t<div class=\"elementor-divider\">\n\t\t\t<span class=\"elementor-divider-separator\">\n\t\t\t\t\t\t<\/span>\n\t\t<\/div>\n\t\t\t\t\t\t<\/div>\n\t\t\t\t<\/div>\n\t\t\t\t\t<\/div>\n\t\t<\/div>\n\t\t\t\t\t<\/div>\n\t\t<\/section>\n\t\t\t\t<section class=\"elementor-section elementor-top-section elementor-element elementor-element-6994388b elementor-section-boxed elementor-section-height-default elementor-section-height-default\" data-id=\"6994388b\" data-element_type=\"section\" data-e-type=\"section\" data-settings=\"{&quot;background_background&quot;:&quot;classic&quot;}\">\n\t\t\t\t\t\t<div class=\"elementor-container elementor-column-gap-default\">\n\t\t\t\t\t<div class=\"elementor-column elementor-col-100 elementor-top-column elementor-element elementor-element-73918469\" data-id=\"73918469\" data-element_type=\"column\" data-e-type=\"column\">\n\t\t\t<div class=\"elementor-widget-wrap elementor-element-populated\">\n\t\t\t\t\t\t<div class=\"elementor-element elementor-element-4319d726 e-grid-align-left elementor-shape-rounded elementor-grid-0 elementor-widget elementor-widget-social-icons\" data-id=\"4319d726\" data-element_type=\"widget\" data-e-type=\"widget\" data-widget_type=\"social-icons.default\">\n\t\t\t\t<div class=\"elementor-widget-container\">\n\t\t\t\t\t\t\t<div class=\"elementor-social-icons-wrapper elementor-grid\" role=\"list\">\n\t\t\t\t\t\t\t<span class=\"elementor-grid-item\" role=\"listitem\">\n\t\t\t\t\t<a class=\"elementor-icon elementor-social-icon elementor-social-icon-facebook elementor-repeater-item-178c6fe\" href=\"https:\/\/www.facebook.com\/profile.php?id=100093270873268\" target=\"_blank\" rel=\"noopener\">\n\t\t\t\t\t\t<span class=\"elementor-screen-only\">Facebook<\/span>\n\t\t\t\t\t\t<i aria-hidden=\"true\" class=\"fab fa-facebook\"><\/i>\t\t\t\t\t<\/a>\n\t\t\t\t<\/span>\n\t\t\t\t\t\t\t<span class=\"elementor-grid-item\" role=\"listitem\">\n\t\t\t\t\t<a class=\"elementor-icon elementor-social-icon elementor-social-icon-instagram elementor-repeater-item-4255f62\" href=\"https:\/\/www.instagram.com\/doreenpalke___ayurveda\/\" target=\"_blank\" rel=\"noopener\">\n\t\t\t\t\t\t<span class=\"elementor-screen-only\">Instagram<\/span>\n\t\t\t\t\t\t<i aria-hidden=\"true\" class=\"fab fa-instagram\"><\/i>\t\t\t\t\t<\/a>\n\t\t\t\t<\/span>\n\t\t\t\t\t\t\t<span class=\"elementor-grid-item\" role=\"listitem\">\n\t\t\t\t\t<a class=\"elementor-icon elementor-social-icon elementor-social-icon-linkedin elementor-repeater-item-f24a658\" href=\"https:\/\/www.linkedin.com\/in\/doreen-palke-a39418203\/\" target=\"_blank\" rel=\"noopener\">\n\t\t\t\t\t\t<span class=\"elementor-screen-only\">Linkedin<\/span>\n\t\t\t\t\t\t<i aria-hidden=\"true\" class=\"fab fa-linkedin\"><\/i>\t\t\t\t\t<\/a>\n\t\t\t\t<\/span>\n\t\t\t\t\t<\/div>\n\t\t\t\t\t\t<\/div>\n\t\t\t\t<\/div>\n\t\t\t\t<div class=\"elementor-element elementor-element-13e70d24 elementor-widget elementor-widget-text-editor\" data-id=\"13e70d24\" data-element_type=\"widget\" data-e-type=\"widget\" data-widget_type=\"text-editor.default\">\n\t\t\t\t<div class=\"elementor-widget-container\">\n\t\t\t\t\t\t\t\t\t<p>\u00a9 2026 Doreen Palke. Praxis f\u00fcr Ayurveda Medizin &amp; Yogatherapie<\/p>\t\t\t\t\t\t\t\t<\/div>\n\t\t\t\t<\/div>\n\t\t\t\t\t<\/div>\n\t\t<\/div>\n\t\t\t\t\t<\/div>\n\t\t<\/section>\n\t\t\t\t<section class=\"elementor-section elementor-top-section elementor-element elementor-element-71cc3474 elementor-section-stretched elementor-section-boxed elementor-section-height-default elementor-section-height-default\" data-id=\"71cc3474\" data-element_type=\"section\" data-e-type=\"section\" data-settings=\"{&quot;background_background&quot;:&quot;classic&quot;,&quot;stretch_section&quot;:&quot;section-stretched&quot;}\">\n\t\t\t\t\t\t<div class=\"elementor-container elementor-column-gap-default\">\n\t\t\t\t\t<div class=\"elementor-column elementor-col-100 elementor-top-column elementor-element elementor-element-6ccd4399\" data-id=\"6ccd4399\" data-element_type=\"column\" data-e-type=\"column\" data-settings=\"{&quot;background_background&quot;:&quot;classic&quot;}\">\n\t\t\t<div class=\"elementor-widget-wrap elementor-element-populated\">\n\t\t\t\t\t\t<div class=\"elementor-element elementor-element-368a70c elementor-widget elementor-widget-heading\" data-id=\"368a70c\" data-element_type=\"widget\" data-e-type=\"widget\" data-widget_type=\"heading.default\">\n\t\t\t\t<div class=\"elementor-widget-container\">\n\t\t\t\t\t<h3 class=\"elementor-heading-title elementor-size-default\">Newsletter<\/h3>\t\t\t\t<\/div>\n\t\t\t\t<\/div>\n\t\t\t\t<div class=\"elementor-element elementor-element-510c5122 elementor-widget elementor-widget-text-editor\" data-id=\"510c5122\" data-element_type=\"widget\" data-e-type=\"widget\" data-widget_type=\"text-editor.default\">\n\t\t\t\t<div class=\"elementor-widget-container\">\n\t\t\t\t\t\t\t\t\t<p>Melde dich f\u00fcr meinen Newsletter an f\u00fcr regelm\u00e4\u00dfige Tipps und neue Impulse rund um das Thema Ayurveda und Frauengesundheit.<\/p>\t\t\t\t\t\t\t\t<\/div>\n\t\t\t\t<\/div>\n\t\t\t\t<div class=\"elementor-element elementor-element-41b086f8 elementor-button-align-stretch elementor-widget elementor-widget-form\" data-id=\"41b086f8\" data-element_type=\"widget\" data-e-type=\"widget\" data-settings=\"{&quot;button_width&quot;:&quot;25&quot;,&quot;step_next_label&quot;:&quot;N\\u00e4chster&quot;,&quot;step_previous_label&quot;:&quot;Voriger&quot;,&quot;step_type&quot;:&quot;number_text&quot;,&quot;step_icon_shape&quot;:&quot;circle&quot;}\" data-widget_type=\"form.default\">\n\t\t\t\t<div class=\"elementor-widget-container\">\n\t\t\t\t\t\t\t<form class=\"elementor-form\" method=\"post\" name=\"Newsletter\" aria-label=\"Newsletter\" novalidate=\"\">\n\t\t\t<input type=\"hidden\" name=\"post_id\" value=\"15234\"\/>\n\t\t\t<input type=\"hidden\" name=\"form_id\" value=\"41b086f8\"\/>\n\t\t\t<input type=\"hidden\" name=\"referer_title\" value=\"\" \/>\n\n\t\t\t\n\t\t\t<div class=\"elementor-form-fields-wrapper elementor-labels-\">\n\t\t\t\t\t\t\t\t<div class=\"elementor-field-type-text elementor-field-group elementor-column elementor-field-group-email elementor-col-25 elementor-field-required\">\n\t\t\t\t\t\t\t\t\t\t\t\t\t<input size=\"1\" type=\"text\" name=\"form_fields[email]\" id=\"form-field-email\" class=\"elementor-field elementor-size-md  elementor-field-textual\" placeholder=\"Dein Vorname\" required=\"required\">\n\t\t\t\t\t\t\t\t\t\t\t<\/div>\n\t\t\t\t\t\t\t\t<div class=\"elementor-field-type-text elementor-field-group elementor-column elementor-field-group-field_7a628da elementor-col-25 elementor-field-required\">\n\t\t\t\t\t\t\t\t\t\t\t\t\t<input size=\"1\" type=\"text\" name=\"form_fields[field_7a628da]\" id=\"form-field-field_7a628da\" class=\"elementor-field elementor-size-md  elementor-field-textual\" placeholder=\"Dein Nachname\" required=\"required\">\n\t\t\t\t\t\t\t\t\t\t\t<\/div>\n\t\t\t\t\t\t\t\t<div class=\"elementor-field-type-email elementor-field-group elementor-column elementor-field-group-field_8329588 elementor-col-25 elementor-field-required\">\n\t\t\t\t\t\t\t\t\t\t\t\t\t<input size=\"1\" type=\"email\" name=\"form_fields[field_8329588]\" id=\"form-field-field_8329588\" class=\"elementor-field elementor-size-md  elementor-field-textual\" placeholder=\"Deine E-Mail-Adresse\" required=\"required\">\n\t\t\t\t\t\t\t\t\t\t\t<\/div>\n\t\t\t\t\t\t\t\t<div class=\"elementor-field-group elementor-column elementor-field-type-submit elementor-col-25 e-form__buttons\">\n\t\t\t\t\t<button class=\"elementor-button elementor-size-md\" type=\"submit\">\n\t\t\t\t\t\t<span class=\"elementor-button-content-wrapper\">\n\t\t\t\t\t\t\t\t\t\t\t\t\t\t\t\t\t\t\t\t\t\t<span class=\"elementor-button-text\">Anmelden<\/span>\n\t\t\t\t\t\t\t\t\t\t\t\t\t<\/span>\n\t\t\t\t\t<\/button>\n\t\t\t\t<\/div>\n\t\t\t<\/div>\n\t\t<\/form>\n\t\t\t\t\t\t<\/div>\n\t\t\t\t<\/div>\n\t\t\t\t<div class=\"elementor-element elementor-element-17df3c40 elementor-widget elementor-widget-text-editor\" data-id=\"17df3c40\" data-element_type=\"widget\" data-e-type=\"widget\" data-widget_type=\"text-editor.default\">\n\t\t\t\t<div class=\"elementor-widget-container\">\n\t\t\t\t\t\t\t\t\t<p>*Mit deiner Anmeldung meldest du dich automatisch auch f\u00fcr meinen Newsletter an und erh\u00e4ltst regelm\u00e4\u00dfige Tipps zum Thema Ayurveda und Frauengesundheit. Du kannst dich jederzeit wieder austragen. Weitere Informationen zur Nutzung deiner Daten findest du hier: <a href=\"https:\/\/doreenpalke.com\/datenschutz\/\">Datenschutzerkl\u00e4rung<\/a>.<\/p>\t\t\t\t\t\t\t\t<\/div>\n\t\t\t\t<\/div>\n\t\t\t\t\t<\/div>\n\t\t<\/div>\n\t\t\t\t\t<\/div>\n\t\t<\/section>\n\t\t\t\t<section class=\"elementor-section elementor-top-section elementor-element elementor-element-2b89f8dc elementor-section-full_width elementor-section-height-default elementor-section-height-default\" data-id=\"2b89f8dc\" data-element_type=\"section\" data-e-type=\"section\" data-settings=\"{&quot;background_background&quot;:&quot;classic&quot;}\">\n\t\t\t\t\t\t<div class=\"elementor-container elementor-column-gap-no\">\n\t\t\t\t\t<div class=\"elementor-column elementor-col-33 elementor-top-column elementor-element elementor-element-3d23a923\" data-id=\"3d23a923\" data-element_type=\"column\" data-e-type=\"column\">\n\t\t\t<div class=\"elementor-widget-wrap elementor-element-populated\">\n\t\t\t\t\t\t<div class=\"elementor-element elementor-element-25d8ef84 elementor-widget elementor-widget-heading\" data-id=\"25d8ef84\" data-element_type=\"widget\" data-e-type=\"widget\" data-widget_type=\"heading.default\">\n\t\t\t\t<div class=\"elementor-widget-container\">\n\t\t\t\t\t<h2 class=\"elementor-heading-title elementor-size-default\">Praxis f\u00fcr \nAyurveda Medizin &amp; \nYogatherapie<\/h2>\t\t\t\t<\/div>\n\t\t\t\t<\/div>\n\t\t\t\t\t<\/div>\n\t\t<\/div>\n\t\t\t\t<div class=\"elementor-column elementor-col-33 elementor-top-column elementor-element elementor-element-10ce0df0\" data-id=\"10ce0df0\" data-element_type=\"column\" data-e-type=\"column\" data-settings=\"{&quot;background_background&quot;:&quot;classic&quot;}\">\n\t\t\t<div class=\"elementor-widget-wrap elementor-element-populated\">\n\t\t\t\t\t\t<div class=\"elementor-element elementor-element-6e0c4d10 elementor-widget-divider--view-line elementor-widget elementor-widget-divider\" data-id=\"6e0c4d10\" data-element_type=\"widget\" data-e-type=\"widget\" data-widget_type=\"divider.default\">\n\t\t\t\t<div class=\"elementor-widget-container\">\n\t\t\t\t\t\t\t<div class=\"elementor-divider\">\n\t\t\t<span class=\"elementor-divider-separator\">\n\t\t\t\t\t\t<\/span>\n\t\t<\/div>\n\t\t\t\t\t\t<\/div>\n\t\t\t\t<\/div>\n\t\t\t\t<div class=\"elementor-element elementor-element-5bba9981 elementor-widget elementor-widget-text-editor\" data-id=\"5bba9981\" data-element_type=\"widget\" data-e-type=\"widget\" data-widget_type=\"text-editor.default\">\n\t\t\t\t<div class=\"elementor-widget-container\">\n\t\t\t\t\t\t\t\t\t<p>\u00a0<\/p><p>Kontakt<\/p>\t\t\t\t\t\t\t\t<\/div>\n\t\t\t\t<\/div>\n\t\t\t\t<div class=\"elementor-element elementor-element-62f43bf6 elementor-widget elementor-widget-heading\" data-id=\"62f43bf6\" data-element_type=\"widget\" data-e-type=\"widget\" data-widget_type=\"heading.default\">\n\t\t\t\t<div class=\"elementor-widget-container\">\n\t\t\t\t\t<h2 class=\"elementor-heading-title elementor-size-default\">Benzstr. 4<br>\n\n14482 Potsdam<br>\n\nDeutschland<br><br>\n\n+49 176 282 331 83<br>\n\ndoreen@doreenpalke.com<\/h2>\t\t\t\t<\/div>\n\t\t\t\t<\/div>\n\t\t\t\t<div class=\"elementor-element elementor-element-69fd8c88 elementor-hidden-desktop elementor-hidden-mobile elementor-widget-divider--view-line elementor-widget elementor-widget-divider\" data-id=\"69fd8c88\" data-element_type=\"widget\" data-e-type=\"widget\" data-widget_type=\"divider.default\">\n\t\t\t\t<div class=\"elementor-widget-container\">\n\t\t\t\t\t\t\t<div class=\"elementor-divider\">\n\t\t\t<span class=\"elementor-divider-separator\">\n\t\t\t\t\t\t<\/span>\n\t\t<\/div>\n\t\t\t\t\t\t<\/div>\n\t\t\t\t<\/div>\n\t\t\t\t\t<\/div>\n\t\t<\/div>\n\t\t\t\t<div class=\"elementor-column elementor-col-33 elementor-top-column elementor-element elementor-element-763f7e29\" data-id=\"763f7e29\" data-element_type=\"column\" data-e-type=\"column\" data-settings=\"{&quot;background_background&quot;:&quot;classic&quot;}\">\n\t\t\t<div class=\"elementor-widget-wrap elementor-element-populated\">\n\t\t\t\t\t\t<div class=\"elementor-element elementor-element-5ecf8e83 elementor-widget-divider--view-line elementor-widget elementor-widget-divider\" data-id=\"5ecf8e83\" data-element_type=\"widget\" data-e-type=\"widget\" data-widget_type=\"divider.default\">\n\t\t\t\t<div class=\"elementor-widget-container\">\n\t\t\t\t\t\t\t<div class=\"elementor-divider\">\n\t\t\t<span class=\"elementor-divider-separator\">\n\t\t\t\t\t\t<\/span>\n\t\t<\/div>\n\t\t\t\t\t\t<\/div>\n\t\t\t\t<\/div>\n\t\t\t\t<div class=\"elementor-element elementor-element-33dfee2 elementor-widget elementor-widget-text-editor\" data-id=\"33dfee2\" data-element_type=\"widget\" data-e-type=\"widget\" data-widget_type=\"text-editor.default\">\n\t\t\t\t<div class=\"elementor-widget-container\">\n\t\t\t\t\t\t\t\t\t<p>\u00a0<\/p><p>Rechtliche Hinweise<\/p>\t\t\t\t\t\t\t\t<\/div>\n\t\t\t\t<\/div>\n\t\t\t\t<div class=\"elementor-element elementor-element-42cc5a5f elementor-widget elementor-widget-heading\" data-id=\"42cc5a5f\" data-element_type=\"widget\" data-e-type=\"widget\" data-widget_type=\"heading.default\">\n\t\t\t\t<div class=\"elementor-widget-container\">\n\t\t\t\t\t<h4 class=\"elementor-heading-title elementor-size-default\"><a href=\"https:\/\/doreenpalke.com\/impressum\/\">Impressum<\/a><\/h4>\t\t\t\t<\/div>\n\t\t\t\t<\/div>\n\t\t\t\t<div class=\"elementor-element elementor-element-33e84922 elementor-widget elementor-widget-heading\" data-id=\"33e84922\" data-element_type=\"widget\" data-e-type=\"widget\" data-widget_type=\"heading.default\">\n\t\t\t\t<div class=\"elementor-widget-container\">\n\t\t\t\t\t<h4 class=\"elementor-heading-title elementor-size-default\"><a href=\"https:\/\/doreenpalke.com\/agb\/\">AGB Allg. Gesch\u00e4ftsbedigungen<\/a><\/h4>\t\t\t\t<\/div>\n\t\t\t\t<\/div>\n\t\t\t\t<div class=\"elementor-element elementor-element-7c0f18ec elementor-widget elementor-widget-heading\" data-id=\"7c0f18ec\" data-element_type=\"widget\" data-e-type=\"widget\" data-widget_type=\"heading.default\">\n\t\t\t\t<div class=\"elementor-widget-container\">\n\t\t\t\t\t<h4 class=\"elementor-heading-title elementor-size-default\"><a href=\"https:\/\/doreenpalke.com\/datenschutz\/\">Datenschutz<\/a><\/h4>\t\t\t\t<\/div>\n\t\t\t\t<\/div>\n\t\t\t\t<div class=\"elementor-element elementor-element-38786ef9 elementor-hidden-desktop elementor-hidden-mobile elementor-widget-divider--view-line elementor-widget elementor-widget-divider\" data-id=\"38786ef9\" data-element_type=\"widget\" data-e-type=\"widget\" data-widget_type=\"divider.default\">\n\t\t\t\t<div class=\"elementor-widget-container\">\n\t\t\t\t\t\t\t<div class=\"elementor-divider\">\n\t\t\t<span class=\"elementor-divider-separator\">\n\t\t\t\t\t\t<\/span>\n\t\t<\/div>\n\t\t\t\t\t\t<\/div>\n\t\t\t\t<\/div>\n\t\t\t\t\t<\/div>\n\t\t<\/div>\n\t\t\t\t\t<\/div>\n\t\t<\/section>\n\t\t\t\t<section class=\"elementor-section elementor-top-section elementor-element elementor-element-1cbab125 elementor-section-boxed elementor-section-height-default elementor-section-height-default\" data-id=\"1cbab125\" data-element_type=\"section\" data-e-type=\"section\" data-settings=\"{&quot;background_background&quot;:&quot;classic&quot;}\">\n\t\t\t\t\t\t<div class=\"elementor-container elementor-column-gap-default\">\n\t\t\t\t\t<div class=\"elementor-column elementor-col-100 elementor-top-column elementor-element elementor-element-1ddbb87\" data-id=\"1ddbb87\" data-element_type=\"column\" data-e-type=\"column\">\n\t\t\t<div class=\"elementor-widget-wrap elementor-element-populated\">\n\t\t\t\t\t\t<div class=\"elementor-element elementor-element-35842c55 e-grid-align-left elementor-shape-rounded elementor-grid-0 elementor-widget elementor-widget-social-icons\" data-id=\"35842c55\" data-element_type=\"widget\" data-e-type=\"widget\" data-widget_type=\"social-icons.default\">\n\t\t\t\t<div class=\"elementor-widget-container\">\n\t\t\t\t\t\t\t<div class=\"elementor-social-icons-wrapper elementor-grid\" role=\"list\">\n\t\t\t\t\t\t\t<span class=\"elementor-grid-item\" role=\"listitem\">\n\t\t\t\t\t<a class=\"elementor-icon elementor-social-icon elementor-social-icon-facebook elementor-repeater-item-178c6fe\" href=\"https:\/\/www.facebook.com\/profile.php?id=100093270873268\" target=\"_blank\" rel=\"noopener\">\n\t\t\t\t\t\t<span class=\"elementor-screen-only\">Facebook<\/span>\n\t\t\t\t\t\t<i aria-hidden=\"true\" class=\"fab fa-facebook\"><\/i>\t\t\t\t\t<\/a>\n\t\t\t\t<\/span>\n\t\t\t\t\t\t\t<span class=\"elementor-grid-item\" role=\"listitem\">\n\t\t\t\t\t<a class=\"elementor-icon elementor-social-icon elementor-social-icon-instagram elementor-repeater-item-4255f62\" href=\"https:\/\/www.instagram.com\/doreenpalke___ayurveda\/\" target=\"_blank\" rel=\"noopener\">\n\t\t\t\t\t\t<span class=\"elementor-screen-only\">Instagram<\/span>\n\t\t\t\t\t\t<i aria-hidden=\"true\" class=\"fab fa-instagram\"><\/i>\t\t\t\t\t<\/a>\n\t\t\t\t<\/span>\n\t\t\t\t\t\t\t<span class=\"elementor-grid-item\" role=\"listitem\">\n\t\t\t\t\t<a class=\"elementor-icon elementor-social-icon elementor-social-icon-linkedin elementor-repeater-item-f24a658\" href=\"https:\/\/www.linkedin.com\/in\/doreen-palke-a39418203\/\" target=\"_blank\" rel=\"noopener\">\n\t\t\t\t\t\t<span class=\"elementor-screen-only\">Linkedin<\/span>\n\t\t\t\t\t\t<i aria-hidden=\"true\" class=\"fab fa-linkedin\"><\/i>\t\t\t\t\t<\/a>\n\t\t\t\t<\/span>\n\t\t\t\t\t<\/div>\n\t\t\t\t\t\t<\/div>\n\t\t\t\t<\/div>\n\t\t\t\t<div class=\"elementor-element elementor-element-5a697e3e elementor-widget elementor-widget-text-editor\" data-id=\"5a697e3e\" data-element_type=\"widget\" data-e-type=\"widget\" data-widget_type=\"text-editor.default\">\n\t\t\t\t<div class=\"elementor-widget-container\">\n\t\t\t\t\t\t\t\t\t<p>\u00a9 2026 Doreen Palke. Praxis f\u00fcr Ayurveda Medizin &amp; Yogatherapie<\/p>\t\t\t\t\t\t\t\t<\/div>\n\t\t\t\t<\/div>\n\t\t\t\t\t<\/div>\n\t\t<\/div>\n\t\t\t\t\t<\/div>\n\t\t<\/section>\n\t\t\t\t<section class=\"elementor-section elementor-top-section elementor-element elementor-element-70c0744 elementor-section-boxed elementor-section-height-default elementor-section-height-default\" data-id=\"70c0744\" data-element_type=\"section\" data-e-type=\"section\">\n\t\t\t\t\t\t<div class=\"elementor-container elementor-column-gap-default\">\n\t\t\t\t\t<div class=\"elementor-column elementor-col-100 elementor-top-column elementor-element elementor-element-14613db\" data-id=\"14613db\" data-element_type=\"column\" data-e-type=\"column\">\n\t\t\t<div class=\"elementor-widget-wrap\">\n\t\t\t\t\t\t\t<\/div>\n\t\t<\/div>\n\t\t\t\t\t<\/div>\n\t\t<\/section>\n\t\t\t\t<\/div>\n\t\t","protected":false},"excerpt":{"rendered":"<p>Bildungsurlaube \/ Bildungszeiten Stiftung wannseeFORUM Ressourcen st\u00e4rken mit Yoga &amp; Ayurveda \u2013 Bildungsurlaub f\u00fcr Resilienz und Stressbew\u00e4ltigung im Berufsalltag Deine Auszeit f\u00fcr neue Kraft:K\u00f6rper st\u00e4rken, Geist beruhigen, gelassen durchstarten \u200b\u200b\u200b\u200bFamilienkompatible Kurszeiten: Montag bis Donnerstag von 9.30 &#8211; 15.00 und Freitag 9.00 &#8211; 14.00 Uhr. Entdecke, wie Yoga und Ayurveda deinen Alltag nachhaltig ver\u00e4ndern k\u00f6nnen \u2013 [&hellip;]<\/p>\n","protected":false},"author":2,"featured_media":0,"parent":0,"menu_order":0,"comment_status":"closed","ping_status":"closed","template":"","meta":{"ocean_post_layout":"full-screen","ocean_both_sidebars_style":"","ocean_both_sidebars_content_width":0,"ocean_both_sidebars_sidebars_width":0,"ocean_sidebar":"","ocean_second_sidebar":"","ocean_disable_margins":"enable","ocean_add_body_class":"","ocean_shortcode_before_top_bar":"","ocean_shortcode_after_top_bar":"","ocean_shortcode_before_header":"","ocean_shortcode_after_header":"","ocean_has_shortcode":"","ocean_shortcode_after_title":"","ocean_shortcode_before_footer_widgets":"","ocean_shortcode_after_footer_widgets":"","ocean_shortcode_before_footer_bottom":"","ocean_shortcode_after_footer_bottom":"","ocean_display_top_bar":"on","ocean_display_header":"default","ocean_header_style":"","ocean_center_header_left_menu":"","ocean_custom_header_template":"","ocean_custom_logo":0,"ocean_custom_retina_logo":0,"ocean_custom_logo_max_width":0,"ocean_custom_logo_tablet_max_width":0,"ocean_custom_logo_mobile_max_width":0,"ocean_custom_logo_max_height":0,"ocean_custom_logo_tablet_max_height":0,"ocean_custom_logo_mobile_max_height":0,"ocean_header_custom_menu":"","ocean_menu_typo_font_family":"","ocean_menu_typo_font_subset":"","ocean_menu_typo_font_size":0,"ocean_menu_typo_font_size_tablet":0,"ocean_menu_typo_font_size_mobile":0,"ocean_menu_typo_font_size_unit":"px","ocean_menu_typo_font_weight":"","ocean_menu_typo_font_weight_tablet":"","ocean_menu_typo_font_weight_mobile":"","ocean_menu_typo_transform":"","ocean_menu_typo_transform_tablet":"","ocean_menu_typo_transform_mobile":"","ocean_menu_typo_line_height":0,"ocean_menu_typo_line_height_tablet":0,"ocean_menu_typo_line_height_mobile":0,"ocean_menu_typo_line_height_unit":"","ocean_menu_typo_spacing":0,"ocean_menu_typo_spacing_tablet":0,"ocean_menu_typo_spacing_mobile":0,"ocean_menu_typo_spacing_unit":"","ocean_menu_link_color":"","ocean_menu_link_color_hover":"","ocean_menu_link_color_active":"","ocean_menu_link_background":"","ocean_menu_link_hover_background":"","ocean_menu_link_active_background":"","ocean_menu_social_links_bg":"","ocean_menu_social_hover_links_bg":"","ocean_menu_social_links_color":"","ocean_menu_social_hover_links_color":"","ocean_disable_title":"on","ocean_disable_heading":"default","ocean_post_title":"","ocean_post_subheading":"","ocean_post_title_style":"","ocean_post_title_background_color":"","ocean_post_title_background":0,"ocean_post_title_bg_image_position":"","ocean_post_title_bg_image_attachment":"","ocean_post_title_bg_image_repeat":"","ocean_post_title_bg_image_size":"","ocean_post_title_height":0,"ocean_post_title_bg_overlay":0.5,"ocean_post_title_bg_overlay_color":"","ocean_disable_breadcrumbs":"default","ocean_breadcrumbs_color":"","ocean_breadcrumbs_separator_color":"","ocean_breadcrumbs_links_color":"","ocean_breadcrumbs_links_hover_color":"","ocean_display_footer_widgets":"off","ocean_display_footer_bottom":"off","ocean_custom_footer_template":"","footnotes":""},"class_list":["post-15234","page","type-page","status-publish","hentry","entry"],"_links":{"self":[{"href":"https:\/\/doreenpalke.com\/en\/wp-json\/wp\/v2\/pages\/15234","targetHints":{"allow":["GET"]}}],"collection":[{"href":"https:\/\/doreenpalke.com\/en\/wp-json\/wp\/v2\/pages"}],"about":[{"href":"https:\/\/doreenpalke.com\/en\/wp-json\/wp\/v2\/types\/page"}],"author":[{"embeddable":true,"href":"https:\/\/doreenpalke.com\/en\/wp-json\/wp\/v2\/users\/2"}],"replies":[{"embeddable":true,"href":"https:\/\/doreenpalke.com\/en\/wp-json\/wp\/v2\/comments?post=15234"}],"version-history":[{"count":339,"href":"https:\/\/doreenpalke.com\/en\/wp-json\/wp\/v2\/pages\/15234\/revisions"}],"predecessor-version":[{"id":15821,"href":"https:\/\/doreenpalke.com\/en\/wp-json\/wp\/v2\/pages\/15234\/revisions\/15821"}],"wp:attachment":[{"href":"https:\/\/doreenpalke.com\/en\/wp-json\/wp\/v2\/media?parent=15234"}],"curies":[{"name":"wp","href":"https:\/\/api.w.org\/{rel}","templated":true}]}}