{"id":15762,"date":"2026-04-26T16:39:26","date_gmt":"2026-04-26T14:39:26","guid":{"rendered":"https:\/\/doreenpalke.com\/?page_id=15762"},"modified":"2026-04-26T18:15:40","modified_gmt":"2026-04-26T16:15:40","slug":"bildungsurlaub-berlin-waldbaden","status":"publish","type":"page","link":"https:\/\/doreenpalke.com\/en\/bildungsurlaub-berlin-waldbaden\/","title":{"rendered":"Bildungsurlaub Berlin Waldbaden"},"content":{"rendered":"\t\t<div data-elementor-type=\"wp-page\" data-elementor-id=\"15762\" class=\"elementor elementor-15762\" data-elementor-post-type=\"page\">\n\t\t\t\t\t\t<section class=\"elementor-section elementor-top-section elementor-element elementor-element-632b81ac elementor-section-height-min-height elementor-section-stretched elementor-section-boxed elementor-section-height-default elementor-section-items-middle\" data-id=\"632b81ac\" data-element_type=\"section\" data-e-type=\"section\" data-settings=\"{&quot;background_background&quot;:&quot;classic&quot;,&quot;stretch_section&quot;:&quot;section-stretched&quot;}\">\n\t\t\t\t\t\t\t<div class=\"elementor-background-overlay\"><\/div>\n\t\t\t\t\t\t\t<div class=\"elementor-container elementor-column-gap-default\">\n\t\t\t\t\t<div class=\"elementor-column elementor-col-100 elementor-top-column elementor-element elementor-element-3ec40fc9\" data-id=\"3ec40fc9\" data-element_type=\"column\" data-e-type=\"column\">\n\t\t\t<div class=\"elementor-widget-wrap elementor-element-populated\">\n\t\t\t\t\t\t<div class=\"elementor-element elementor-element-1c8d72e4 elementor-widget elementor-widget-heading\" data-id=\"1c8d72e4\" data-element_type=\"widget\" data-e-type=\"widget\" data-widget_type=\"heading.default\">\n\t\t\t\t<div class=\"elementor-widget-container\">\n\t\t\t\t\t<h1 class=\"elementor-heading-title elementor-size-default\">Bildungsurlaube \/ Bildungszeiten in Berlin - Brandenburg<\/h1>\t\t\t\t<\/div>\n\t\t\t\t<\/div>\n\t\t\t\t<div class=\"elementor-element elementor-element-4aed279b elementor-widget elementor-widget-heading\" data-id=\"4aed279b\" data-element_type=\"widget\" data-e-type=\"widget\" data-widget_type=\"heading.default\">\n\t\t\t\t<div class=\"elementor-widget-container\">\n\t\t\t\t\t<h2 class=\"elementor-heading-title elementor-size-default\">Yogahaus Dreilinden<\/h2>\t\t\t\t<\/div>\n\t\t\t\t<\/div>\n\t\t\t\t\t<\/div>\n\t\t<\/div>\n\t\t\t\t\t<\/div>\n\t\t<\/section>\n\t\t\t\t<section class=\"elementor-section elementor-top-section elementor-element elementor-element-1cc141f1 elementor-section-boxed elementor-section-height-default elementor-section-height-default\" data-id=\"1cc141f1\" data-element_type=\"section\" data-e-type=\"section\" data-settings=\"{&quot;background_background&quot;:&quot;classic&quot;}\">\n\t\t\t\t\t\t<div class=\"elementor-container elementor-column-gap-default\">\n\t\t\t\t\t<div class=\"elementor-column elementor-col-100 elementor-top-column elementor-element elementor-element-53d7f755\" data-id=\"53d7f755\" data-element_type=\"column\" data-e-type=\"column\">\n\t\t\t<div class=\"elementor-widget-wrap elementor-element-populated\">\n\t\t\t\t\t\t<div class=\"elementor-element elementor-element-75f1e741 elementor-widget elementor-widget-heading\" data-id=\"75f1e741\" data-element_type=\"widget\" data-e-type=\"widget\" data-widget_type=\"heading.default\">\n\t\t\t\t<div class=\"elementor-widget-container\">\n\t\t\t\t\t<h1 class=\"elementor-heading-title elementor-size-default\">Resilienz und Stressreduktion im Gr\u00fcnen \u2013<br>\nYoga &amp; Waldbaden f\u00fcr Beruf und Alltag\n<\/h1>\t\t\t\t<\/div>\n\t\t\t\t<\/div>\n\t\t\t\t<div class=\"elementor-element elementor-element-4fba563 elementor-widget elementor-widget-heading\" data-id=\"4fba563\" data-element_type=\"widget\" data-e-type=\"widget\" data-widget_type=\"heading.default\">\n\t\t\t\t<div class=\"elementor-widget-container\">\n\t\t\t\t\t<h2 class=\"elementor-heading-title elementor-size-default\">Deine Auszeit im Gr\u00fcnen:<br> Achtsamkeit leben,<br> innere Ruhe finden,<br> \nnachhaltig gest\u00e4rkt bleiben<\/h2>\t\t\t\t<\/div>\n\t\t\t\t<\/div>\n\t\t\t\t<div class=\"elementor-element elementor-element-6b3d4db elementor-widget elementor-widget-text-editor\" data-id=\"6b3d4db\" data-element_type=\"widget\" data-e-type=\"widget\" data-widget_type=\"text-editor.default\">\n\t\t\t\t<div class=\"elementor-widget-container\">\n\t\t\t\t\t\t\t\t\t<p class=\"font-claude-response-body break-words whitespace-normal leading-[1.7]\" style=\"text-align: center;\"><strong><span class=\"wixui-rich-text__text\">\u200b\u200b\u200b\u200bFamilienkompatible <\/span><span class=\"wixui-rich-text__text\">Kurszeiten: <br \/><\/span><\/strong><strong><span class=\"wixui-rich-text__text\">Montag bis Donnerstag von 9.30 &#8211; 15.00 und Freitag 9.00 &#8211; 14.00 Uhr.<\/span><\/strong><\/p><p><br \/>Kennst du das Gef\u00fchl, immer funktionieren zu m\u00fcssen \u2013 und dabei dich selbst aus den Augen zu verlieren? Dieser Bildungsurlaub ist deine Einladung, genau das zu \u00e4ndern.<br \/><br \/>In 5 intensiven Tagen verbindest du Yoga, Achtsamkeit und Waldbaden (Shinrin Yoku) zu einem ganzheitlichen Erlebnis, das nicht nur entspannt, sondern nachhaltig wirkt. Du lernst, wie du mit Stress ges\u00fcnder umgehst, dein Nervensystem regulierst und neue Energie f\u00fcr Beruf und Alltag sch\u00f6pfst \u2013 mitten in der Natur, die dabei selbst zum Lernraum wird.<br \/><br \/>Der Wald ist kein zuf\u00e4llig gew\u00e4hlter Ort: Studien zeigen, dass regelm\u00e4\u00dfige Aufenthalte im Gr\u00fcnen Stresshormone messbar senken, das Immunsystem st\u00e4rken und die Konzentration verbessern. Durch achtsames Gehen, Sinnes\u00fcbungen und stille Pr\u00e4senz im Wald erf\u00e4hrst du diese heilsame Wirkung direkt am eigenen K\u00f6rper \u2013 kein Wissen aus B\u00fcchern, sondern gelebte Erfahrung.<br \/><br \/>Du gewinnst Abstand vom Arbeitsalltag, sch\u00e4rfst deine Wahrnehmung und entwickelst neue Perspektiven auf das, was dir wirklich wichtig ist. Die nat\u00fcrlichen Rhythmen des Waldes, Bewegung an der frischen Luft und bewusste Stille helfen dir, tief durchzuatmen.<br \/><br \/>Dieser Bildungsurlaub richtet sich an alle, die mehr wollen als eine kurze Pause: n\u00e4mlich echte, sp\u00fcrbare Ver\u00e4nderung.<\/p>\t\t\t\t\t\t\t\t<\/div>\n\t\t\t\t<\/div>\n\t\t\t\t<div class=\"elementor-element elementor-element-1015cab6 elementor-align-center elementor-widget elementor-widget-button\" data-id=\"1015cab6\" data-element_type=\"widget\" data-e-type=\"widget\" data-widget_type=\"button.default\">\n\t\t\t\t<div class=\"elementor-widget-container\">\n\t\t\t\t\t<style>.elementor-element-1015cab6{display:none !important}<\/style>\t\t\t\t<\/div>\n\t\t\t\t<\/div>\n\t\t\t\t\t<\/div>\n\t\t<\/div>\n\t\t\t\t\t<\/div>\n\t\t<\/section>\n\t\t\t\t<section class=\"elementor-section elementor-top-section elementor-element elementor-element-5fd3023b elementor-section-height-min-height elementor-section-stretched elementor-section-boxed elementor-section-height-default elementor-section-items-middle\" data-id=\"5fd3023b\" data-element_type=\"section\" data-e-type=\"section\" data-settings=\"{&quot;background_background&quot;:&quot;classic&quot;,&quot;stretch_section&quot;:&quot;section-stretched&quot;}\">\n\t\t\t\t\t\t\t<div class=\"elementor-background-overlay\"><\/div>\n\t\t\t\t\t\t\t<div class=\"elementor-container elementor-column-gap-default\">\n\t\t\t\t\t<div class=\"elementor-column elementor-col-100 elementor-top-column elementor-element elementor-element-754567d0\" data-id=\"754567d0\" data-element_type=\"column\" data-e-type=\"column\">\n\t\t\t<div class=\"elementor-widget-wrap\">\n\t\t\t\t\t\t\t<\/div>\n\t\t<\/div>\n\t\t\t\t\t<\/div>\n\t\t<\/section>\n\t\t\t\t<section class=\"elementor-section elementor-top-section elementor-element elementor-element-3d1539c1 elementor-section-boxed elementor-section-height-default elementor-section-height-default\" data-id=\"3d1539c1\" data-element_type=\"section\" data-e-type=\"section\" data-settings=\"{&quot;background_background&quot;:&quot;classic&quot;}\">\n\t\t\t\t\t\t<div class=\"elementor-container elementor-column-gap-default\">\n\t\t\t\t\t<div class=\"elementor-column elementor-col-100 elementor-top-column elementor-element elementor-element-5ba888c9\" data-id=\"5ba888c9\" data-element_type=\"column\" data-e-type=\"column\">\n\t\t\t<div class=\"elementor-widget-wrap elementor-element-populated\">\n\t\t\t\t\t\t<div class=\"elementor-element elementor-element-18f4057a elementor-widget elementor-widget-accordion\" data-id=\"18f4057a\" data-element_type=\"widget\" data-e-type=\"widget\" data-widget_type=\"accordion.default\">\n\t\t\t\t<div class=\"elementor-widget-container\">\n\t\t\t\t\t\t\t<div class=\"elementor-accordion\">\n\t\t\t\t\t\t\t<div class=\"elementor-accordion-item\">\n\t\t\t\t\t<div id=\"elementor-tab-title-4181\" class=\"elementor-tab-title\" data-tab=\"1\" role=\"button\" aria-controls=\"elementor-tab-content-4181\" aria-expanded=\"false\">\n\t\t\t\t\t\t\t\t\t\t\t\t\t<span class=\"elementor-accordion-icon elementor-accordion-icon-left\" aria-hidden=\"true\">\n\t\t\t\t\t\t\t\t\t\t\t\t\t\t\t<span class=\"elementor-accordion-icon-closed\"><i class=\"fas fa-plus\"><\/i><\/span>\n\t\t\t\t\t\t\t\t<span class=\"elementor-accordion-icon-opened\"><i class=\"fas fa-minus\"><\/i><\/span>\n\t\t\t\t\t\t\t\t\t\t\t\t\t\t<\/span>\n\t\t\t\t\t\t\t\t\t\t\t\t<a class=\"elementor-accordion-title\" tabindex=\"0\">TERMINE<\/a>\n\t\t\t\t\t<\/div>\n\t\t\t\t\t<div id=\"elementor-tab-content-4181\" class=\"elementor-tab-content elementor-clearfix\" data-tab=\"1\" role=\"region\" aria-labelledby=\"elementor-tab-title-4181\"><p>\u00a0<\/p><p><span class=\"wixui-rich-text__text\"><strong>Familienkompatible <\/strong><\/span><strong><span class=\"wixui-rich-text__text\">Kurszeiten: <br \/>Montag bis Donnerstag von 9.30 &#8211; 15.00 Uhr, Freitag 9.00 &#8211; 14.00 Uhr<\/span><\/strong><\/p><p><strong><br \/>Termine 2026:<br \/><\/strong> \u2022 24.08.-28.08.2026 (Yogahaus Dreilinden)<br \/>\u2022 12.10.\u201316.10.2026 (Yogahaus Dreilinden)<\/p><p><strong>Termine 2027 (Yogahaus Dreilinden oder wannseeFORUM): <br \/><\/strong> \u2022 19.04.\u201323.04.2027<br \/>\u2022 24.05.\u201328.05.2027<br \/>\u2022 21.06.\u201325.06.2027<br \/>\u2022 19.07.\u201323.07.2027<br \/>\u2022 23.08.\u201327.08.2027<\/p><\/div>\n\t\t\t\t<\/div>\n\t\t\t\t\t\t\t<div class=\"elementor-accordion-item\">\n\t\t\t\t\t<div id=\"elementor-tab-title-4182\" class=\"elementor-tab-title\" data-tab=\"2\" role=\"button\" aria-controls=\"elementor-tab-content-4182\" aria-expanded=\"false\">\n\t\t\t\t\t\t\t\t\t\t\t\t\t<span class=\"elementor-accordion-icon elementor-accordion-icon-left\" aria-hidden=\"true\">\n\t\t\t\t\t\t\t\t\t\t\t\t\t\t\t<span class=\"elementor-accordion-icon-closed\"><i class=\"fas fa-plus\"><\/i><\/span>\n\t\t\t\t\t\t\t\t<span class=\"elementor-accordion-icon-opened\"><i class=\"fas fa-minus\"><\/i><\/span>\n\t\t\t\t\t\t\t\t\t\t\t\t\t\t<\/span>\n\t\t\t\t\t\t\t\t\t\t\t\t<a class=\"elementor-accordion-title\" tabindex=\"0\">ORT<\/a>\n\t\t\t\t\t<\/div>\n\t\t\t\t\t<div id=\"elementor-tab-content-4182\" class=\"elementor-tab-content elementor-clearfix\" data-tab=\"2\" role=\"region\" aria-labelledby=\"elementor-tab-title-4182\"><ol><li>Yogahaus Dreilinden<br \/>Teerofendamm 104<br \/>14532 Kleinmachnow<\/li><li>Stiftung wannseeFORUM<br \/>Hohenzollernstra\u00dfe 14\u2028<br \/>14109 Berlin<\/li><\/ol><\/div>\n\t\t\t\t<\/div>\n\t\t\t\t\t\t\t<div class=\"elementor-accordion-item\">\n\t\t\t\t\t<div id=\"elementor-tab-title-4183\" class=\"elementor-tab-title\" data-tab=\"3\" role=\"button\" aria-controls=\"elementor-tab-content-4183\" aria-expanded=\"false\">\n\t\t\t\t\t\t\t\t\t\t\t\t\t<span class=\"elementor-accordion-icon elementor-accordion-icon-left\" aria-hidden=\"true\">\n\t\t\t\t\t\t\t\t\t\t\t\t\t\t\t<span class=\"elementor-accordion-icon-closed\"><i class=\"fas fa-plus\"><\/i><\/span>\n\t\t\t\t\t\t\t\t<span class=\"elementor-accordion-icon-opened\"><i class=\"fas fa-minus\"><\/i><\/span>\n\t\t\t\t\t\t\t\t\t\t\t\t\t\t<\/span>\n\t\t\t\t\t\t\t\t\t\t\t\t<a class=\"elementor-accordion-title\" tabindex=\"0\">PREISE & BUCHUNG<\/a>\n\t\t\t\t\t<\/div>\n\t\t\t\t\t<div id=\"elementor-tab-content-4183\" class=\"elementor-tab-content elementor-clearfix\" data-tab=\"3\" role=\"region\" aria-labelledby=\"elementor-tab-title-4183\"><ol><li><strong><span id=\"ssrWrap-1167099889\">YOGAHAUS DREILINDEN<br \/><\/span><\/strong><strong><br \/>Seminargeb\u00fchr 599 \u20ac p.P.<br \/><\/strong>Der Preis versteht sich ohne \u00dcbernachtung und Verpflegung.<p>\u00a0<\/p><\/li><li><strong>wannseeFORUM<\/strong><br \/><strong><br \/>Seminargeb\u00fchr 599 \u20ac p.P.<\/strong><br \/>Hinzu kommen die Kosten f\u00fcr die Tagesgastpauschale f\u00fcr 5 Tage im wannseeFORUM in H\u00f6he von insgesamt:<p><strong>67,50 \u20ac p.P. zzgl. 19% MwSt. f\u00fcr Seminare in 2026<br \/><\/strong>Die Kosten f\u00fcr 2027 k\u00f6nnen sich geringf\u00fcgig erh\u00f6hen.<\/p><p>Auf Wunsch und gegen Aufpreis hast du die M\u00f6glichkeit im wannseeFORUM ein Mittagessen f\u00fcr die Dauer des Seminars in H\u00f6he von insgesamt 85\u20ac p.P zzgl. 7% MwSt. zu buchen. Bitte teile dies bereits im Anmeldeformular unter &#8222;W\u00fcnsche&#8220; mit.<\/p><\/li><li>SO BUCHST DU DEINEN BILDUNGSURLAUB SCHRITT-F\u00dcR-SCHRITT<\/li><\/ol><ul><li>Melde dich \u00fcber das <a href=\"https:\/\/doreenpalke.com\/anmeldeformular-bildungsurlaub\/\">Anmeldeformular<\/a> an um deinen Platz verbindlich sichern<\/li><li>Du erh\u00e4lst die Anmeldebest\u00e4tigung &amp; Rechnung und kannst alle Antragsunterlagen beim Arbeitgeber einreichen<\/li><li>Schlie\u00dfe eine Seminar- und Reiser\u00fccktrittskostenversicherung ab. (empfohlen)<\/li><\/ul><p>F\u00fcr die Seminargeb\u00fchr gelten unsere allgemeinen Buchungs- und Stornobedingungen (<a href=\"https:\/\/doreenpalke.com\/agb\/\">AGB<\/a>).<\/p><div class=\"overflow-x-auto w-full px-2 mb-6\"><p class=\"font-claude-response-body break-words whitespace-normal leading-[1.7]\">Die Seminargruppe ist auf <strong>maximal 15 Teilnehmende<\/strong> begrenzt \u2013 damit genug Raum f\u00fcr pers\u00f6nlichen Austausch und individuelle Begleitung bleibt.<\/p><\/div><\/div>\n\t\t\t\t<\/div>\n\t\t\t\t\t\t\t<div class=\"elementor-accordion-item\">\n\t\t\t\t\t<div id=\"elementor-tab-title-4184\" class=\"elementor-tab-title\" data-tab=\"4\" role=\"button\" aria-controls=\"elementor-tab-content-4184\" aria-expanded=\"false\">\n\t\t\t\t\t\t\t\t\t\t\t\t\t<span class=\"elementor-accordion-icon elementor-accordion-icon-left\" aria-hidden=\"true\">\n\t\t\t\t\t\t\t\t\t\t\t\t\t\t\t<span class=\"elementor-accordion-icon-closed\"><i class=\"fas fa-plus\"><\/i><\/span>\n\t\t\t\t\t\t\t\t<span class=\"elementor-accordion-icon-opened\"><i class=\"fas fa-minus\"><\/i><\/span>\n\t\t\t\t\t\t\t\t\t\t\t\t\t\t<\/span>\n\t\t\t\t\t\t\t\t\t\t\t\t<a class=\"elementor-accordion-title\" tabindex=\"0\">ABLAUF<\/a>\n\t\t\t\t\t<\/div>\n\t\t\t\t\t<div id=\"elementor-tab-content-4184\" class=\"elementor-tab-content elementor-clearfix\" data-tab=\"4\" role=\"region\" aria-labelledby=\"elementor-tab-title-4184\"><p>\u00a0<\/p><p class=\"font-claude-response-body break-words whitespace-normal leading-[1.7]\"><strong>Seminarablauf<\/strong><\/p><p class=\"font-claude-response-body break-words whitespace-normal leading-[1.7]\">Das Seminar beginnt am <strong>Montag um 9:30 Uhr<\/strong> und endet am <strong>Freitag gegen 14:00 Uhr<\/strong>. Jeden Tag erwarten dich 6 Unterrichtsstunden (\u00e0 45 Min.) aus Theorie und Praxis \u2013 abwechslungsreich, lebendig und mit viel Raum f\u00fcr pers\u00f6nliche Erfahrungen.<\/p><div class=\"overflow-x-auto w-full px-2 mb-6\"><table class=\"min-w-full border-collapse text-sm leading-[1.7] whitespace-normal\"><thead class=\"text-left\"><tr><th class=\"text-text-100 border-b-0.5 border-border-300\/60 py-2 pr-4 align-top font-bold\" scope=\"col\">Tag<\/th><th class=\"text-text-100 border-b-0.5 border-border-300\/60 py-2 pr-4 align-top font-bold\" scope=\"col\">Schwerpunkt<\/th><\/tr><\/thead><tbody><tr><td class=\"border-b-0.5 border-border-300\/30 py-2 pr-4 align-top\">Montag<\/td><td class=\"border-b-0.5 border-border-300\/30 py-2 pr-4 align-top\">Grundlagen: Stress verstehen &amp; Natur als Ressource entdecken<\/td><\/tr><tr><td class=\"border-b-0.5 border-border-300\/30 py-2 pr-4 align-top\">Dienstag<\/td><td class=\"border-b-0.5 border-border-300\/30 py-2 pr-4 align-top\">Waldbaden &amp; Achtsamkeit f\u00fcr mentale St\u00e4rke<\/td><\/tr><tr><td class=\"border-b-0.5 border-border-300\/30 py-2 pr-4 align-top\">Mittwoch<\/td><td class=\"border-b-0.5 border-border-300\/30 py-2 pr-4 align-top\">Resilienz aufbauen \u2013 7 S\u00e4ulen f\u00fcr den Beruf<\/td><\/tr><tr><td class=\"border-b-0.5 border-border-300\/30 py-2 pr-4 align-top\">Donnerstag<\/td><td class=\"border-b-0.5 border-border-300\/30 py-2 pr-4 align-top\">Naturrhythmen &amp; Burnout-Pr\u00e4vention<\/td><\/tr><tr><td class=\"border-b-0.5 border-border-300\/30 py-2 pr-4 align-top\">Freitag<\/td><td class=\"border-b-0.5 border-border-300\/30 py-2 pr-4 align-top\">Integration &amp; Transfer: Nachhaltigkeit im Alltag<\/td><\/tr><\/tbody><\/table><\/div><p class=\"font-claude-response-body break-words whitespace-normal leading-[1.7]\"><em>\u00c4nderungen im Ablauf bleiben vorbehalten. Der Ablaufplan dient zur groben Orientierung und stellt kein offizielles Seminarprogramm dar.<\/em><\/p><\/div>\n\t\t\t\t<\/div>\n\t\t\t\t\t\t\t<div class=\"elementor-accordion-item\">\n\t\t\t\t\t<div id=\"elementor-tab-title-4185\" class=\"elementor-tab-title\" data-tab=\"5\" role=\"button\" aria-controls=\"elementor-tab-content-4185\" aria-expanded=\"false\">\n\t\t\t\t\t\t\t\t\t\t\t\t\t<span class=\"elementor-accordion-icon elementor-accordion-icon-left\" aria-hidden=\"true\">\n\t\t\t\t\t\t\t\t\t\t\t\t\t\t\t<span class=\"elementor-accordion-icon-closed\"><i class=\"fas fa-plus\"><\/i><\/span>\n\t\t\t\t\t\t\t\t<span class=\"elementor-accordion-icon-opened\"><i class=\"fas fa-minus\"><\/i><\/span>\n\t\t\t\t\t\t\t\t\t\t\t\t\t\t<\/span>\n\t\t\t\t\t\t\t\t\t\t\t\t<a class=\"elementor-accordion-title\" tabindex=\"0\">WAS MUSS ICH MITBRINGEN<\/a>\n\t\t\t\t\t<\/div>\n\t\t\t\t\t<div id=\"elementor-tab-content-4185\" class=\"elementor-tab-content elementor-clearfix\" data-tab=\"5\" role=\"region\" aria-labelledby=\"elementor-tab-title-4185\"><ul><li>Yogamatte<\/li><li class=\"whitespace-normal break-words pl-2\">Sitzkissen \/ Meditationskissen und Yogabl\u00f6cke (falls vorhanden)<\/li><li class=\"whitespace-normal break-words pl-2\">Bequeme Yogakleidung \u2013 z.B. dicke Socken, eine d\u00fcnne Decke oder Jacke zum \u00dcberziehen<\/li><li>festes Schuwerk f\u00fcr den Wald und ensprechende Kleidung<\/li><li>M\u00fccken- und Zeckenschutz<\/li><li>Sonnenschutz<\/li><li class=\"whitespace-normal break-words pl-2\">Stift und Notizbuch<\/li><li class=\"whitespace-normal break-words pl-2\">Trinkflasche zum Abf\u00fcllen von frischem Wasser\u00a0<\/li><\/ul><\/div>\n\t\t\t\t<\/div>\n\t\t\t\t\t\t\t<div class=\"elementor-accordion-item\">\n\t\t\t\t\t<div id=\"elementor-tab-title-4186\" class=\"elementor-tab-title\" data-tab=\"6\" role=\"button\" aria-controls=\"elementor-tab-content-4186\" aria-expanded=\"false\">\n\t\t\t\t\t\t\t\t\t\t\t\t\t<span class=\"elementor-accordion-icon elementor-accordion-icon-left\" aria-hidden=\"true\">\n\t\t\t\t\t\t\t\t\t\t\t\t\t\t\t<span class=\"elementor-accordion-icon-closed\"><i class=\"fas fa-plus\"><\/i><\/span>\n\t\t\t\t\t\t\t\t<span class=\"elementor-accordion-icon-opened\"><i class=\"fas fa-minus\"><\/i><\/span>\n\t\t\t\t\t\t\t\t\t\t\t\t\t\t<\/span>\n\t\t\t\t\t\t\t\t\t\t\t\t<a class=\"elementor-accordion-title\" tabindex=\"0\">ANERKENNUNG & ANTRAGSUNTERLAGEN<\/a>\n\t\t\t\t\t<\/div>\n\t\t\t\t\t<div id=\"elementor-tab-content-4186\" class=\"elementor-tab-content elementor-clearfix\" data-tab=\"6\" role=\"region\" aria-labelledby=\"elementor-tab-title-4186\"><p class=\"font-claude-response-body break-words whitespace-normal leading-[1.7]\">Das Seminar ist als Bildungsurlaub bzw. Bildungszeit anerkannt in folgenden Bundesl\u00e4ndern:<\/p><ul class=\"[li_&amp;]:mb-0 [li_&amp;]:mt-1 [li_&amp;]:gap-1 [&amp;:not(:last-child)_ul]:pb-1 [&amp;:not(:last-child)_ol]:pb-1 list-disc flex flex-col gap-1 pl-8 mb-3\"><li>Berlin<\/li><li>Brandenburg (beantragt)<\/li><li class=\"whitespace-normal break-words pl-2\">Sachsen-Anhalt (beantragt)<\/li><\/ul><p class=\"font-claude-response-body break-words whitespace-normal leading-[1.7]\"><strong><br \/>Besonderheit in Berlin &amp; Brandenburg:<\/strong> Die Anerkennung gilt hier f\u00fcr alle Arbeitnehmer*innen, die die Seminarinhalte zur Aus\u00fcbung ihrer haupt- oder nebenberuflichen bzw. ehrenamtlichen T\u00e4tigkeit ben\u00f6tigen.<\/p><blockquote class=\"ml-2 border-l-4 border-border-300\/10 pl-4 text-text-300\"><p class=\"font-claude-response-body break-words whitespace-normal leading-[1.7]\"><strong>Wichtig:<\/strong> Es z\u00e4hlt der Arbeitsort \u2013 nicht der Wohnort.<\/p><\/blockquote><p class=\"font-claude-response-body break-words whitespace-normal leading-[1.7]\">Grunds\u00e4tzlich sind alle Interessierten herzlich willkommen \u2013 auch ohne Bildungsurlaubs-Regelung!<\/p><p class=\"font-claude-response-body break-words whitespace-normal leading-[1.7]\">Hier kannst du die Antragsunterlagen f\u00fcr deinen Arbeitgeber kostenlos herunterladen:<br \/><a href=\"https:\/\/doreenpalke.com\/wp-content\/uploads\/2026\/04\/Antragsunterlagen-Arbeitgeber-1.pdf\">Download Antragsunterlagen f\u00fcr Arbeitgeber<\/a><\/p><p class=\"font-claude-response-body break-words whitespace-normal leading-[1.7]\">\u00a0<\/p><\/div>\n\t\t\t\t<\/div>\n\t\t\t\t\t\t\t\t<\/div>\n\t\t\t\t\t\t<\/div>\n\t\t\t\t<\/div>\n\t\t\t\t<div class=\"elementor-element elementor-element-17ee4e81 elementor-align-justify elementor-widget elementor-widget-button\" data-id=\"17ee4e81\" data-element_type=\"widget\" data-e-type=\"widget\" data-widget_type=\"button.default\">\n\t\t\t\t<div class=\"elementor-widget-container\">\n\t\t\t\t\t<style>.elementor-element-17ee4e81{display:none !important}<\/style>\t\t\t\t<\/div>\n\t\t\t\t<\/div>\n\t\t\t\t\t<\/div>\n\t\t<\/div>\n\t\t\t\t\t<\/div>\n\t\t<\/section>\n\t\t\t\t<section class=\"elementor-section elementor-top-section elementor-element elementor-element-12f6eca8 elementor-section-stretched elementor-section-boxed elementor-section-height-default elementor-section-height-default\" data-id=\"12f6eca8\" data-element_type=\"section\" data-e-type=\"section\" data-settings=\"{&quot;background_background&quot;:&quot;classic&quot;,&quot;stretch_section&quot;:&quot;section-stretched&quot;}\">\n\t\t\t\t\t\t\t<div class=\"elementor-background-overlay\"><\/div>\n\t\t\t\t\t\t\t<div class=\"elementor-container elementor-column-gap-default\">\n\t\t\t\t\t<div class=\"elementor-column elementor-col-100 elementor-top-column elementor-element elementor-element-690bbc08\" data-id=\"690bbc08\" data-element_type=\"column\" data-e-type=\"column\">\n\t\t\t<div class=\"elementor-widget-wrap elementor-element-populated\">\n\t\t\t\t\t\t<div class=\"elementor-element elementor-element-2532e677 elementor-widget elementor-widget-heading\" data-id=\"2532e677\" data-element_type=\"widget\" data-e-type=\"widget\" data-widget_type=\"heading.default\">\n\t\t\t\t<div class=\"elementor-widget-container\">\n\t\t\t\t\t<h2 class=\"elementor-heading-title elementor-size-default\">Alle Seminarinhalte auf einen Blick<\/h2>\t\t\t\t<\/div>\n\t\t\t\t<\/div>\n\t\t\t\t<div class=\"elementor-element elementor-element-279b79fd elementor-tabs-view-horizontal elementor-widget elementor-widget-tabs\" data-id=\"279b79fd\" data-element_type=\"widget\" data-e-type=\"widget\" data-widget_type=\"tabs.default\">\n\t\t\t\t<div class=\"elementor-widget-container\">\n\t\t\t\t\t\t\t<div class=\"elementor-tabs\">\n\t\t\t<div class=\"elementor-tabs-wrapper\" role=\"tablist\" >\n\t\t\t\t\t\t\t\t\t<div id=\"elementor-tab-title-6641\" class=\"elementor-tab-title elementor-tab-desktop-title\" aria-selected=\"true\" data-tab=\"1\" role=\"tab\" tabindex=\"0\" aria-controls=\"elementor-tab-content-6641\" aria-expanded=\"false\">Waldbaden<\/div>\n\t\t\t\t\t\t\t\t\t<div id=\"elementor-tab-title-6642\" class=\"elementor-tab-title elementor-tab-desktop-title\" aria-selected=\"false\" data-tab=\"2\" role=\"tab\" tabindex=\"-1\" aria-controls=\"elementor-tab-content-6642\" aria-expanded=\"false\">Yoga<\/div>\n\t\t\t\t\t\t\t\t\t<div id=\"elementor-tab-title-6643\" class=\"elementor-tab-title elementor-tab-desktop-title\" aria-selected=\"false\" data-tab=\"3\" role=\"tab\" tabindex=\"-1\" aria-controls=\"elementor-tab-content-6643\" aria-expanded=\"false\">Atem<\/div>\n\t\t\t\t\t\t\t\t\t<div id=\"elementor-tab-title-6644\" class=\"elementor-tab-title elementor-tab-desktop-title\" aria-selected=\"false\" data-tab=\"4\" role=\"tab\" tabindex=\"-1\" aria-controls=\"elementor-tab-content-6644\" aria-expanded=\"false\">Meditation & Achtsamkeit<\/div>\n\t\t\t\t\t\t\t\t\t<div id=\"elementor-tab-title-6645\" class=\"elementor-tab-title elementor-tab-desktop-title\" aria-selected=\"false\" data-tab=\"5\" role=\"tab\" tabindex=\"-1\" aria-controls=\"elementor-tab-content-6645\" aria-expanded=\"false\">Stressmanagement<\/div>\n\t\t\t\t\t\t\t<\/div>\n\t\t\t<div class=\"elementor-tabs-content-wrapper\" role=\"tablist\" aria-orientation=\"vertical\">\n\t\t\t\t\t\t\t\t\t<div class=\"elementor-tab-title elementor-tab-mobile-title\" aria-selected=\"true\" data-tab=\"1\" role=\"tab\" tabindex=\"0\" aria-controls=\"elementor-tab-content-6641\" aria-expanded=\"false\">Waldbaden<\/div>\n\t\t\t\t\t<div id=\"elementor-tab-content-6641\" class=\"elementor-tab-content elementor-clearfix\" data-tab=\"1\" role=\"tabpanel\" aria-labelledby=\"elementor-tab-title-6641\" tabindex=\"0\" hidden=\"false\"><p><strong>Waldbaden \u2013 Die Heilkraft des Waldes bewusst erleben<\/strong><br \/><br \/>Waldbaden, auf Japanisch Shinrin Yoku, bedeutet w\u00f6rtlich: in die Waldatmosph\u00e4re eintauchen. Was in Japan seit den 1980er Jahren als anerkannte Gesundheitspraxis gilt, entfaltet auch hierzulande seine Wirkung \u2013 und die Wissenschaft gibt ihm recht.<br \/><br \/>Du lernst, den Wald mit allen Sinnen wahrzunehmen: das Licht, das durch die Baumkronen f\u00e4llt, die Stille zwischen den Ger\u00e4uschen, den Geruch von Erde und Harz. Kein Wandern mit Ziel, kein Leistungsgedanke \u2013 sondern bewusstes Ankommen. <br \/><br \/>Wir erkunden gemeinsam, wie die sogenannten Phytonzide, die nat\u00fcrlichen Botenstoffe der B\u00e4ume, nachweislich Stresshormone senken, das Immunsystem st\u00e4rken und das Nervensystem beruhigen. Waldbaden als direkter Weg zu mehr Ruhe, Klarheit und innerer Balance \u2013 hier erlebst du ihn mit allen Sinnen.<\/p><\/div>\n\t\t\t\t\t\t\t\t\t<div class=\"elementor-tab-title elementor-tab-mobile-title\" aria-selected=\"false\" data-tab=\"2\" role=\"tab\" tabindex=\"-1\" aria-controls=\"elementor-tab-content-6642\" aria-expanded=\"false\">Yoga<\/div>\n\t\t\t\t\t<div id=\"elementor-tab-content-6642\" class=\"elementor-tab-content elementor-clearfix\" data-tab=\"2\" role=\"tabpanel\" aria-labelledby=\"elementor-tab-title-6642\" tabindex=\"0\" hidden=\"hidden\"><p><strong>Yoga \u2013 Sanfte Kraft f\u00fcr K\u00f6rper und Geist<\/strong><\/p><p class=\"font-claude-response-body break-words whitespace-normal leading-[1.7]\">Yoga ist weit mehr als Dehnen und Entspannen \u2013 es ist eine tiefgr\u00fcndige Praxis der Selbstregulierung, die dich mitten im stressigen Alltag erdet. Es erwartet dich eine sanfte, atembasierte Yogapraxis, die ausdr\u00fccklich auch f\u00fcr Einsteiger geeignet ist: ohne Leistungsdruck, ohne Esoterik, daf\u00fcr mit viel Achtsamkeit und Freude. Erg\u00e4nzt wird die Praxis durch inspirierende Impulse aus der Yogaphilosophie \u2013 Denkanst\u00f6\u00dfe, die weit \u00fcber die Matte hinaus wirken und eine echte Bereicherung f\u00fcr die eigene Lebensf\u00fchrung sein k\u00f6nnen.<\/p><\/div>\n\t\t\t\t\t\t\t\t\t<div class=\"elementor-tab-title elementor-tab-mobile-title\" aria-selected=\"false\" data-tab=\"3\" role=\"tab\" tabindex=\"-1\" aria-controls=\"elementor-tab-content-6643\" aria-expanded=\"false\">Atem<\/div>\n\t\t\t\t\t<div id=\"elementor-tab-content-6643\" class=\"elementor-tab-content elementor-clearfix\" data-tab=\"3\" role=\"tabpanel\" aria-labelledby=\"elementor-tab-title-6643\" tabindex=\"0\" hidden=\"hidden\"><p class=\"font-claude-response-body break-words whitespace-normal leading-[1.7]\"><strong>Atem \u2013 Dein kraftvollstes Werkzeug<\/strong><\/p><p class=\"font-claude-response-body break-words whitespace-normal leading-[1.7]\">Der Atem ist immer bei dir \u2013 und doch schenken wir ihm kaum Aufmerksamkeit. Dabei hat eine bewusste Atemschulung enorme gesundheitliche Vorteile und bildet das Herzst\u00fcck jeder Yogapraxis. In der Seminarwoche lernst du im Rahmen der t\u00e4glichen Yogaeinheiten verschiedene Atem\u00fcbungen (Pranayama) kennen \u2013 und wirst sp\u00fcren, wie viel Energie und Ruhe in einem einzigen bewussten Atemzug stecken kann.<\/p><hr class=\"border-border-200 border-t-0.5 my-3 mx-1.5\" \/><\/div>\n\t\t\t\t\t\t\t\t\t<div class=\"elementor-tab-title elementor-tab-mobile-title\" aria-selected=\"false\" data-tab=\"4\" role=\"tab\" tabindex=\"-1\" aria-controls=\"elementor-tab-content-6644\" aria-expanded=\"false\">Meditation & Achtsamkeit<\/div>\n\t\t\t\t\t<div id=\"elementor-tab-content-6644\" class=\"elementor-tab-content elementor-clearfix\" data-tab=\"4\" role=\"tabpanel\" aria-labelledby=\"elementor-tab-title-6644\" tabindex=\"0\" hidden=\"hidden\"><p class=\"font-claude-response-body break-words whitespace-normal leading-[1.7]\"><strong>Meditation &amp; Achtsamkeit \u2013 Innere Ruhe mitten im Alltag<\/strong><\/p><p class=\"font-claude-response-body break-words whitespace-normal leading-[1.7]\">Was ist eigentlich der Unterschied zwischen Achtsamkeit und Meditation? Warum sollte ich \u00fcberhaupt meditieren \u2013 und wie geht das \u201erichtig&#8220;? Diesen und vielen weiteren Fragen gehen wir gemeinsam auf den Grund. T\u00e4glich praktizieren wir Meditation und erkunden verschiedene Achtsamkeits\u00fcbungen, die geistigen Ausgleich, innere Klarheit und emotionale Stabilit\u00e4t f\u00f6rdern. Dabei sprechen wir auch \u00fcber Selbstwahrnehmung und emotionale Intelligenz \u2013 F\u00e4higkeiten, die im Berufsalltag zunehmend an Bedeutung gewinnen.<\/p><\/div>\n\t\t\t\t\t\t\t\t\t<div class=\"elementor-tab-title elementor-tab-mobile-title\" aria-selected=\"false\" data-tab=\"5\" role=\"tab\" tabindex=\"-1\" aria-controls=\"elementor-tab-content-6645\" aria-expanded=\"false\">Stressmanagement<\/div>\n\t\t\t\t\t<div id=\"elementor-tab-content-6645\" class=\"elementor-tab-content elementor-clearfix\" data-tab=\"5\" role=\"tabpanel\" aria-labelledby=\"elementor-tab-title-6645\" tabindex=\"0\" hidden=\"hidden\"><p class=\"font-claude-response-body break-words whitespace-normal leading-[1.7]\"><strong>Stressmanagement \u2013 Verstehen, was dich belastet<\/strong><\/p><p class=\"font-claude-response-body break-words whitespace-normal leading-[1.7]\">Was ist Stress \u00fcberhaupt \u2013 und was macht er wirklich mit uns, k\u00f6rperlich wie geistig? Welche pers\u00f6nlichen Stressoren treiben mich an, was bringt mir echte Entlastung? Und welche Rolle spielt dabei mein Mindset? In diesem Seminar gehen wir diesen Fragen ehrlich und tiefgr\u00fcndig nach. Durch praxisnahe Reflexions\u00fcbungen entwickelst du ein besseres Verst\u00e4ndnis f\u00fcr deine eigenen Muster \u2013 und entdeckst konkrete Wege, gelassener und widerstandsf\u00e4higer durch den Alltag zu gehen.<\/p><\/div>\n\t\t\t\t\t\t\t<\/div>\n\t\t<\/div>\n\t\t\t\t\t\t<\/div>\n\t\t\t\t<\/div>\n\t\t\t\t\t<\/div>\n\t\t<\/div>\n\t\t\t\t\t<\/div>\n\t\t<\/section>\n\t\t\t\t<section class=\"elementor-section elementor-top-section elementor-element elementor-element-29d9a7a elementor-section-boxed elementor-section-height-default elementor-section-height-default\" data-id=\"29d9a7a\" data-element_type=\"section\" data-e-type=\"section\">\n\t\t\t\t\t\t\t<div class=\"elementor-background-overlay\"><\/div>\n\t\t\t\t\t\t\t<div class=\"elementor-container elementor-column-gap-default\">\n\t\t\t\t\t<div class=\"elementor-column elementor-col-100 elementor-top-column elementor-element elementor-element-f39e79f\" data-id=\"f39e79f\" data-element_type=\"column\" data-e-type=\"column\">\n\t\t\t<div class=\"elementor-widget-wrap elementor-element-populated\">\n\t\t\t\t\t\t<div class=\"elementor-element elementor-element-aba5c33 elementor-widget elementor-widget-heading\" data-id=\"aba5c33\" data-element_type=\"widget\" data-e-type=\"widget\" data-widget_type=\"heading.default\">\n\t\t\t\t<div class=\"elementor-widget-container\">\n\t\t\t\t\t<h2 class=\"elementor-heading-title elementor-size-default\">Unsere Veranstaltungsorte sind dein Zufluchtsorte,<br> um wieder in die Natur einzutauchen.<\/h2>\t\t\t\t<\/div>\n\t\t\t\t<\/div>\n\t\t\t\t\t<\/div>\n\t\t<\/div>\n\t\t\t\t\t<\/div>\n\t\t<\/section>\n\t\t\t\t<section class=\"elementor-section elementor-top-section elementor-element elementor-element-aee26ef elementor-section-content-middle elementor-section-stretched elementor-section-boxed elementor-section-height-default elementor-section-height-default\" data-id=\"aee26ef\" data-element_type=\"section\" data-e-type=\"section\" data-settings=\"{&quot;stretch_section&quot;:&quot;section-stretched&quot;}\">\n\t\t\t\t\t\t\t<div class=\"elementor-background-overlay\"><\/div>\n\t\t\t\t\t\t\t<div class=\"elementor-container elementor-column-gap-no\">\n\t\t\t\t\t<div class=\"elementor-column elementor-col-50 elementor-top-column elementor-element elementor-element-dd606f9\" data-id=\"dd606f9\" data-element_type=\"column\" data-e-type=\"column\">\n\t\t\t<div class=\"elementor-widget-wrap elementor-element-populated\">\n\t\t\t\t\t\t<div class=\"elementor-element elementor-element-b732cb4 elementor-skin-slideshow elementor-arrows-yes elementor-widget elementor-widget-media-carousel\" data-id=\"b732cb4\" data-element_type=\"widget\" data-e-type=\"widget\" data-settings=\"{&quot;space_between&quot;:{&quot;unit&quot;:&quot;px&quot;,&quot;size&quot;:8,&quot;sizes&quot;:[]},&quot;skin&quot;:&quot;slideshow&quot;,&quot;effect&quot;:&quot;fade&quot;,&quot;show_arrows&quot;:&quot;yes&quot;,&quot;speed&quot;:500,&quot;autoplay&quot;:&quot;yes&quot;,&quot;autoplay_speed&quot;:5000,&quot;loop&quot;:&quot;yes&quot;,&quot;pause_on_hover&quot;:&quot;yes&quot;,&quot;pause_on_interaction&quot;:&quot;yes&quot;,&quot;space_between_tablet&quot;:{&quot;unit&quot;:&quot;px&quot;,&quot;size&quot;:10,&quot;sizes&quot;:[]},&quot;space_between_mobile&quot;:{&quot;unit&quot;:&quot;px&quot;,&quot;size&quot;:10,&quot;sizes&quot;:[]}}\" data-widget_type=\"media-carousel.default\">\n\t\t\t\t<div class=\"elementor-widget-container\">\n\t\t\t\t\t\t\t\t\t<div class=\"elementor-swiper\">\n\t\t\t\t\t<div class=\"elementor-main-swiper swiper\" role=\"region\" aria-roledescription=\"carousel\" aria-label=\"Slider\">\n\t\t\t\t<div class=\"swiper-wrapper\">\n\t\t\t\t\t\t\t\t\t\t\t<div class=\"swiper-slide\" role=\"group\" aria-roledescription=\"slide\">\n\t\t\t\t\t\t\t\t\t<div class=\"elementor-carousel-image\" role=\"img\" aria-label=\"bildungsurlaub berlin brandenburg-yoga-ayurveda-doreen-palke\" style=\"background-image: url(&#039;https:\/\/doreenpalke.com\/wp-content\/uploads\/2026\/04\/Yogahaus-Dreilinden3.jpg&#039;)\">\n\n\t\t\t\n\t\t\t\t\t<\/div>\n\t\t\t\t\t\t\t\t<\/div>\n\t\t\t\t\t\t\t\t\t<\/div>\n\t\t\t\t\t\t\t<\/div>\n\t\t\t\t<\/div>\n\t\t\t\t\t\t\t\t<\/div>\n\t\t\t\t<\/div>\n\t\t\t\t\t<\/div>\n\t\t<\/div>\n\t\t\t\t<div class=\"elementor-column elementor-col-50 elementor-top-column elementor-element elementor-element-1d9eb07\" data-id=\"1d9eb07\" data-element_type=\"column\" data-e-type=\"column\">\n\t\t\t<div class=\"elementor-widget-wrap elementor-element-populated\">\n\t\t\t\t\t\t<div class=\"elementor-element elementor-element-1adf4d6 elementor-widget elementor-widget-heading\" data-id=\"1adf4d6\" data-element_type=\"widget\" data-e-type=\"widget\" data-widget_type=\"heading.default\">\n\t\t\t\t<div class=\"elementor-widget-container\">\n\t\t\t\t\t<h2 class=\"elementor-heading-title elementor-size-default\">Yogahaus Dreilinden in Kleinmachnow<\/h2>\t\t\t\t<\/div>\n\t\t\t\t<\/div>\n\t\t\t\t<div class=\"elementor-element elementor-element-1816171 elementor-widget elementor-widget-heading\" data-id=\"1816171\" data-element_type=\"widget\" data-e-type=\"widget\" data-widget_type=\"heading.default\">\n\t\t\t\t<div class=\"elementor-widget-container\">\n\t\t\t\t\t<h3 class=\"elementor-heading-title elementor-size-default\">Manchmal braucht es keinen weiten Weg, um wirklich anzukommen \u2013 das Yogahaus Dreilinden in Kleinmachnow zeigt, wie nah Entschleunigung sein kann. Eingebettet in die Waldlandschaft zwischen Berlin und Potsdam, umgeben von Stille und Natur \u2013 und trotzdem schnell aus der Stadt erreichbar.<br><br>\nDas Yogahaus Dreilinden ist mehr als ein Seminarort. Es ist ein Ort, der bewusst zum Innehalten einl\u00e4dt \u2013 mit R\u00e4umen, die Weite schaffen, und einer Umgebung, die den Kopf frei macht. Hier, wo Wald und Offenheit unmittelbar vor der T\u00fcr beginnen, entfaltet das gemeinsame Praktizieren von Yoga, Achtsamkeit und Waldbaden seine volle Wirkung.<\/h3>\t\t\t\t<\/div>\n\t\t\t\t<\/div>\n\t\t\t\t\t<\/div>\n\t\t<\/div>\n\t\t\t\t\t<\/div>\n\t\t<\/section>\n\t\t\t\t<section class=\"elementor-section elementor-top-section elementor-element elementor-element-24aa2da elementor-section-content-middle elementor-section-stretched elementor-section-boxed elementor-section-height-default elementor-section-height-default\" data-id=\"24aa2da\" data-element_type=\"section\" data-e-type=\"section\" data-settings=\"{&quot;stretch_section&quot;:&quot;section-stretched&quot;}\">\n\t\t\t\t\t\t\t<div class=\"elementor-background-overlay\"><\/div>\n\t\t\t\t\t\t\t<div class=\"elementor-container elementor-column-gap-no\">\n\t\t\t\t\t<div class=\"elementor-column elementor-col-50 elementor-top-column elementor-element elementor-element-206a6cb\" data-id=\"206a6cb\" data-element_type=\"column\" data-e-type=\"column\">\n\t\t\t<div class=\"elementor-widget-wrap elementor-element-populated\">\n\t\t\t\t\t\t<div class=\"elementor-element elementor-element-e70b287 elementor-skin-slideshow elementor-arrows-yes elementor-widget elementor-widget-media-carousel\" data-id=\"e70b287\" data-element_type=\"widget\" data-e-type=\"widget\" data-settings=\"{&quot;space_between&quot;:{&quot;unit&quot;:&quot;px&quot;,&quot;size&quot;:8,&quot;sizes&quot;:[]},&quot;skin&quot;:&quot;slideshow&quot;,&quot;effect&quot;:&quot;fade&quot;,&quot;show_arrows&quot;:&quot;yes&quot;,&quot;speed&quot;:500,&quot;autoplay&quot;:&quot;yes&quot;,&quot;autoplay_speed&quot;:5000,&quot;loop&quot;:&quot;yes&quot;,&quot;pause_on_hover&quot;:&quot;yes&quot;,&quot;pause_on_interaction&quot;:&quot;yes&quot;,&quot;space_between_tablet&quot;:{&quot;unit&quot;:&quot;px&quot;,&quot;size&quot;:10,&quot;sizes&quot;:[]},&quot;space_between_mobile&quot;:{&quot;unit&quot;:&quot;px&quot;,&quot;size&quot;:10,&quot;sizes&quot;:[]}}\" data-widget_type=\"media-carousel.default\">\n\t\t\t\t<div class=\"elementor-widget-container\">\n\t\t\t\t\t\t\t\t\t<div class=\"elementor-swiper\">\n\t\t\t\t\t<div class=\"elementor-main-swiper swiper\" role=\"region\" aria-roledescription=\"carousel\" aria-label=\"Slider\">\n\t\t\t\t<div class=\"swiper-wrapper\">\n\t\t\t\t\t\t\t\t\t\t\t<div class=\"swiper-slide\" role=\"group\" aria-roledescription=\"slide\">\n\t\t\t\t\t\t\t\t\t<div class=\"elementor-carousel-image\" role=\"img\" aria-label=\"bildungsurlaub berlin brandenburg-yoga-ayurveda-doreen-palke-WannseeForum\" style=\"background-image: url(&#039;https:\/\/doreenpalke.com\/wp-content\/uploads\/2026\/04\/WannseeForum4.jpeg&#039;)\">\n\n\t\t\t\n\t\t\t\t\t<\/div>\n\t\t\t\t\t\t\t\t<\/div>\n\t\t\t\t\t\t\t\t\t<\/div>\n\t\t\t\t\t\t\t<\/div>\n\t\t\t\t<\/div>\n\t\t\t\t\t\t\t\t<\/div>\n\t\t\t\t<\/div>\n\t\t\t\t\t<\/div>\n\t\t<\/div>\n\t\t\t\t<div class=\"elementor-column elementor-col-50 elementor-top-column elementor-element elementor-element-1f9fef5\" data-id=\"1f9fef5\" data-element_type=\"column\" data-e-type=\"column\">\n\t\t\t<div class=\"elementor-widget-wrap elementor-element-populated\">\n\t\t\t\t\t\t<div class=\"elementor-element elementor-element-b97088c elementor-widget elementor-widget-heading\" data-id=\"b97088c\" data-element_type=\"widget\" data-e-type=\"widget\" data-widget_type=\"heading.default\">\n\t\t\t\t<div class=\"elementor-widget-container\">\n\t\t\t\t\t<h2 class=\"elementor-heading-title elementor-size-default\">wannseeFORUM in gr\u00fcnen S\u00fcdwesten von Berlin<\/h2>\t\t\t\t<\/div>\n\t\t\t\t<\/div>\n\t\t\t\t<div class=\"elementor-element elementor-element-fba89dc elementor-widget elementor-widget-heading\" data-id=\"fba89dc\" data-element_type=\"widget\" data-e-type=\"widget\" data-widget_type=\"heading.default\">\n\t\t\t\t<div class=\"elementor-widget-container\">\n\t\t\t\t\t<h3 class=\"elementor-heading-title elementor-size-default\">Stell dir vor, du machst Bildungsurlaub im gr\u00fcnen S\u00fcdwesten von Berlin \u2013 und findest dich in einer Oase der Ruhe wieder. Genau das erwartet dich im wannseeFORUM in Berlin-Wannsee: direkt am Pohlesee, einem stillen Ausl\u00e4ufer des Kleinen Wannsees, umgeben von einem weitl\u00e4ufigen Park und fernab des Gro\u00dfstadtl\u00e4rms \u2013 und trotzdem bestens aus der ganzen Stadt erreichbar.<br><br>\nSeit \u00fcber 75 Jahren bietet die Stiftung wannseeFORUM als anerkannte Bildungsst\u00e4tte Raum f\u00fcr bis zu 100 Personen \u2013 Menschen, die innehalten, nachdenken und wachsen m\u00f6chten.<\/h3>\t\t\t\t<\/div>\n\t\t\t\t<\/div>\n\t\t\t\t\t<\/div>\n\t\t<\/div>\n\t\t\t\t\t<\/div>\n\t\t<\/section>\n\t\t\t\t<section class=\"elementor-section elementor-top-section elementor-element elementor-element-7d2338c1 elementor-section-boxed elementor-section-height-default elementor-section-height-default\" data-id=\"7d2338c1\" data-element_type=\"section\" data-e-type=\"section\" data-settings=\"{&quot;background_background&quot;:&quot;classic&quot;}\">\n\t\t\t\t\t\t<div class=\"elementor-container elementor-column-gap-default\">\n\t\t\t\t\t<div class=\"elementor-column elementor-col-100 elementor-top-column elementor-element elementor-element-6fc09812\" data-id=\"6fc09812\" data-element_type=\"column\" data-e-type=\"column\">\n\t\t\t<div class=\"elementor-widget-wrap elementor-element-populated\">\n\t\t\t\t\t\t<div class=\"elementor-element elementor-element-5503d32f elementor-widget elementor-widget-heading\" data-id=\"5503d32f\" data-element_type=\"widget\" data-e-type=\"widget\" data-widget_type=\"heading.default\">\n\t\t\t\t<div class=\"elementor-widget-container\">\n\t\t\t\t\t<h2 class=\"elementor-heading-title elementor-size-default\">So beantragst du deinen Bildungsurlaub \u2013 Schritt f\u00fcr Schritt<\/h2>\t\t\t\t<\/div>\n\t\t\t\t<\/div>\n\t\t\t\t<div class=\"elementor-element elementor-element-d7fb15c elementor-widget elementor-widget-text-editor\" data-id=\"d7fb15c\" data-element_type=\"widget\" data-e-type=\"widget\" data-widget_type=\"text-editor.default\">\n\t\t\t\t<div class=\"elementor-widget-container\">\n\t\t\t\t\t\t\t\t\t<p class=\"font-claude-response-body break-words whitespace-normal leading-[1.7]\">\u00a0<\/p><div class=\"overflow-x-auto w-full px-2 mb-6\"><table class=\"min-w-full border-collapse text-sm leading-[1.7] whitespace-normal\"><thead class=\"text-left\"><tr><th class=\"text-text-100 border-b-0.5 border-border-300\/60 py-2 pr-4 align-top font-bold\" scope=\"col\">\u00a0<\/th><th class=\"text-text-100 border-b-0.5 border-border-300\/60 py-2 pr-4 align-top font-bold\" scope=\"col\">Was zu tun ist<\/th><\/tr><\/thead><tbody><tr><td class=\"border-b-0.5 border-border-300\/30 py-2 pr-4 align-top\"><strong>1. Informieren<\/strong><\/td><td class=\"border-b-0.5 border-border-300\/30 py-2 pr-4 align-top\">Informiere dich, ob und welchen Anspruch auf Bildungsurlaub du hast \u2013 zum Beispiel \u00fcber die Bildungsurlaubsgesetze und Informationsseiten deines Bundeslandes.<\/td><\/tr><tr><td class=\"border-b-0.5 border-border-300\/30 py-2 pr-4 align-top\"><strong>2. Anmelden<\/strong><\/td><td class=\"border-b-0.5 border-border-300\/30 py-2 pr-4 align-top\">Besprich den Termin vorab mit deinem Arbeitgeber und melde dich dann \u00fcber das <a href=\"https:\/\/doreenpalke.com\/anmeldeformular-bildungsurlaub\/\">Anmeldeformular<\/a> zum Seminar an. Du erh\u00e4ltst eine schriftliche Anmeldebest\u00e4tigung. Sollte dein Arbeitgeber den Bildungsurlaub nachweislich ablehnen, hast du ein 30-t\u00e4giges kostenloses R\u00fccktrittsrecht (mehr dazu in den <a href=\"https:\/\/doreenpalke.com\/agb\/\">AGB<\/a>).<\/td><\/tr><tr><td class=\"border-b-0.5 border-border-300\/30 py-2 pr-4 align-top\"><strong>3. Antrag stellen<\/strong><\/td><td class=\"border-b-0.5 border-border-300\/30 py-2 pr-4 align-top\">Den Antrag f\u00fcr deinen Arbeitgeber \u2013 inklusive der notwendigen Kennziffer f\u00fcr dein Bundesland \u2013 findest du oben zum Download unter &#8222;Anerkennung &amp; Antragsunterlagen&#8220;. In der Regel muss der Bildungsurlaub sechs bis zw\u00f6lf Wochen vor Veranstaltungsbeginn beantragt werden.<\/td><\/tr><tr><td class=\"border-b-0.5 border-border-300\/30 py-2 pr-4 align-top\"><strong>4. Seminar genie\u00dfen!<\/strong><\/td><td class=\"border-b-0.5 border-border-300\/30 py-2 pr-4 align-top\">Sobald dein Arbeitgeber zugestimmt hat \u2013 oder nach Ablauf der gesetzlichen Frist keinen Einspruch eingelegt hat \u2013 gilt der Bildungsurlaub als genehmigt. Teilnahmepflicht besteht, und am Ende erh\u00e4ltst du eine Teilnahmebest\u00e4tigung zur Vorlage beim Arbeitgeber.<\/td><\/tr><\/tbody><\/table><\/div>\t\t\t\t\t\t\t\t<\/div>\n\t\t\t\t<\/div>\n\t\t\t\t\t<\/div>\n\t\t<\/div>\n\t\t\t\t\t<\/div>\n\t\t<\/section>\n\t\t\t\t<section class=\"elementor-section elementor-top-section elementor-element elementor-element-2d7f9acb elementor-section-height-min-height elementor-section-boxed elementor-section-height-default elementor-section-items-middle\" data-id=\"2d7f9acb\" data-element_type=\"section\" data-e-type=\"section\" data-settings=\"{&quot;background_background&quot;:&quot;classic&quot;}\">\n\t\t\t\t\t\t\t<div class=\"elementor-background-overlay\"><\/div>\n\t\t\t\t\t\t\t<div class=\"elementor-container elementor-column-gap-default\">\n\t\t\t\t\t<div class=\"elementor-column elementor-col-100 elementor-top-column elementor-element elementor-element-351385a9\" data-id=\"351385a9\" data-element_type=\"column\" data-e-type=\"column\">\n\t\t\t<div class=\"elementor-widget-wrap\">\n\t\t\t\t\t\t\t<\/div>\n\t\t<\/div>\n\t\t\t\t\t<\/div>\n\t\t<\/section>\n\t\t\t\t<section class=\"elementor-section elementor-top-section elementor-element elementor-element-4b7b835f elementor-section-boxed elementor-section-height-default elementor-section-height-default\" data-id=\"4b7b835f\" data-element_type=\"section\" data-e-type=\"section\" data-settings=\"{&quot;background_background&quot;:&quot;classic&quot;}\">\n\t\t\t\t\t\t<div class=\"elementor-container elementor-column-gap-default\">\n\t\t\t\t\t<div class=\"elementor-column elementor-col-100 elementor-top-column elementor-element elementor-element-54d7a56e\" data-id=\"54d7a56e\" data-element_type=\"column\" data-e-type=\"column\">\n\t\t\t<div class=\"elementor-widget-wrap elementor-element-populated\">\n\t\t\t\t\t\t<div class=\"elementor-element elementor-element-612499c3 elementor-widget elementor-widget-text-editor\" data-id=\"612499c3\" data-element_type=\"widget\" data-e-type=\"widget\" data-widget_type=\"text-editor.default\">\n\t\t\t\t<div class=\"elementor-widget-container\">\n\t\t\t\t\t\t\t\t\t<p>FAQs zum Bildungsurlaub\u200b<\/p>\t\t\t\t\t\t\t\t<\/div>\n\t\t\t\t<\/div>\n\t\t\t\t<div class=\"elementor-element elementor-element-769c334d elementor-widget elementor-widget-text-editor\" data-id=\"769c334d\" data-element_type=\"widget\" data-e-type=\"widget\" data-widget_type=\"text-editor.default\">\n\t\t\t\t<div class=\"elementor-widget-container\">\n\t\t\t\t\t\t\t\t\t<div id=\"1769710472\" class=\"u_1769710472 dmNewParagraph text-align-center\" data-version=\"5\"><p class=\"m-size-18 text-align-center size-20\"><span class=\"m-font-size-18 font-size-20\">Antworten auf die h\u00e4ufigsten Fragen rund um Bildungsurlaub<\/span><\/p><\/div>\t\t\t\t\t\t\t\t<\/div>\n\t\t\t\t<\/div>\n\t\t\t\t<div class=\"elementor-element elementor-element-565b8c4e elementor-widget elementor-widget-accordion\" data-id=\"565b8c4e\" data-element_type=\"widget\" data-e-type=\"widget\" data-widget_type=\"accordion.default\">\n\t\t\t\t<div class=\"elementor-widget-container\">\n\t\t\t\t\t\t\t<div class=\"elementor-accordion\">\n\t\t\t\t\t\t\t<div class=\"elementor-accordion-item\">\n\t\t\t\t\t<div id=\"elementor-tab-title-1441\" class=\"elementor-tab-title\" data-tab=\"1\" role=\"button\" aria-controls=\"elementor-tab-content-1441\" aria-expanded=\"false\">\n\t\t\t\t\t\t\t\t\t\t\t\t\t<span class=\"elementor-accordion-icon elementor-accordion-icon-right\" aria-hidden=\"true\">\n\t\t\t\t\t\t\t\t\t\t\t\t\t\t\t<span class=\"elementor-accordion-icon-closed\"><i class=\"fas fa-plus\"><\/i><\/span>\n\t\t\t\t\t\t\t\t<span class=\"elementor-accordion-icon-opened\"><i class=\"fas fa-minus\"><\/i><\/span>\n\t\t\t\t\t\t\t\t\t\t\t\t\t\t<\/span>\n\t\t\t\t\t\t\t\t\t\t\t\t<a class=\"elementor-accordion-title\" tabindex=\"0\">Was ist Bildungsurlaub?<\/a>\n\t\t\t\t\t<\/div>\n\t\t\t\t\t<div id=\"elementor-tab-content-1441\" class=\"elementor-tab-content elementor-clearfix\" data-tab=\"1\" role=\"region\" aria-labelledby=\"elementor-tab-title-1441\"><p>Beim <strong>Bildungsurlaub\u00a0<\/strong>\u2013 auch <strong>Bildungsfreistellung\u00a0<\/strong>oder <strong>Bildungszeit\u00a0<\/strong>genannt \u2013 erh\u00e4ltst du vom Arbeitgeber eine Freistellung mit Lohnfortzahlung, um sich in dieser Zeit weiterzubilden. Du musst f\u00fcr deinen Bildungsurlaub also keine privaten Urlaubstage verwenden, sondern erhalte diese Tage zus\u00e4tzlich zum Jahresurlaub. Es wird nichts gek\u00fcrzt oder abgezogen.\u00a0<\/p><\/div>\n\t\t\t\t<\/div>\n\t\t\t\t\t\t\t<div class=\"elementor-accordion-item\">\n\t\t\t\t\t<div id=\"elementor-tab-title-1442\" class=\"elementor-tab-title\" data-tab=\"2\" role=\"button\" aria-controls=\"elementor-tab-content-1442\" aria-expanded=\"false\">\n\t\t\t\t\t\t\t\t\t\t\t\t\t<span class=\"elementor-accordion-icon elementor-accordion-icon-right\" aria-hidden=\"true\">\n\t\t\t\t\t\t\t\t\t\t\t\t\t\t\t<span class=\"elementor-accordion-icon-closed\"><i class=\"fas fa-plus\"><\/i><\/span>\n\t\t\t\t\t\t\t\t<span class=\"elementor-accordion-icon-opened\"><i class=\"fas fa-minus\"><\/i><\/span>\n\t\t\t\t\t\t\t\t\t\t\t\t\t\t<\/span>\n\t\t\t\t\t\t\t\t\t\t\t\t<a class=\"elementor-accordion-title\" tabindex=\"0\">Wer hat Anspruch auf Bildungsurlaub?<\/a>\n\t\t\t\t\t<\/div>\n\t\t\t\t\t<div id=\"elementor-tab-content-1442\" class=\"elementor-tab-content elementor-clearfix\" data-tab=\"2\" role=\"region\" aria-labelledby=\"elementor-tab-title-1442\"><p>Bildungsurlaub ist eine Ma\u00dfnahme zur Arbeitnehmerweiterbildung. Das hei\u00dft also,\u00a0 du hast einen gesetzlichen Anspruch darauf, wenn du Arbeitnehmer*in bist. Voraussetzung daf\u00fcr ist, dass du in einem Bundesland angestellt bist, welches ein Bildungsurlaubsgesetz hat (das sind momentan alle au\u00dfer Sachsen und Bayern). Dabei gilt der Arbeitsort, nicht der Wohnort.\u00a0<\/p><div class=\"accordion-description\"><div class=\"section\"><div class=\"section-inner\"><p class=\"rteBlock\">Bei Auszubildenden und Beamten gibt es je nach Bundesland teilweise Sonderregeln, die du am besten im Vorfeld direkt abkl\u00e4ren solltest. Auch f\u00fcr Kleinbetriebe werden in einigen Bundesl\u00e4ndern Ausnahmen gemacht, da hier nicht so leicht auf einzelne Arbeitnehmer verzichtet werden kann. Gleiches gilt f\u00fcr Arbeitnehmer*innen, die sich noch in der Probezeit befinden.<\/p><\/div><\/div><\/div><\/div>\n\t\t\t\t<\/div>\n\t\t\t\t\t\t\t<div class=\"elementor-accordion-item\">\n\t\t\t\t\t<div id=\"elementor-tab-title-1443\" class=\"elementor-tab-title\" data-tab=\"3\" role=\"button\" aria-controls=\"elementor-tab-content-1443\" aria-expanded=\"false\">\n\t\t\t\t\t\t\t\t\t\t\t\t\t<span class=\"elementor-accordion-icon elementor-accordion-icon-right\" aria-hidden=\"true\">\n\t\t\t\t\t\t\t\t\t\t\t\t\t\t\t<span class=\"elementor-accordion-icon-closed\"><i class=\"fas fa-plus\"><\/i><\/span>\n\t\t\t\t\t\t\t\t<span class=\"elementor-accordion-icon-opened\"><i class=\"fas fa-minus\"><\/i><\/span>\n\t\t\t\t\t\t\t\t\t\t\t\t\t\t<\/span>\n\t\t\t\t\t\t\t\t\t\t\t\t<a class=\"elementor-accordion-title\" tabindex=\"0\">Wieviel Bildungsurlaub steht mir zu?<\/a>\n\t\t\t\t\t<\/div>\n\t\t\t\t\t<div id=\"elementor-tab-content-1443\" class=\"elementor-tab-content elementor-clearfix\" data-tab=\"3\" role=\"region\" aria-labelledby=\"elementor-tab-title-1443\"><p>In der Regel besteht bei Vollzeitbesch\u00e4ftigten ein Anspruch auf 5 Tage, der auch auf das n\u00e4chste Jahr \u00fcbertragen werden kann.\u00a0<\/p><\/div>\n\t\t\t\t<\/div>\n\t\t\t\t\t\t\t<div class=\"elementor-accordion-item\">\n\t\t\t\t\t<div id=\"elementor-tab-title-1444\" class=\"elementor-tab-title\" data-tab=\"4\" role=\"button\" aria-controls=\"elementor-tab-content-1444\" aria-expanded=\"false\">\n\t\t\t\t\t\t\t\t\t\t\t\t\t<span class=\"elementor-accordion-icon elementor-accordion-icon-right\" aria-hidden=\"true\">\n\t\t\t\t\t\t\t\t\t\t\t\t\t\t\t<span class=\"elementor-accordion-icon-closed\"><i class=\"fas fa-plus\"><\/i><\/span>\n\t\t\t\t\t\t\t\t<span class=\"elementor-accordion-icon-opened\"><i class=\"fas fa-minus\"><\/i><\/span>\n\t\t\t\t\t\t\t\t\t\t\t\t\t\t<\/span>\n\t\t\t\t\t\t\t\t\t\t\t\t<a class=\"elementor-accordion-title\" tabindex=\"0\">Kann mein Arbeitgeber den Bildungsurlaub ablehnen?<\/a>\n\t\t\t\t\t<\/div>\n\t\t\t\t\t<div id=\"elementor-tab-content-1444\" class=\"elementor-tab-content elementor-clearfix\" data-tab=\"4\" role=\"region\" aria-labelledby=\"elementor-tab-title-1444\"><p>Ohne triftigen Grund darf dein Arbeitgeber einen Antrag auf Bildungsurlaub nicht ablehnen, sofern er formal korrekt und fr\u00fchzeitig genug gestellt wurde. Nur, wenn dringende betriebliche oder dienstliche Gr\u00fcnde dagegen sprechen, ist eine Ablehnung m\u00f6glich. Das w\u00e4re beispielsweise der Fall, wenn zum Zeitpunkt der Veranstaltung keine Vertretungsregelung m\u00f6glich ist.\u00a0<\/p><p class=\"rteBlock\">Au\u00dferdem gibt es bei kleinen Betrieben oder f\u00fcr Auszubildende h\u00e4ufig Sonderregelungen. In manchen Bundesl\u00e4ndern muss das Arbeitsverh\u00e4ltnis f\u00fcr eine bestimmte Zeit bestehen (z.B. 6 Monate), bevor Bildungsurlaub gew\u00e4hrt wird. Bitte informiere dich vorab \u00fcber die Rahmenbedingungen in deinem Bundesland.<\/p><\/div>\n\t\t\t\t<\/div>\n\t\t\t\t\t\t\t<div class=\"elementor-accordion-item\">\n\t\t\t\t\t<div id=\"elementor-tab-title-1445\" class=\"elementor-tab-title\" data-tab=\"5\" role=\"button\" aria-controls=\"elementor-tab-content-1445\" aria-expanded=\"false\">\n\t\t\t\t\t\t\t\t\t\t\t\t\t<span class=\"elementor-accordion-icon elementor-accordion-icon-right\" aria-hidden=\"true\">\n\t\t\t\t\t\t\t\t\t\t\t\t\t\t\t<span class=\"elementor-accordion-icon-closed\"><i class=\"fas fa-plus\"><\/i><\/span>\n\t\t\t\t\t\t\t\t<span class=\"elementor-accordion-icon-opened\"><i class=\"fas fa-minus\"><\/i><\/span>\n\t\t\t\t\t\t\t\t\t\t\t\t\t\t<\/span>\n\t\t\t\t\t\t\t\t\t\t\t\t<a class=\"elementor-accordion-title\" tabindex=\"0\">Muss das Seminarthema etwas mit meinem Job zu tun haben?<\/a>\n\t\t\t\t\t<\/div>\n\t\t\t\t\t<div id=\"elementor-tab-content-1445\" class=\"elementor-tab-content elementor-clearfix\" data-tab=\"5\" role=\"region\" aria-labelledby=\"elementor-tab-title-1445\"><p>Nicht unbedingt. Das Thema deines Bildungsurlaubes kannst du frei ausw\u00e4hlen, das f\u00fcr dein Bundesland anerkannt sind. Es muss nicht zwingend etwas mit deinem aktuellen Job zu tun haben.<\/p><\/div>\n\t\t\t\t<\/div>\n\t\t\t\t\t\t\t<div class=\"elementor-accordion-item\">\n\t\t\t\t\t<div id=\"elementor-tab-title-1446\" class=\"elementor-tab-title\" data-tab=\"6\" role=\"button\" aria-controls=\"elementor-tab-content-1446\" aria-expanded=\"false\">\n\t\t\t\t\t\t\t\t\t\t\t\t\t<span class=\"elementor-accordion-icon elementor-accordion-icon-right\" aria-hidden=\"true\">\n\t\t\t\t\t\t\t\t\t\t\t\t\t\t\t<span class=\"elementor-accordion-icon-closed\"><i class=\"fas fa-plus\"><\/i><\/span>\n\t\t\t\t\t\t\t\t<span class=\"elementor-accordion-icon-opened\"><i class=\"fas fa-minus\"><\/i><\/span>\n\t\t\t\t\t\t\t\t\t\t\t\t\t\t<\/span>\n\t\t\t\t\t\t\t\t\t\t\t\t<a class=\"elementor-accordion-title\" tabindex=\"0\">Darf ich an diesem Seminar auch teilnehmen, wenn ich keinen Anspruch auf Bildungsurlaub habe?<\/a>\n\t\t\t\t\t<\/div>\n\t\t\t\t\t<div id=\"elementor-tab-content-1446\" class=\"elementor-tab-content elementor-clearfix\" data-tab=\"6\" role=\"region\" aria-labelledby=\"elementor-tab-title-1446\"><p>Ja. <strong>Alle<\/strong> <strong>Interessierten<\/strong> d\u00fcrfen an den Seminaren teilnehmen \u2013 ob ein Anspruch auf Bildungsurlaub besteht oder nicht.\u00a0<\/p><\/div>\n\t\t\t\t<\/div>\n\t\t\t\t\t\t\t<div class=\"elementor-accordion-item\">\n\t\t\t\t\t<div id=\"elementor-tab-title-1447\" class=\"elementor-tab-title\" data-tab=\"7\" role=\"button\" aria-controls=\"elementor-tab-content-1447\" aria-expanded=\"false\">\n\t\t\t\t\t\t\t\t\t\t\t\t\t<span class=\"elementor-accordion-icon elementor-accordion-icon-right\" aria-hidden=\"true\">\n\t\t\t\t\t\t\t\t\t\t\t\t\t\t\t<span class=\"elementor-accordion-icon-closed\"><i class=\"fas fa-plus\"><\/i><\/span>\n\t\t\t\t\t\t\t\t<span class=\"elementor-accordion-icon-opened\"><i class=\"fas fa-minus\"><\/i><\/span>\n\t\t\t\t\t\t\t\t\t\t\t\t\t\t<\/span>\n\t\t\t\t\t\t\t\t\t\t\t\t<a class=\"elementor-accordion-title\" tabindex=\"0\"> Gibt es Teilnahmevoraussetzungen f\u00fcr dieses Seminar?<\/a>\n\t\t\t\t\t<\/div>\n\t\t\t\t\t<div id=\"elementor-tab-content-1447\" class=\"elementor-tab-content elementor-clearfix\" data-tab=\"7\" role=\"region\" aria-labelledby=\"elementor-tab-title-1447\"><p>Au\u00dfer Offenheit und Interesse an den Seminar-Themen sowie der Bereitschaft zur Entschleunigung gibt es grunds\u00e4tzlich keine Teilnahmevoraussetzungen. Inhaltliche Vorkenntnisse \u00fcber die jeweiligen Seminarthemen oder Yoga- bzw. Meditationserfahrung sind nicht n\u00f6tig. Alle Interessierten ohne gr\u00f6\u00dfere k\u00f6rperliche Einschr\u00e4nkungen k\u00f6nnen an den Bildungsurlaubs-Seminaren teilnehmen.\u00a0<\/p><p class=\"rteBlock\">Solltest du k\u00f6rperlich oder gesundheitlich stark eingeschr\u00e4nkt sein, berate ich dich im Vorfeld gerne, ob das Seminar f\u00fcr dich geeignet ist.<\/p><\/div>\n\t\t\t\t<\/div>\n\t\t\t\t\t\t\t<div class=\"elementor-accordion-item\">\n\t\t\t\t\t<div id=\"elementor-tab-title-1448\" class=\"elementor-tab-title\" data-tab=\"8\" role=\"button\" aria-controls=\"elementor-tab-content-1448\" aria-expanded=\"false\">\n\t\t\t\t\t\t\t\t\t\t\t\t\t<span class=\"elementor-accordion-icon elementor-accordion-icon-right\" aria-hidden=\"true\">\n\t\t\t\t\t\t\t\t\t\t\t\t\t\t\t<span class=\"elementor-accordion-icon-closed\"><i class=\"fas fa-plus\"><\/i><\/span>\n\t\t\t\t\t\t\t\t<span class=\"elementor-accordion-icon-opened\"><i class=\"fas fa-minus\"><\/i><\/span>\n\t\t\t\t\t\t\t\t\t\t\t\t\t\t<\/span>\n\t\t\t\t\t\t\t\t\t\t\t\t<a class=\"elementor-accordion-title\" tabindex=\"0\"> Wie sind die Zahlungs- und Stornobedingungen f\u00fcr den Bildungsurlaub?<\/a>\n\t\t\t\t\t<\/div>\n\t\t\t\t\t<div id=\"elementor-tab-content-1448\" class=\"elementor-tab-content elementor-clearfix\" data-tab=\"8\" role=\"region\" aria-labelledby=\"elementor-tab-title-1448\"><p>Die Zahlungsbedingungen f\u00fcr deine Seminargeb\u00fchr findest du in Ihrer Anmeldebest\u00e4tigung \/ Rechnung, die du bei Anmeldung erh\u00e4ltst.\u00a0<\/p><p>Die Storno- und Umbuchungsbedingungen entnimmst du bitte den <a href=\"https:\/\/doreenpalke.com\/agb\/\">AGB<\/a>. Erg\u00e4nzend zu den AGB gelten selbstverst\u00e4ndlich die gesetzlichen <a href=\"https:\/\/doreenpalke.com\/wp-content\/uploads\/2026\/04\/Widerruf-Formular-Bildungsurlaub.pdf\">Widerrufsm\u00f6glichkeiten<\/a>.<\/p><p>Ich empfehle grunds\u00e4tzlich den Abschluss einer Seminar- und Reiser\u00fccktrittskostenversicherung, die dich absichert, falls du krank wirst. Solltest du einzelne Seminartage verpassen, k\u00f6nnen diese Tage leider nicht kostenfrei nachgeholt oder erstattet werden.\u00a0<\/p><\/div>\n\t\t\t\t<\/div>\n\t\t\t\t\t\t\t\t<\/div>\n\t\t\t\t\t\t<\/div>\n\t\t\t\t<\/div>\n\t\t\t\t\t<\/div>\n\t\t<\/div>\n\t\t\t\t\t<\/div>\n\t\t<\/section>\n\t\t\t\t<section class=\"elementor-section elementor-top-section elementor-element elementor-element-292e3ee2 elementor-section-stretched elementor-section-boxed elementor-section-height-default elementor-section-height-default\" data-id=\"292e3ee2\" data-element_type=\"section\" data-e-type=\"section\" data-settings=\"{&quot;background_background&quot;:&quot;classic&quot;,&quot;stretch_section&quot;:&quot;section-stretched&quot;}\">\n\t\t\t\t\t\t<div class=\"elementor-container elementor-column-gap-default\">\n\t\t\t\t\t<div class=\"elementor-column elementor-col-100 elementor-top-column elementor-element elementor-element-263ee151\" data-id=\"263ee151\" data-element_type=\"column\" data-e-type=\"column\" data-settings=\"{&quot;background_background&quot;:&quot;classic&quot;}\">\n\t\t\t<div class=\"elementor-widget-wrap elementor-element-populated\">\n\t\t\t\t\t\t<div class=\"elementor-element elementor-element-6c2a4c2 elementor-widget elementor-widget-heading\" data-id=\"6c2a4c2\" data-element_type=\"widget\" data-e-type=\"widget\" data-widget_type=\"heading.default\">\n\t\t\t\t<div class=\"elementor-widget-container\">\n\t\t\t\t\t<h3 class=\"elementor-heading-title elementor-size-default\">Newsletter<\/h3>\t\t\t\t<\/div>\n\t\t\t\t<\/div>\n\t\t\t\t<div class=\"elementor-element elementor-element-7e60b6f2 elementor-widget elementor-widget-text-editor\" data-id=\"7e60b6f2\" data-element_type=\"widget\" data-e-type=\"widget\" data-widget_type=\"text-editor.default\">\n\t\t\t\t<div class=\"elementor-widget-container\">\n\t\t\t\t\t\t\t\t\t<p>Melde dich f\u00fcr meinen Newsletter an f\u00fcr regelm\u00e4\u00dfige Tipps und neue Impulse rund um das Thema Ayurveda und Frauengesundheit.<\/p>\t\t\t\t\t\t\t\t<\/div>\n\t\t\t\t<\/div>\n\t\t\t\t<div class=\"elementor-element elementor-element-2acb3006 elementor-button-align-stretch elementor-widget elementor-widget-form\" data-id=\"2acb3006\" data-element_type=\"widget\" data-e-type=\"widget\" data-settings=\"{&quot;button_width&quot;:&quot;25&quot;,&quot;step_next_label&quot;:&quot;N\\u00e4chster&quot;,&quot;step_previous_label&quot;:&quot;Voriger&quot;,&quot;step_type&quot;:&quot;number_text&quot;,&quot;step_icon_shape&quot;:&quot;circle&quot;}\" data-widget_type=\"form.default\">\n\t\t\t\t<div class=\"elementor-widget-container\">\n\t\t\t\t\t\t\t<form class=\"elementor-form\" method=\"post\" name=\"Newsletter\" aria-label=\"Newsletter\" novalidate=\"\">\n\t\t\t<input type=\"hidden\" name=\"post_id\" value=\"15762\"\/>\n\t\t\t<input type=\"hidden\" name=\"form_id\" value=\"2acb3006\"\/>\n\t\t\t<input type=\"hidden\" name=\"referer_title\" value=\"\" \/>\n\n\t\t\t\n\t\t\t<div class=\"elementor-form-fields-wrapper elementor-labels-\">\n\t\t\t\t\t\t\t\t<div class=\"elementor-field-type-text elementor-field-group elementor-column elementor-field-group-email elementor-col-25 elementor-field-required\">\n\t\t\t\t\t\t\t\t\t\t\t\t\t<input size=\"1\" type=\"text\" name=\"form_fields[email]\" id=\"form-field-email\" class=\"elementor-field elementor-size-md  elementor-field-textual\" placeholder=\"Dein Vorname\" required=\"required\">\n\t\t\t\t\t\t\t\t\t\t\t<\/div>\n\t\t\t\t\t\t\t\t<div class=\"elementor-field-type-text elementor-field-group elementor-column elementor-field-group-field_7a628da elementor-col-25 elementor-field-required\">\n\t\t\t\t\t\t\t\t\t\t\t\t\t<input size=\"1\" type=\"text\" name=\"form_fields[field_7a628da]\" id=\"form-field-field_7a628da\" class=\"elementor-field elementor-size-md  elementor-field-textual\" placeholder=\"Dein Nachname\" required=\"required\">\n\t\t\t\t\t\t\t\t\t\t\t<\/div>\n\t\t\t\t\t\t\t\t<div class=\"elementor-field-type-email elementor-field-group elementor-column elementor-field-group-field_8329588 elementor-col-25 elementor-field-required\">\n\t\t\t\t\t\t\t\t\t\t\t\t\t<input size=\"1\" type=\"email\" name=\"form_fields[field_8329588]\" id=\"form-field-field_8329588\" class=\"elementor-field elementor-size-md  elementor-field-textual\" placeholder=\"Deine E-Mail-Adresse\" required=\"required\">\n\t\t\t\t\t\t\t\t\t\t\t<\/div>\n\t\t\t\t\t\t\t\t<div class=\"elementor-field-group elementor-column elementor-field-type-submit elementor-col-25 e-form__buttons\">\n\t\t\t\t\t<button class=\"elementor-button elementor-size-md\" type=\"submit\">\n\t\t\t\t\t\t<span class=\"elementor-button-content-wrapper\">\n\t\t\t\t\t\t\t\t\t\t\t\t\t\t\t\t\t\t\t\t\t\t<span class=\"elementor-button-text\">Anmelden<\/span>\n\t\t\t\t\t\t\t\t\t\t\t\t\t<\/span>\n\t\t\t\t\t<\/button>\n\t\t\t\t<\/div>\n\t\t\t<\/div>\n\t\t<\/form>\n\t\t\t\t\t\t<\/div>\n\t\t\t\t<\/div>\n\t\t\t\t<div class=\"elementor-element elementor-element-1f7eaf9e elementor-widget elementor-widget-text-editor\" data-id=\"1f7eaf9e\" data-element_type=\"widget\" data-e-type=\"widget\" data-widget_type=\"text-editor.default\">\n\t\t\t\t<div class=\"elementor-widget-container\">\n\t\t\t\t\t\t\t\t\t<p>*Mit deiner Anmeldung meldest du dich automatisch auch f\u00fcr meinen Newsletter an und erh\u00e4ltst regelm\u00e4\u00dfige Tipps zum Thema Ayurveda und Frauengesundheit. Du kannst dich jederzeit wieder austragen. Weitere Informationen zur Nutzung deiner Daten findest du hier: <a href=\"https:\/\/doreenpalke.com\/datenschutz\/\">Datenschutzerkl\u00e4rung<\/a>.<\/p>\t\t\t\t\t\t\t\t<\/div>\n\t\t\t\t<\/div>\n\t\t\t\t\t<\/div>\n\t\t<\/div>\n\t\t\t\t\t<\/div>\n\t\t<\/section>\n\t\t\t\t<section class=\"elementor-section elementor-top-section elementor-element elementor-element-2797226d elementor-section-full_width elementor-section-height-default elementor-section-height-default\" data-id=\"2797226d\" data-element_type=\"section\" data-e-type=\"section\" data-settings=\"{&quot;background_background&quot;:&quot;classic&quot;}\">\n\t\t\t\t\t\t<div class=\"elementor-container elementor-column-gap-no\">\n\t\t\t\t\t<div class=\"elementor-column elementor-col-33 elementor-top-column elementor-element elementor-element-4a9f5fe4\" data-id=\"4a9f5fe4\" data-element_type=\"column\" data-e-type=\"column\">\n\t\t\t<div class=\"elementor-widget-wrap elementor-element-populated\">\n\t\t\t\t\t\t<div class=\"elementor-element elementor-element-5bfe1634 elementor-widget elementor-widget-heading\" data-id=\"5bfe1634\" data-element_type=\"widget\" data-e-type=\"widget\" data-widget_type=\"heading.default\">\n\t\t\t\t<div class=\"elementor-widget-container\">\n\t\t\t\t\t<h2 class=\"elementor-heading-title elementor-size-default\">Praxis f\u00fcr \nAyurveda Medizin &amp; \nYogatherapie<\/h2>\t\t\t\t<\/div>\n\t\t\t\t<\/div>\n\t\t\t\t\t<\/div>\n\t\t<\/div>\n\t\t\t\t<div class=\"elementor-column elementor-col-33 elementor-top-column elementor-element elementor-element-c5efd00\" data-id=\"c5efd00\" data-element_type=\"column\" data-e-type=\"column\" data-settings=\"{&quot;background_background&quot;:&quot;classic&quot;}\">\n\t\t\t<div class=\"elementor-widget-wrap elementor-element-populated\">\n\t\t\t\t\t\t<div class=\"elementor-element elementor-element-36d8c712 elementor-widget-divider--view-line elementor-widget elementor-widget-divider\" data-id=\"36d8c712\" data-element_type=\"widget\" data-e-type=\"widget\" data-widget_type=\"divider.default\">\n\t\t\t\t<div class=\"elementor-widget-container\">\n\t\t\t\t\t\t\t<div class=\"elementor-divider\">\n\t\t\t<span class=\"elementor-divider-separator\">\n\t\t\t\t\t\t<\/span>\n\t\t<\/div>\n\t\t\t\t\t\t<\/div>\n\t\t\t\t<\/div>\n\t\t\t\t<div class=\"elementor-element elementor-element-64ec0864 elementor-widget elementor-widget-text-editor\" data-id=\"64ec0864\" data-element_type=\"widget\" data-e-type=\"widget\" data-widget_type=\"text-editor.default\">\n\t\t\t\t<div class=\"elementor-widget-container\">\n\t\t\t\t\t\t\t\t\t<p>\u00a0<\/p><p>Kontakt<\/p>\t\t\t\t\t\t\t\t<\/div>\n\t\t\t\t<\/div>\n\t\t\t\t<div class=\"elementor-element elementor-element-4dc148c5 elementor-widget elementor-widget-heading\" data-id=\"4dc148c5\" data-element_type=\"widget\" data-e-type=\"widget\" data-widget_type=\"heading.default\">\n\t\t\t\t<div class=\"elementor-widget-container\">\n\t\t\t\t\t<h2 class=\"elementor-heading-title elementor-size-default\">Benzstr. 4<br>\n\n14482 Potsdam<br>\n\nDeutschland<br><br>\n\n+49 176 282 331 83<br>\n\ndoreen@doreenpalke.com<\/h2>\t\t\t\t<\/div>\n\t\t\t\t<\/div>\n\t\t\t\t<div class=\"elementor-element elementor-element-17df099b elementor-hidden-desktop elementor-hidden-mobile elementor-widget-divider--view-line elementor-widget elementor-widget-divider\" data-id=\"17df099b\" data-element_type=\"widget\" data-e-type=\"widget\" data-widget_type=\"divider.default\">\n\t\t\t\t<div class=\"elementor-widget-container\">\n\t\t\t\t\t\t\t<div class=\"elementor-divider\">\n\t\t\t<span class=\"elementor-divider-separator\">\n\t\t\t\t\t\t<\/span>\n\t\t<\/div>\n\t\t\t\t\t\t<\/div>\n\t\t\t\t<\/div>\n\t\t\t\t\t<\/div>\n\t\t<\/div>\n\t\t\t\t<div class=\"elementor-column elementor-col-33 elementor-top-column elementor-element elementor-element-18f00364\" data-id=\"18f00364\" data-element_type=\"column\" data-e-type=\"column\" data-settings=\"{&quot;background_background&quot;:&quot;classic&quot;}\">\n\t\t\t<div class=\"elementor-widget-wrap elementor-element-populated\">\n\t\t\t\t\t\t<div class=\"elementor-element elementor-element-943b659 elementor-widget-divider--view-line elementor-widget elementor-widget-divider\" data-id=\"943b659\" data-element_type=\"widget\" data-e-type=\"widget\" data-widget_type=\"divider.default\">\n\t\t\t\t<div class=\"elementor-widget-container\">\n\t\t\t\t\t\t\t<div class=\"elementor-divider\">\n\t\t\t<span class=\"elementor-divider-separator\">\n\t\t\t\t\t\t<\/span>\n\t\t<\/div>\n\t\t\t\t\t\t<\/div>\n\t\t\t\t<\/div>\n\t\t\t\t<div class=\"elementor-element elementor-element-32c14436 elementor-widget elementor-widget-text-editor\" data-id=\"32c14436\" data-element_type=\"widget\" data-e-type=\"widget\" data-widget_type=\"text-editor.default\">\n\t\t\t\t<div class=\"elementor-widget-container\">\n\t\t\t\t\t\t\t\t\t<p>\u00a0<\/p><p>Rechtliche Hinweise<\/p>\t\t\t\t\t\t\t\t<\/div>\n\t\t\t\t<\/div>\n\t\t\t\t<div class=\"elementor-element elementor-element-9038737 elementor-widget elementor-widget-heading\" data-id=\"9038737\" data-element_type=\"widget\" data-e-type=\"widget\" data-widget_type=\"heading.default\">\n\t\t\t\t<div class=\"elementor-widget-container\">\n\t\t\t\t\t<h4 class=\"elementor-heading-title elementor-size-default\"><a href=\"https:\/\/doreenpalke.com\/impressum\/\">Impressum<\/a><\/h4>\t\t\t\t<\/div>\n\t\t\t\t<\/div>\n\t\t\t\t<div class=\"elementor-element elementor-element-301b7331 elementor-widget elementor-widget-heading\" data-id=\"301b7331\" data-element_type=\"widget\" data-e-type=\"widget\" data-widget_type=\"heading.default\">\n\t\t\t\t<div class=\"elementor-widget-container\">\n\t\t\t\t\t<h4 class=\"elementor-heading-title elementor-size-default\"><a href=\"https:\/\/doreenpalke.com\/agb\/\">AGB Allg. Gesch\u00e4ftsbedigungen<\/a><\/h4>\t\t\t\t<\/div>\n\t\t\t\t<\/div>\n\t\t\t\t<div class=\"elementor-element elementor-element-4c6c6d98 elementor-widget elementor-widget-heading\" data-id=\"4c6c6d98\" data-element_type=\"widget\" data-e-type=\"widget\" data-widget_type=\"heading.default\">\n\t\t\t\t<div class=\"elementor-widget-container\">\n\t\t\t\t\t<h4 class=\"elementor-heading-title elementor-size-default\"><a href=\"https:\/\/doreenpalke.com\/datenschutz\/\">Datenschutz<\/a><\/h4>\t\t\t\t<\/div>\n\t\t\t\t<\/div>\n\t\t\t\t<div class=\"elementor-element elementor-element-76d52ef elementor-hidden-desktop elementor-hidden-mobile elementor-widget-divider--view-line elementor-widget elementor-widget-divider\" data-id=\"76d52ef\" data-element_type=\"widget\" data-e-type=\"widget\" data-widget_type=\"divider.default\">\n\t\t\t\t<div class=\"elementor-widget-container\">\n\t\t\t\t\t\t\t<div class=\"elementor-divider\">\n\t\t\t<span class=\"elementor-divider-separator\">\n\t\t\t\t\t\t<\/span>\n\t\t<\/div>\n\t\t\t\t\t\t<\/div>\n\t\t\t\t<\/div>\n\t\t\t\t\t<\/div>\n\t\t<\/div>\n\t\t\t\t\t<\/div>\n\t\t<\/section>\n\t\t\t\t<section class=\"elementor-section elementor-top-section elementor-element elementor-element-44d80b02 elementor-section-boxed elementor-section-height-default elementor-section-height-default\" data-id=\"44d80b02\" data-element_type=\"section\" data-e-type=\"section\" data-settings=\"{&quot;background_background&quot;:&quot;classic&quot;}\">\n\t\t\t\t\t\t<div class=\"elementor-container elementor-column-gap-default\">\n\t\t\t\t\t<div class=\"elementor-column elementor-col-100 elementor-top-column elementor-element elementor-element-3aca915a\" data-id=\"3aca915a\" data-element_type=\"column\" data-e-type=\"column\">\n\t\t\t<div class=\"elementor-widget-wrap elementor-element-populated\">\n\t\t\t\t\t\t<div class=\"elementor-element elementor-element-2a441606 e-grid-align-left elementor-shape-rounded elementor-grid-0 elementor-widget elementor-widget-social-icons\" data-id=\"2a441606\" data-element_type=\"widget\" data-e-type=\"widget\" data-widget_type=\"social-icons.default\">\n\t\t\t\t<div class=\"elementor-widget-container\">\n\t\t\t\t\t\t\t<div class=\"elementor-social-icons-wrapper elementor-grid\" role=\"list\">\n\t\t\t\t\t\t\t<span class=\"elementor-grid-item\" role=\"listitem\">\n\t\t\t\t\t<a class=\"elementor-icon elementor-social-icon elementor-social-icon-facebook elementor-repeater-item-178c6fe\" href=\"https:\/\/www.facebook.com\/profile.php?id=100093270873268\" target=\"_blank\" rel=\"noopener\">\n\t\t\t\t\t\t<span class=\"elementor-screen-only\">Facebook<\/span>\n\t\t\t\t\t\t<i aria-hidden=\"true\" class=\"fab fa-facebook\"><\/i>\t\t\t\t\t<\/a>\n\t\t\t\t<\/span>\n\t\t\t\t\t\t\t<span class=\"elementor-grid-item\" role=\"listitem\">\n\t\t\t\t\t<a class=\"elementor-icon elementor-social-icon elementor-social-icon-instagram elementor-repeater-item-4255f62\" href=\"https:\/\/www.instagram.com\/doreenpalke___ayurveda\/\" target=\"_blank\" rel=\"noopener\">\n\t\t\t\t\t\t<span class=\"elementor-screen-only\">Instagram<\/span>\n\t\t\t\t\t\t<i aria-hidden=\"true\" class=\"fab fa-instagram\"><\/i>\t\t\t\t\t<\/a>\n\t\t\t\t<\/span>\n\t\t\t\t\t\t\t<span class=\"elementor-grid-item\" role=\"listitem\">\n\t\t\t\t\t<a class=\"elementor-icon elementor-social-icon elementor-social-icon-linkedin elementor-repeater-item-f24a658\" href=\"https:\/\/www.linkedin.com\/in\/doreen-palke-a39418203\/\" target=\"_blank\" rel=\"noopener\">\n\t\t\t\t\t\t<span class=\"elementor-screen-only\">Linkedin<\/span>\n\t\t\t\t\t\t<i aria-hidden=\"true\" class=\"fab fa-linkedin\"><\/i>\t\t\t\t\t<\/a>\n\t\t\t\t<\/span>\n\t\t\t\t\t<\/div>\n\t\t\t\t\t\t<\/div>\n\t\t\t\t<\/div>\n\t\t\t\t<div class=\"elementor-element elementor-element-7491eb38 elementor-widget elementor-widget-text-editor\" data-id=\"7491eb38\" data-element_type=\"widget\" data-e-type=\"widget\" data-widget_type=\"text-editor.default\">\n\t\t\t\t<div class=\"elementor-widget-container\">\n\t\t\t\t\t\t\t\t\t<p>\u00a9 2026 Doreen Palke. Praxis f\u00fcr Ayurveda Medizin &amp; Yogatherapie<\/p>\t\t\t\t\t\t\t\t<\/div>\n\t\t\t\t<\/div>\n\t\t\t\t\t<\/div>\n\t\t<\/div>\n\t\t\t\t\t<\/div>\n\t\t<\/section>\n\t\t\t\t<section class=\"elementor-section elementor-top-section elementor-element elementor-element-1c58dcc4 elementor-section-stretched elementor-section-boxed elementor-section-height-default elementor-section-height-default\" data-id=\"1c58dcc4\" data-element_type=\"section\" data-e-type=\"section\" data-settings=\"{&quot;background_background&quot;:&quot;classic&quot;,&quot;stretch_section&quot;:&quot;section-stretched&quot;}\">\n\t\t\t\t\t\t<div class=\"elementor-container elementor-column-gap-default\">\n\t\t\t\t\t<div class=\"elementor-column elementor-col-100 elementor-top-column elementor-element elementor-element-1298f748\" data-id=\"1298f748\" data-element_type=\"column\" data-e-type=\"column\" data-settings=\"{&quot;background_background&quot;:&quot;classic&quot;}\">\n\t\t\t<div class=\"elementor-widget-wrap elementor-element-populated\">\n\t\t\t\t\t\t<div class=\"elementor-element elementor-element-55c6891d elementor-widget elementor-widget-heading\" data-id=\"55c6891d\" data-element_type=\"widget\" data-e-type=\"widget\" data-widget_type=\"heading.default\">\n\t\t\t\t<div class=\"elementor-widget-container\">\n\t\t\t\t\t<h3 class=\"elementor-heading-title elementor-size-default\">Newsletter<\/h3>\t\t\t\t<\/div>\n\t\t\t\t<\/div>\n\t\t\t\t<div class=\"elementor-element elementor-element-7de815f4 elementor-widget elementor-widget-text-editor\" data-id=\"7de815f4\" data-element_type=\"widget\" data-e-type=\"widget\" data-widget_type=\"text-editor.default\">\n\t\t\t\t<div class=\"elementor-widget-container\">\n\t\t\t\t\t\t\t\t\t<p>Melde dich f\u00fcr meinen Newsletter an f\u00fcr regelm\u00e4\u00dfige Tipps und neue Impulse rund um das Thema Ayurveda und Frauengesundheit.<\/p>\t\t\t\t\t\t\t\t<\/div>\n\t\t\t\t<\/div>\n\t\t\t\t<div class=\"elementor-element elementor-element-60ea6c41 elementor-button-align-stretch elementor-widget elementor-widget-form\" data-id=\"60ea6c41\" data-element_type=\"widget\" data-e-type=\"widget\" data-settings=\"{&quot;button_width&quot;:&quot;25&quot;,&quot;step_next_label&quot;:&quot;N\\u00e4chster&quot;,&quot;step_previous_label&quot;:&quot;Voriger&quot;,&quot;step_type&quot;:&quot;number_text&quot;,&quot;step_icon_shape&quot;:&quot;circle&quot;}\" data-widget_type=\"form.default\">\n\t\t\t\t<div class=\"elementor-widget-container\">\n\t\t\t\t\t\t\t<form class=\"elementor-form\" method=\"post\" name=\"Newsletter\" aria-label=\"Newsletter\" novalidate=\"\">\n\t\t\t<input type=\"hidden\" name=\"post_id\" value=\"15762\"\/>\n\t\t\t<input type=\"hidden\" name=\"form_id\" value=\"60ea6c41\"\/>\n\t\t\t<input type=\"hidden\" name=\"referer_title\" value=\"\" \/>\n\n\t\t\t\n\t\t\t<div class=\"elementor-form-fields-wrapper elementor-labels-\">\n\t\t\t\t\t\t\t\t<div class=\"elementor-field-type-text elementor-field-group elementor-column elementor-field-group-email elementor-col-25 elementor-field-required\">\n\t\t\t\t\t\t\t\t\t\t\t\t\t<input size=\"1\" type=\"text\" name=\"form_fields[email]\" id=\"form-field-email\" class=\"elementor-field elementor-size-md  elementor-field-textual\" placeholder=\"Dein Vorname\" required=\"required\">\n\t\t\t\t\t\t\t\t\t\t\t<\/div>\n\t\t\t\t\t\t\t\t<div class=\"elementor-field-type-text elementor-field-group elementor-column elementor-field-group-field_7a628da elementor-col-25 elementor-field-required\">\n\t\t\t\t\t\t\t\t\t\t\t\t\t<input size=\"1\" type=\"text\" name=\"form_fields[field_7a628da]\" id=\"form-field-field_7a628da\" class=\"elementor-field elementor-size-md  elementor-field-textual\" placeholder=\"Dein Nachname\" required=\"required\">\n\t\t\t\t\t\t\t\t\t\t\t<\/div>\n\t\t\t\t\t\t\t\t<div class=\"elementor-field-type-email elementor-field-group elementor-column elementor-field-group-field_8329588 elementor-col-25 elementor-field-required\">\n\t\t\t\t\t\t\t\t\t\t\t\t\t<input size=\"1\" type=\"email\" name=\"form_fields[field_8329588]\" id=\"form-field-field_8329588\" class=\"elementor-field elementor-size-md  elementor-field-textual\" placeholder=\"Deine E-Mail-Adresse\" required=\"required\">\n\t\t\t\t\t\t\t\t\t\t\t<\/div>\n\t\t\t\t\t\t\t\t<div class=\"elementor-field-group elementor-column elementor-field-type-submit elementor-col-25 e-form__buttons\">\n\t\t\t\t\t<button class=\"elementor-button elementor-size-md\" type=\"submit\">\n\t\t\t\t\t\t<span class=\"elementor-button-content-wrapper\">\n\t\t\t\t\t\t\t\t\t\t\t\t\t\t\t\t\t\t\t\t\t\t<span class=\"elementor-button-text\">Anmelden<\/span>\n\t\t\t\t\t\t\t\t\t\t\t\t\t<\/span>\n\t\t\t\t\t<\/button>\n\t\t\t\t<\/div>\n\t\t\t<\/div>\n\t\t<\/form>\n\t\t\t\t\t\t<\/div>\n\t\t\t\t<\/div>\n\t\t\t\t<div class=\"elementor-element elementor-element-6ae8122 elementor-widget elementor-widget-text-editor\" data-id=\"6ae8122\" data-element_type=\"widget\" data-e-type=\"widget\" data-widget_type=\"text-editor.default\">\n\t\t\t\t<div class=\"elementor-widget-container\">\n\t\t\t\t\t\t\t\t\t<p>*Mit deiner Anmeldung meldest du dich automatisch auch f\u00fcr meinen Newsletter an und erh\u00e4ltst regelm\u00e4\u00dfige Tipps zum Thema Ayurveda und Frauengesundheit. Du kannst dich jederzeit wieder austragen. Weitere Informationen zur Nutzung deiner Daten findest du hier: <a href=\"https:\/\/doreenpalke.com\/datenschutz\/\">Datenschutzerkl\u00e4rung<\/a>.<\/p>\t\t\t\t\t\t\t\t<\/div>\n\t\t\t\t<\/div>\n\t\t\t\t\t<\/div>\n\t\t<\/div>\n\t\t\t\t\t<\/div>\n\t\t<\/section>\n\t\t\t\t<section class=\"elementor-section elementor-top-section elementor-element elementor-element-1945a563 elementor-section-full_width elementor-section-height-default elementor-section-height-default\" data-id=\"1945a563\" data-element_type=\"section\" data-e-type=\"section\" data-settings=\"{&quot;background_background&quot;:&quot;classic&quot;}\">\n\t\t\t\t\t\t<div class=\"elementor-container elementor-column-gap-no\">\n\t\t\t\t\t<div class=\"elementor-column elementor-col-33 elementor-top-column elementor-element elementor-element-3cbc488e\" data-id=\"3cbc488e\" data-element_type=\"column\" data-e-type=\"column\">\n\t\t\t<div class=\"elementor-widget-wrap elementor-element-populated\">\n\t\t\t\t\t\t<div class=\"elementor-element elementor-element-66aa7444 elementor-widget elementor-widget-heading\" data-id=\"66aa7444\" data-element_type=\"widget\" data-e-type=\"widget\" data-widget_type=\"heading.default\">\n\t\t\t\t<div class=\"elementor-widget-container\">\n\t\t\t\t\t<h2 class=\"elementor-heading-title elementor-size-default\">Praxis f\u00fcr \nAyurveda Medizin &amp; \nYogatherapie<\/h2>\t\t\t\t<\/div>\n\t\t\t\t<\/div>\n\t\t\t\t\t<\/div>\n\t\t<\/div>\n\t\t\t\t<div class=\"elementor-column elementor-col-33 elementor-top-column elementor-element elementor-element-39ee4075\" data-id=\"39ee4075\" data-element_type=\"column\" data-e-type=\"column\" data-settings=\"{&quot;background_background&quot;:&quot;classic&quot;}\">\n\t\t\t<div class=\"elementor-widget-wrap elementor-element-populated\">\n\t\t\t\t\t\t<div class=\"elementor-element elementor-element-46a2ec67 elementor-widget-divider--view-line elementor-widget elementor-widget-divider\" data-id=\"46a2ec67\" data-element_type=\"widget\" data-e-type=\"widget\" data-widget_type=\"divider.default\">\n\t\t\t\t<div class=\"elementor-widget-container\">\n\t\t\t\t\t\t\t<div class=\"elementor-divider\">\n\t\t\t<span class=\"elementor-divider-separator\">\n\t\t\t\t\t\t<\/span>\n\t\t<\/div>\n\t\t\t\t\t\t<\/div>\n\t\t\t\t<\/div>\n\t\t\t\t<div class=\"elementor-element elementor-element-595553d1 elementor-widget elementor-widget-text-editor\" data-id=\"595553d1\" data-element_type=\"widget\" data-e-type=\"widget\" data-widget_type=\"text-editor.default\">\n\t\t\t\t<div class=\"elementor-widget-container\">\n\t\t\t\t\t\t\t\t\t<p>\u00a0<\/p><p>Kontakt<\/p>\t\t\t\t\t\t\t\t<\/div>\n\t\t\t\t<\/div>\n\t\t\t\t<div class=\"elementor-element elementor-element-7ade8ff9 elementor-widget elementor-widget-heading\" data-id=\"7ade8ff9\" data-element_type=\"widget\" data-e-type=\"widget\" data-widget_type=\"heading.default\">\n\t\t\t\t<div class=\"elementor-widget-container\">\n\t\t\t\t\t<h2 class=\"elementor-heading-title elementor-size-default\">Benzstr. 4<br>\n\n14482 Potsdam<br>\n\nDeutschland<br><br>\n\n+49 176 282 331 83<br>\n\ndoreen@doreenpalke.com<\/h2>\t\t\t\t<\/div>\n\t\t\t\t<\/div>\n\t\t\t\t<div class=\"elementor-element elementor-element-2552486c elementor-hidden-desktop elementor-hidden-mobile elementor-widget-divider--view-line elementor-widget elementor-widget-divider\" data-id=\"2552486c\" data-element_type=\"widget\" data-e-type=\"widget\" data-widget_type=\"divider.default\">\n\t\t\t\t<div class=\"elementor-widget-container\">\n\t\t\t\t\t\t\t<div class=\"elementor-divider\">\n\t\t\t<span class=\"elementor-divider-separator\">\n\t\t\t\t\t\t<\/span>\n\t\t<\/div>\n\t\t\t\t\t\t<\/div>\n\t\t\t\t<\/div>\n\t\t\t\t\t<\/div>\n\t\t<\/div>\n\t\t\t\t<div class=\"elementor-column elementor-col-33 elementor-top-column elementor-element elementor-element-34f1fda0\" data-id=\"34f1fda0\" data-element_type=\"column\" data-e-type=\"column\" data-settings=\"{&quot;background_background&quot;:&quot;classic&quot;}\">\n\t\t\t<div class=\"elementor-widget-wrap elementor-element-populated\">\n\t\t\t\t\t\t<div class=\"elementor-element elementor-element-4b9ea66 elementor-widget-divider--view-line elementor-widget elementor-widget-divider\" data-id=\"4b9ea66\" data-element_type=\"widget\" data-e-type=\"widget\" data-widget_type=\"divider.default\">\n\t\t\t\t<div class=\"elementor-widget-container\">\n\t\t\t\t\t\t\t<div class=\"elementor-divider\">\n\t\t\t<span class=\"elementor-divider-separator\">\n\t\t\t\t\t\t<\/span>\n\t\t<\/div>\n\t\t\t\t\t\t<\/div>\n\t\t\t\t<\/div>\n\t\t\t\t<div class=\"elementor-element elementor-element-1a8f87e7 elementor-widget elementor-widget-text-editor\" data-id=\"1a8f87e7\" data-element_type=\"widget\" data-e-type=\"widget\" data-widget_type=\"text-editor.default\">\n\t\t\t\t<div class=\"elementor-widget-container\">\n\t\t\t\t\t\t\t\t\t<p>\u00a0<\/p><p>Rechtliche Hinweise<\/p>\t\t\t\t\t\t\t\t<\/div>\n\t\t\t\t<\/div>\n\t\t\t\t<div class=\"elementor-element elementor-element-3e1e9e69 elementor-widget elementor-widget-heading\" data-id=\"3e1e9e69\" data-element_type=\"widget\" data-e-type=\"widget\" data-widget_type=\"heading.default\">\n\t\t\t\t<div class=\"elementor-widget-container\">\n\t\t\t\t\t<h4 class=\"elementor-heading-title elementor-size-default\"><a href=\"https:\/\/doreenpalke.com\/impressum\/\">Impressum<\/a><\/h4>\t\t\t\t<\/div>\n\t\t\t\t<\/div>\n\t\t\t\t<div class=\"elementor-element elementor-element-f86d765 elementor-widget elementor-widget-heading\" data-id=\"f86d765\" data-element_type=\"widget\" data-e-type=\"widget\" data-widget_type=\"heading.default\">\n\t\t\t\t<div class=\"elementor-widget-container\">\n\t\t\t\t\t<h4 class=\"elementor-heading-title elementor-size-default\"><a href=\"https:\/\/doreenpalke.com\/agb\/\">AGB Allg. Gesch\u00e4ftsbedigungen<\/a><\/h4>\t\t\t\t<\/div>\n\t\t\t\t<\/div>\n\t\t\t\t<div class=\"elementor-element elementor-element-57237428 elementor-widget elementor-widget-heading\" data-id=\"57237428\" data-element_type=\"widget\" data-e-type=\"widget\" data-widget_type=\"heading.default\">\n\t\t\t\t<div class=\"elementor-widget-container\">\n\t\t\t\t\t<h4 class=\"elementor-heading-title elementor-size-default\"><a href=\"https:\/\/doreenpalke.com\/datenschutz\/\">Datenschutz<\/a><\/h4>\t\t\t\t<\/div>\n\t\t\t\t<\/div>\n\t\t\t\t<div class=\"elementor-element elementor-element-4c33ed18 elementor-hidden-desktop elementor-hidden-mobile elementor-widget-divider--view-line elementor-widget elementor-widget-divider\" data-id=\"4c33ed18\" data-element_type=\"widget\" data-e-type=\"widget\" data-widget_type=\"divider.default\">\n\t\t\t\t<div class=\"elementor-widget-container\">\n\t\t\t\t\t\t\t<div class=\"elementor-divider\">\n\t\t\t<span class=\"elementor-divider-separator\">\n\t\t\t\t\t\t<\/span>\n\t\t<\/div>\n\t\t\t\t\t\t<\/div>\n\t\t\t\t<\/div>\n\t\t\t\t\t<\/div>\n\t\t<\/div>\n\t\t\t\t\t<\/div>\n\t\t<\/section>\n\t\t\t\t<section class=\"elementor-section elementor-top-section elementor-element elementor-element-4d708eb1 elementor-section-boxed elementor-section-height-default elementor-section-height-default\" data-id=\"4d708eb1\" data-element_type=\"section\" data-e-type=\"section\" data-settings=\"{&quot;background_background&quot;:&quot;classic&quot;}\">\n\t\t\t\t\t\t<div class=\"elementor-container elementor-column-gap-default\">\n\t\t\t\t\t<div class=\"elementor-column elementor-col-100 elementor-top-column elementor-element elementor-element-6ca72eb2\" data-id=\"6ca72eb2\" data-element_type=\"column\" data-e-type=\"column\">\n\t\t\t<div class=\"elementor-widget-wrap elementor-element-populated\">\n\t\t\t\t\t\t<div class=\"elementor-element elementor-element-42fe5dd8 e-grid-align-left elementor-shape-rounded elementor-grid-0 elementor-widget elementor-widget-social-icons\" data-id=\"42fe5dd8\" data-element_type=\"widget\" data-e-type=\"widget\" data-widget_type=\"social-icons.default\">\n\t\t\t\t<div class=\"elementor-widget-container\">\n\t\t\t\t\t\t\t<div class=\"elementor-social-icons-wrapper elementor-grid\" role=\"list\">\n\t\t\t\t\t\t\t<span class=\"elementor-grid-item\" role=\"listitem\">\n\t\t\t\t\t<a class=\"elementor-icon elementor-social-icon elementor-social-icon-facebook elementor-repeater-item-178c6fe\" href=\"https:\/\/www.facebook.com\/profile.php?id=100093270873268\" target=\"_blank\" rel=\"noopener\">\n\t\t\t\t\t\t<span class=\"elementor-screen-only\">Facebook<\/span>\n\t\t\t\t\t\t<i aria-hidden=\"true\" class=\"fab fa-facebook\"><\/i>\t\t\t\t\t<\/a>\n\t\t\t\t<\/span>\n\t\t\t\t\t\t\t<span class=\"elementor-grid-item\" role=\"listitem\">\n\t\t\t\t\t<a class=\"elementor-icon elementor-social-icon elementor-social-icon-instagram elementor-repeater-item-4255f62\" href=\"https:\/\/www.instagram.com\/doreenpalke___ayurveda\/\" target=\"_blank\" rel=\"noopener\">\n\t\t\t\t\t\t<span class=\"elementor-screen-only\">Instagram<\/span>\n\t\t\t\t\t\t<i aria-hidden=\"true\" class=\"fab fa-instagram\"><\/i>\t\t\t\t\t<\/a>\n\t\t\t\t<\/span>\n\t\t\t\t\t\t\t<span class=\"elementor-grid-item\" role=\"listitem\">\n\t\t\t\t\t<a class=\"elementor-icon elementor-social-icon elementor-social-icon-linkedin elementor-repeater-item-f24a658\" href=\"https:\/\/www.linkedin.com\/in\/doreen-palke-a39418203\/\" target=\"_blank\" rel=\"noopener\">\n\t\t\t\t\t\t<span class=\"elementor-screen-only\">Linkedin<\/span>\n\t\t\t\t\t\t<i aria-hidden=\"true\" class=\"fab fa-linkedin\"><\/i>\t\t\t\t\t<\/a>\n\t\t\t\t<\/span>\n\t\t\t\t\t<\/div>\n\t\t\t\t\t\t<\/div>\n\t\t\t\t<\/div>\n\t\t\t\t<div class=\"elementor-element elementor-element-45b4f2d2 elementor-widget elementor-widget-text-editor\" data-id=\"45b4f2d2\" data-element_type=\"widget\" data-e-type=\"widget\" data-widget_type=\"text-editor.default\">\n\t\t\t\t<div class=\"elementor-widget-container\">\n\t\t\t\t\t\t\t\t\t<p>\u00a9 2026 Doreen Palke. Praxis f\u00fcr Ayurveda Medizin &amp; Yogatherapie<\/p>\t\t\t\t\t\t\t\t<\/div>\n\t\t\t\t<\/div>\n\t\t\t\t\t<\/div>\n\t\t<\/div>\n\t\t\t\t\t<\/div>\n\t\t<\/section>\n\t\t\t\t<section class=\"elementor-section elementor-top-section elementor-element elementor-element-619b6ed7 elementor-section-boxed elementor-section-height-default elementor-section-height-default\" data-id=\"619b6ed7\" data-element_type=\"section\" data-e-type=\"section\">\n\t\t\t\t\t\t<div class=\"elementor-container elementor-column-gap-default\">\n\t\t\t\t\t<div class=\"elementor-column elementor-col-100 elementor-top-column elementor-element elementor-element-58f17e98\" data-id=\"58f17e98\" data-element_type=\"column\" data-e-type=\"column\">\n\t\t\t<div class=\"elementor-widget-wrap\">\n\t\t\t\t\t\t\t<\/div>\n\t\t<\/div>\n\t\t\t\t\t<\/div>\n\t\t<\/section>\n\t\t\t\t<\/div>\n\t\t","protected":false},"excerpt":{"rendered":"<p>Bildungsurlaube \/ Bildungszeiten in Berlin &#8211; Brandenburg Yogahaus Dreilinden Resilienz und Stressreduktion im Gr\u00fcnen \u2013 Yoga &amp; Waldbaden f\u00fcr Beruf und Alltag Deine Auszeit im Gr\u00fcnen: Achtsamkeit leben, innere Ruhe finden, nachhaltig gest\u00e4rkt bleiben \u200b\u200b\u200b\u200bFamilienkompatible Kurszeiten: Montag bis Donnerstag von 9.30 &#8211; 15.00 und Freitag 9.00 &#8211; 14.00 Uhr. Kennst du das Gef\u00fchl, immer funktionieren [&hellip;]<\/p>\n","protected":false},"author":2,"featured_media":0,"parent":0,"menu_order":0,"comment_status":"closed","ping_status":"closed","template":"","meta":{"ocean_post_layout":"full-screen","ocean_both_sidebars_style":"","ocean_both_sidebars_content_width":0,"ocean_both_sidebars_sidebars_width":0,"ocean_sidebar":"","ocean_second_sidebar":"","ocean_disable_margins":"enable","ocean_add_body_class":"","ocean_shortcode_before_top_bar":"","ocean_shortcode_after_top_bar":"","ocean_shortcode_before_header":"","ocean_shortcode_after_header":"","ocean_has_shortcode":"","ocean_shortcode_after_title":"","ocean_shortcode_before_footer_widgets":"","ocean_shortcode_after_footer_widgets":"","ocean_shortcode_before_footer_bottom":"","ocean_shortcode_after_footer_bottom":"","ocean_display_top_bar":"on","ocean_display_header":"default","ocean_header_style":"","ocean_center_header_left_menu":"","ocean_custom_header_template":"","ocean_custom_logo":0,"ocean_custom_retina_logo":0,"ocean_custom_logo_max_width":0,"ocean_custom_logo_tablet_max_width":0,"ocean_custom_logo_mobile_max_width":0,"ocean_custom_logo_max_height":0,"ocean_custom_logo_tablet_max_height":0,"ocean_custom_logo_mobile_max_height":0,"ocean_header_custom_menu":"","ocean_menu_typo_font_family":"","ocean_menu_typo_font_subset":"","ocean_menu_typo_font_size":0,"ocean_menu_typo_font_size_tablet":0,"ocean_menu_typo_font_size_mobile":0,"ocean_menu_typo_font_size_unit":"px","ocean_menu_typo_font_weight":"","ocean_menu_typo_font_weight_tablet":"","ocean_menu_typo_font_weight_mobile":"","ocean_menu_typo_transform":"","ocean_menu_typo_transform_tablet":"","ocean_menu_typo_transform_mobile":"","ocean_menu_typo_line_height":0,"ocean_menu_typo_line_height_tablet":0,"ocean_menu_typo_line_height_mobile":0,"ocean_menu_typo_line_height_unit":"","ocean_menu_typo_spacing":0,"ocean_menu_typo_spacing_tablet":0,"ocean_menu_typo_spacing_mobile":0,"ocean_menu_typo_spacing_unit":"","ocean_menu_link_color":"","ocean_menu_link_color_hover":"","ocean_menu_link_color_active":"","ocean_menu_link_background":"","ocean_menu_link_hover_background":"","ocean_menu_link_active_background":"","ocean_menu_social_links_bg":"","ocean_menu_social_hover_links_bg":"","ocean_menu_social_links_color":"","ocean_menu_social_hover_links_color":"","ocean_disable_title":"on","ocean_disable_heading":"default","ocean_post_title":"","ocean_post_subheading":"","ocean_post_title_style":"","ocean_post_title_background_color":"","ocean_post_title_background":0,"ocean_post_title_bg_image_position":"","ocean_post_title_bg_image_attachment":"","ocean_post_title_bg_image_repeat":"","ocean_post_title_bg_image_size":"","ocean_post_title_height":0,"ocean_post_title_bg_overlay":0.5,"ocean_post_title_bg_overlay_color":"","ocean_disable_breadcrumbs":"default","ocean_breadcrumbs_color":"","ocean_breadcrumbs_separator_color":"","ocean_breadcrumbs_links_color":"","ocean_breadcrumbs_links_hover_color":"","ocean_display_footer_widgets":"off","ocean_display_footer_bottom":"off","ocean_custom_footer_template":"","footnotes":""},"class_list":["post-15762","page","type-page","status-publish","hentry","entry"],"_links":{"self":[{"href":"https:\/\/doreenpalke.com\/en\/wp-json\/wp\/v2\/pages\/15762","targetHints":{"allow":["GET"]}}],"collection":[{"href":"https:\/\/doreenpalke.com\/en\/wp-json\/wp\/v2\/pages"}],"about":[{"href":"https:\/\/doreenpalke.com\/en\/wp-json\/wp\/v2\/types\/page"}],"author":[{"embeddable":true,"href":"https:\/\/doreenpalke.com\/en\/wp-json\/wp\/v2\/users\/2"}],"replies":[{"embeddable":true,"href":"https:\/\/doreenpalke.com\/en\/wp-json\/wp\/v2\/comments?post=15762"}],"version-history":[{"count":53,"href":"https:\/\/doreenpalke.com\/en\/wp-json\/wp\/v2\/pages\/15762\/revisions"}],"predecessor-version":[{"id":15828,"href":"https:\/\/doreenpalke.com\/en\/wp-json\/wp\/v2\/pages\/15762\/revisions\/15828"}],"wp:attachment":[{"href":"https:\/\/doreenpalke.com\/en\/wp-json\/wp\/v2\/media?parent=15762"}],"curies":[{"name":"wp","href":"https:\/\/api.w.org\/{rel}","templated":true}]}}