{"id":15834,"date":"2026-04-26T18:22:13","date_gmt":"2026-04-26T16:22:13","guid":{"rendered":"https:\/\/doreenpalke.com\/?page_id=15834"},"modified":"2026-04-26T21:31:41","modified_gmt":"2026-04-26T19:31:41","slug":"bildungsurlaub-fasten","status":"publish","type":"page","link":"https:\/\/doreenpalke.com\/en\/bildungsurlaub-fasten\/","title":{"rendered":"Bildungsurlaub Fasten"},"content":{"rendered":"\t\t<div data-elementor-type=\"wp-page\" data-elementor-id=\"15834\" class=\"elementor elementor-15834\" data-elementor-post-type=\"page\">\n\t\t\t\t\t\t<section class=\"elementor-section elementor-top-section elementor-element elementor-element-122752fd elementor-section-height-min-height elementor-section-stretched elementor-section-boxed elementor-section-height-default elementor-section-items-middle\" data-id=\"122752fd\" data-element_type=\"section\" data-e-type=\"section\" data-settings=\"{&quot;background_background&quot;:&quot;classic&quot;,&quot;stretch_section&quot;:&quot;section-stretched&quot;}\">\n\t\t\t\t\t\t\t<div class=\"elementor-background-overlay\"><\/div>\n\t\t\t\t\t\t\t<div class=\"elementor-container elementor-column-gap-default\">\n\t\t\t\t\t<div class=\"elementor-column elementor-col-100 elementor-top-column elementor-element elementor-element-604cd13a\" data-id=\"604cd13a\" data-element_type=\"column\" data-e-type=\"column\">\n\t\t\t<div class=\"elementor-widget-wrap elementor-element-populated\">\n\t\t\t\t\t\t<div class=\"elementor-element elementor-element-8b9bd4a elementor-widget elementor-widget-heading\" data-id=\"8b9bd4a\" data-element_type=\"widget\" data-e-type=\"widget\" data-widget_type=\"heading.default\">\n\t\t\t\t<div class=\"elementor-widget-container\">\n\t\t\t\t\t<h1 class=\"elementor-heading-title elementor-size-default\">Bildungsurlaube \/ Bildungszeiten<\/h1>\t\t\t\t<\/div>\n\t\t\t\t<\/div>\n\t\t\t\t<div class=\"elementor-element elementor-element-ef70080 elementor-widget elementor-widget-heading\" data-id=\"ef70080\" data-element_type=\"widget\" data-e-type=\"widget\" data-widget_type=\"heading.default\">\n\t\t\t\t<div class=\"elementor-widget-container\">\n\t\t\t\t\t<h2 class=\"elementor-heading-title elementor-size-default\">Breitenteicher M\u00fchle<br>\nUckermark<\/h2>\t\t\t\t<\/div>\n\t\t\t\t<\/div>\n\t\t\t\t\t<\/div>\n\t\t<\/div>\n\t\t\t\t\t<\/div>\n\t\t<\/section>\n\t\t\t\t<section class=\"elementor-section elementor-top-section elementor-element elementor-element-59754429 elementor-section-boxed elementor-section-height-default elementor-section-height-default\" data-id=\"59754429\" data-element_type=\"section\" data-e-type=\"section\" data-settings=\"{&quot;background_background&quot;:&quot;classic&quot;}\">\n\t\t\t\t\t\t<div class=\"elementor-container elementor-column-gap-default\">\n\t\t\t\t\t<div class=\"elementor-column elementor-col-100 elementor-top-column elementor-element elementor-element-7c7d8fde\" data-id=\"7c7d8fde\" data-element_type=\"column\" data-e-type=\"column\">\n\t\t\t<div class=\"elementor-widget-wrap elementor-element-populated\">\n\t\t\t\t\t\t<div class=\"elementor-element elementor-element-55e30340 elementor-widget elementor-widget-heading\" data-id=\"55e30340\" data-element_type=\"widget\" data-e-type=\"widget\" data-widget_type=\"heading.default\">\n\t\t\t\t<div class=\"elementor-widget-container\">\n\t\t\t\t\t<h1 class=\"elementor-heading-title elementor-size-default\">Ressourcen st\u00e4rken mit Yoga &amp; Ayurveda \u2013 Bildungsurlaub f\u00fcr Resilienz und Stressbew\u00e4ltigung im Berufsalltag \n<\/h1>\t\t\t\t<\/div>\n\t\t\t\t<\/div>\n\t\t\t\t<div class=\"elementor-element elementor-element-6464c935 elementor-widget elementor-widget-heading\" data-id=\"6464c935\" data-element_type=\"widget\" data-e-type=\"widget\" data-widget_type=\"heading.default\">\n\t\t\t\t<div class=\"elementor-widget-container\">\n\t\t\t\t\t<h2 class=\"elementor-heading-title elementor-size-default\">F\u00fcnf Tage f\u00fcr dich:<br> Stress loslassen, Energie tanken,<br> mit Yoga &amp; ayurvedischem Fasten neu durchstarten\n<\/h2>\t\t\t\t<\/div>\n\t\t\t\t<\/div>\n\t\t\t\t<div class=\"elementor-element elementor-element-686dedf2 elementor-widget elementor-widget-text-editor\" data-id=\"686dedf2\" data-element_type=\"widget\" data-e-type=\"widget\" data-widget_type=\"text-editor.default\">\n\t\t\t\t<div class=\"elementor-widget-container\">\n\t\t\t\t\t\t\t\t\t<p>Dein K\u00f6rper sehnt sich nach Ruhe. Dein Geist nach Klarheit. Dein Alltag nach echtem Gleichgewicht.<br \/>In diesem f\u00fcnft\u00e4gigen Bildungsurlaub tauchst du ein in die heilsame Welt von Yoga und ayurvedischem Fasten \u2013 fernab von Termindruck, digitalem L\u00e4rm und beruflichem Stress. Du lernst, wie du Ersch\u00f6pfung nicht nur \u00fcberwindest, sondern ihr langfristig vorbeugst.<br \/><br \/>Das ayurvedische Fasten ist kein radikaler Verzicht, sondern eine sanfte Entlastung f\u00fcr deinen K\u00f6rper. Drei leicht verdauliche und entlastende Mahlzeiten t\u00e4glich begleiten dich durch die Woche und st\u00e4rken deine Verdauungskraft (Agni). Dein K\u00f6rper erholt sich, ohne je das Gef\u00fchl von Hunger zu kennen.<br \/><br \/>Sanfte Yoga-Einheiten, Atemtechniken (Pranayama) und Meditation sind genau auf die Fastenphase abgestimmt. Ayurvedische Morgen- und Abendroutinen geben dir Rituale an die Hand, die du direkt in deinen Alltag integrieren kannst.<br \/><br \/>Was du nach Hause mitnimmst: konkrete Werkzeuge f\u00fcr mehr Gelassenheit, besseren Schlaf, st\u00e4rkere Konzentration \u2013 und eine neue Verbindung zu dir selbst.<\/p>\t\t\t\t\t\t\t\t<\/div>\n\t\t\t\t<\/div>\n\t\t\t\t<div class=\"elementor-element elementor-element-dd4c11a elementor-align-center elementor-widget elementor-widget-button\" data-id=\"dd4c11a\" data-element_type=\"widget\" data-e-type=\"widget\" data-widget_type=\"button.default\">\n\t\t\t\t<div class=\"elementor-widget-container\">\n\t\t\t\t\t<style>.elementor-element-dd4c11a{display:none !important}<\/style>\t\t\t\t<\/div>\n\t\t\t\t<\/div>\n\t\t\t\t\t<\/div>\n\t\t<\/div>\n\t\t\t\t\t<\/div>\n\t\t<\/section>\n\t\t\t\t<section class=\"elementor-section elementor-top-section elementor-element elementor-element-8a7daa7 elementor-section-height-min-height elementor-section-stretched elementor-section-boxed elementor-section-height-default elementor-section-items-middle\" data-id=\"8a7daa7\" data-element_type=\"section\" data-e-type=\"section\" data-settings=\"{&quot;background_background&quot;:&quot;classic&quot;,&quot;stretch_section&quot;:&quot;section-stretched&quot;}\">\n\t\t\t\t\t\t\t<div class=\"elementor-background-overlay\"><\/div>\n\t\t\t\t\t\t\t<div class=\"elementor-container elementor-column-gap-default\">\n\t\t\t\t\t<div class=\"elementor-column elementor-col-100 elementor-top-column elementor-element elementor-element-4d3f9c9f\" data-id=\"4d3f9c9f\" data-element_type=\"column\" data-e-type=\"column\">\n\t\t\t<div class=\"elementor-widget-wrap\">\n\t\t\t\t\t\t\t<\/div>\n\t\t<\/div>\n\t\t\t\t\t<\/div>\n\t\t<\/section>\n\t\t\t\t<section class=\"elementor-section elementor-top-section elementor-element elementor-element-5735930c elementor-section-boxed elementor-section-height-default elementor-section-height-default\" data-id=\"5735930c\" data-element_type=\"section\" data-e-type=\"section\" data-settings=\"{&quot;background_background&quot;:&quot;classic&quot;}\">\n\t\t\t\t\t\t<div class=\"elementor-container elementor-column-gap-default\">\n\t\t\t\t\t<div class=\"elementor-column elementor-col-100 elementor-top-column elementor-element elementor-element-3a68ff11\" data-id=\"3a68ff11\" data-element_type=\"column\" data-e-type=\"column\">\n\t\t\t<div class=\"elementor-widget-wrap elementor-element-populated\">\n\t\t\t\t\t\t<div class=\"elementor-element elementor-element-e42c2b elementor-widget elementor-widget-accordion\" data-id=\"e42c2b\" data-element_type=\"widget\" data-e-type=\"widget\" data-widget_type=\"accordion.default\">\n\t\t\t\t<div class=\"elementor-widget-container\">\n\t\t\t\t\t\t\t<div class=\"elementor-accordion\">\n\t\t\t\t\t\t\t<div class=\"elementor-accordion-item\">\n\t\t\t\t\t<div id=\"elementor-tab-title-1491\" class=\"elementor-tab-title\" data-tab=\"1\" role=\"button\" aria-controls=\"elementor-tab-content-1491\" aria-expanded=\"false\">\n\t\t\t\t\t\t\t\t\t\t\t\t\t<span class=\"elementor-accordion-icon elementor-accordion-icon-left\" aria-hidden=\"true\">\n\t\t\t\t\t\t\t\t\t\t\t\t\t\t\t<span class=\"elementor-accordion-icon-closed\"><i class=\"fas fa-plus\"><\/i><\/span>\n\t\t\t\t\t\t\t\t<span class=\"elementor-accordion-icon-opened\"><i class=\"fas fa-minus\"><\/i><\/span>\n\t\t\t\t\t\t\t\t\t\t\t\t\t\t<\/span>\n\t\t\t\t\t\t\t\t\t\t\t\t<a class=\"elementor-accordion-title\" tabindex=\"0\">TERMINE<\/a>\n\t\t\t\t\t<\/div>\n\t\t\t\t\t<div id=\"elementor-tab-content-1491\" class=\"elementor-tab-content elementor-clearfix\" data-tab=\"1\" role=\"region\" aria-labelledby=\"elementor-tab-title-1491\"><p><strong>Termine 2026:<br \/><\/strong>26. &#8211; 30.10. 2026<\/p><p><strong>Termine 2027: <br \/><\/strong>05. &#8211; 09.04. 2027<br \/>04. &#8211; 08.10. 2027<\/p><\/div>\n\t\t\t\t<\/div>\n\t\t\t\t\t\t\t<div class=\"elementor-accordion-item\">\n\t\t\t\t\t<div id=\"elementor-tab-title-1492\" class=\"elementor-tab-title\" data-tab=\"2\" role=\"button\" aria-controls=\"elementor-tab-content-1492\" aria-expanded=\"false\">\n\t\t\t\t\t\t\t\t\t\t\t\t\t<span class=\"elementor-accordion-icon elementor-accordion-icon-left\" aria-hidden=\"true\">\n\t\t\t\t\t\t\t\t\t\t\t\t\t\t\t<span class=\"elementor-accordion-icon-closed\"><i class=\"fas fa-plus\"><\/i><\/span>\n\t\t\t\t\t\t\t\t<span class=\"elementor-accordion-icon-opened\"><i class=\"fas fa-minus\"><\/i><\/span>\n\t\t\t\t\t\t\t\t\t\t\t\t\t\t<\/span>\n\t\t\t\t\t\t\t\t\t\t\t\t<a class=\"elementor-accordion-title\" tabindex=\"0\">ORT<\/a>\n\t\t\t\t\t<\/div>\n\t\t\t\t\t<div id=\"elementor-tab-content-1492\" class=\"elementor-tab-content elementor-clearfix\" data-tab=\"2\" role=\"region\" aria-labelledby=\"elementor-tab-title-1492\"><p>Seminarhaus Breitenteicher M\u00fchle<br \/>Breitenteicher M\u00fchle 2<br \/>16278 Frauenhagen<br \/>OT von Angerm\u00fcnde<\/p><p><a href=\"https:\/\/breitenteicher-muehle.de\/\" target=\"_blank\" rel=\"noopener\">www.breitenteicher-muehle.de<\/a><\/p><\/div>\n\t\t\t\t<\/div>\n\t\t\t\t\t\t\t<div class=\"elementor-accordion-item\">\n\t\t\t\t\t<div id=\"elementor-tab-title-1493\" class=\"elementor-tab-title\" data-tab=\"3\" role=\"button\" aria-controls=\"elementor-tab-content-1493\" aria-expanded=\"false\">\n\t\t\t\t\t\t\t\t\t\t\t\t\t<span class=\"elementor-accordion-icon elementor-accordion-icon-left\" aria-hidden=\"true\">\n\t\t\t\t\t\t\t\t\t\t\t\t\t\t\t<span class=\"elementor-accordion-icon-closed\"><i class=\"fas fa-plus\"><\/i><\/span>\n\t\t\t\t\t\t\t\t<span class=\"elementor-accordion-icon-opened\"><i class=\"fas fa-minus\"><\/i><\/span>\n\t\t\t\t\t\t\t\t\t\t\t\t\t\t<\/span>\n\t\t\t\t\t\t\t\t\t\t\t\t<a class=\"elementor-accordion-title\" tabindex=\"0\">PREISE & BUCHUNG<\/a>\n\t\t\t\t\t<\/div>\n\t\t\t\t\t<div id=\"elementor-tab-content-1493\" class=\"elementor-tab-content elementor-clearfix\" data-tab=\"3\" role=\"region\" aria-labelledby=\"elementor-tab-title-1493\"><ol><li><strong><strong><span>Seminargeb\u00fchr 599 \u20ac p.P.<\/span><\/strong><\/strong><p>\u00a0<\/p><\/li><li>Hinzu kommen die Kosten f\u00fcr 4 \u00dcbernachtungen mit ayurvedischer Fasten-Verpflegung (vegetarisch\/ vegan in BIO Qualit\u00e4t)*:<p><strong>480 EUR pP im Einzelzimmer<\/strong> (nur auf Anfrage, geringe Anzahl)<br \/><strong>360 EUR pP im Twin \/ Doppelzimmer<\/strong> (Einzel- und Doppelbetten m\u00f6glich)<br \/><strong>320 EUR pP im Mehrbettzimmer<\/strong><\/p><p>\u00a0<\/p><\/li><li><strong>SO BUCHTST DU DEINEN BILDUNGSURLAUB<\/strong><\/li><\/ol><ul><li>Melde dich \u00fcber das <a href=\"https:\/\/doreenpalke.com\/anmeldeformular-bildungsurlaub\/\">Anmeldeformular<\/a> an um deinen Platz verbindlich sichern<\/li><li>Du erh\u00e4lst die Anmeldebest\u00e4tigung &amp; Rechnung und kannst alle Antragsunterlagen beim Arbeitgeber einreichen<\/li><li>Schlie\u00dfe eine Seminar- und Reiser\u00fccktrittskostenversicherung ab. (empfohlen)<\/li><\/ul><p><br \/>F\u00fcr die Seminargeb\u00fchr gelten unsere allgemeinen Buchungs- und Stornobedingungen (<a href=\"https:\/\/doreenpalke.com\/agb\/\">AGB<\/a>).<\/p><div class=\"overflow-x-auto w-full px-2 mb-6\"><p class=\"font-claude-response-body break-words whitespace-normal leading-[1.7]\"><br \/>Die Seminargruppe ist auf <strong>maximal 20 Teilnehmende<\/strong> begrenzt \u2013 damit genug Raum f\u00fcr pers\u00f6nlichen Austausch und individuelle Begleitung bleibt.<\/p><\/div><\/div>\n\t\t\t\t<\/div>\n\t\t\t\t\t\t\t<div class=\"elementor-accordion-item\">\n\t\t\t\t\t<div id=\"elementor-tab-title-1494\" class=\"elementor-tab-title\" data-tab=\"4\" role=\"button\" aria-controls=\"elementor-tab-content-1494\" aria-expanded=\"false\">\n\t\t\t\t\t\t\t\t\t\t\t\t\t<span class=\"elementor-accordion-icon elementor-accordion-icon-left\" aria-hidden=\"true\">\n\t\t\t\t\t\t\t\t\t\t\t\t\t\t\t<span class=\"elementor-accordion-icon-closed\"><i class=\"fas fa-plus\"><\/i><\/span>\n\t\t\t\t\t\t\t\t<span class=\"elementor-accordion-icon-opened\"><i class=\"fas fa-minus\"><\/i><\/span>\n\t\t\t\t\t\t\t\t\t\t\t\t\t\t<\/span>\n\t\t\t\t\t\t\t\t\t\t\t\t<a class=\"elementor-accordion-title\" tabindex=\"0\">ABLAUF<\/a>\n\t\t\t\t\t<\/div>\n\t\t\t\t\t<div id=\"elementor-tab-content-1494\" class=\"elementor-tab-content elementor-clearfix\" data-tab=\"4\" role=\"region\" aria-labelledby=\"elementor-tab-title-1494\"><p>\u00a0<\/p><p class=\"font-claude-response-body break-words whitespace-normal leading-[1.7]\"><strong>Seminarablauf<\/strong><\/p><p class=\"font-claude-response-body break-words whitespace-normal leading-[1.7]\">Das Seminar beginnt am <strong>Montag um 11 Uhr<\/strong> und endet am <strong>Freitag gegen 15:00 Uhr<\/strong>. Jeden Tag erwarten dich 6 Unterrichtsstunden (\u00e0 45 Min.) aus Theorie und Praxis \u2013 abwechslungsreich, lebendig und mit viel Raum f\u00fcr pers\u00f6nliche Erfahrungen.<\/p><div class=\"overflow-x-auto w-full px-2 mb-6\"><table class=\"min-w-full border-collapse text-sm leading-[1.7] whitespace-normal\"><thead class=\"text-left\"><tr><th class=\"text-text-100 border-b-0.5 border-border-300\/60 py-2 pr-4 align-top font-bold\" scope=\"col\">Tag<\/th><th class=\"text-text-100 border-b-0.5 border-border-300\/60 py-2 pr-4 align-top font-bold\" scope=\"col\">Schwerpunkt<\/th><\/tr><\/thead><tbody><tr><td class=\"border-b-0.5 border-border-300\/30 py-2 pr-4 align-top\">Montag<\/td><td class=\"border-b-0.5 border-border-300\/30 py-2 pr-4 align-top\">Grundlagen: Stress verstehen &amp; Einf\u00fchrung in Ayurveda<\/td><\/tr><tr><td class=\"border-b-0.5 border-border-300\/30 py-2 pr-4 align-top\">Dienstag<\/td><td class=\"border-b-0.5 border-border-300\/30 py-2 pr-4 align-top\">Atem, Verdauung &amp; mentale St\u00e4rke<\/td><\/tr><tr><td class=\"border-b-0.5 border-border-300\/30 py-2 pr-4 align-top\">Mittwoch<\/td><td class=\"border-b-0.5 border-border-300\/30 py-2 pr-4 align-top\">Resilienz aufbauen \u2013 7 S\u00e4ulen f\u00fcr den Beruf<\/td><\/tr><tr><td class=\"border-b-0.5 border-border-300\/30 py-2 pr-4 align-top\">Donnerstag<\/td><td class=\"border-b-0.5 border-border-300\/30 py-2 pr-4 align-top\">Fasten, Chronobiologie und k\u00f6rperliche Regeneration<\/td><\/tr><tr><td class=\"border-b-0.5 border-border-300\/30 py-2 pr-4 align-top\">Freitag<\/td><td class=\"border-b-0.5 border-border-300\/30 py-2 pr-4 align-top\">Integration &amp; Transfer: Nachhaltigkeit im Alltag<\/td><\/tr><\/tbody><\/table><\/div><p class=\"font-claude-response-body break-words whitespace-normal leading-[1.7]\"><em>\u00c4nderungen im Ablauf bleiben vorbehalten. Der Ablaufplan dient zur groben Orientierung und stellt kein offizielles Seminarprogramm dar.<\/em><\/p><\/div>\n\t\t\t\t<\/div>\n\t\t\t\t\t\t\t<div class=\"elementor-accordion-item\">\n\t\t\t\t\t<div id=\"elementor-tab-title-1495\" class=\"elementor-tab-title\" data-tab=\"5\" role=\"button\" aria-controls=\"elementor-tab-content-1495\" aria-expanded=\"false\">\n\t\t\t\t\t\t\t\t\t\t\t\t\t<span class=\"elementor-accordion-icon elementor-accordion-icon-left\" aria-hidden=\"true\">\n\t\t\t\t\t\t\t\t\t\t\t\t\t\t\t<span class=\"elementor-accordion-icon-closed\"><i class=\"fas fa-plus\"><\/i><\/span>\n\t\t\t\t\t\t\t\t<span class=\"elementor-accordion-icon-opened\"><i class=\"fas fa-minus\"><\/i><\/span>\n\t\t\t\t\t\t\t\t\t\t\t\t\t\t<\/span>\n\t\t\t\t\t\t\t\t\t\t\t\t<a class=\"elementor-accordion-title\" tabindex=\"0\">WAS MUSS ICH MITBRINGEN<\/a>\n\t\t\t\t\t<\/div>\n\t\t\t\t\t<div id=\"elementor-tab-content-1495\" class=\"elementor-tab-content elementor-clearfix\" data-tab=\"5\" role=\"region\" aria-labelledby=\"elementor-tab-title-1495\"><p>\u00a0<\/p><ul><li class=\"whitespace-normal break-words pl-2\">Bequeme Yogakleidung \u2013 z.B. dicke Socken, eine Jacke zum \u00dcberziehen<\/li><li>Kleidung zum Wandern und Spazieren<\/li><li class=\"whitespace-normal break-words pl-2\">Stift und Notizbuch<\/li><li class=\"whitespace-normal break-words pl-2\">Thermosflasche zum Abf\u00fcllen von frisch zubereiteten Fastentees\u00a0\u00a0<\/li><\/ul><\/div>\n\t\t\t\t<\/div>\n\t\t\t\t\t\t\t<div class=\"elementor-accordion-item\">\n\t\t\t\t\t<div id=\"elementor-tab-title-1496\" class=\"elementor-tab-title\" data-tab=\"6\" role=\"button\" aria-controls=\"elementor-tab-content-1496\" aria-expanded=\"false\">\n\t\t\t\t\t\t\t\t\t\t\t\t\t<span class=\"elementor-accordion-icon elementor-accordion-icon-left\" aria-hidden=\"true\">\n\t\t\t\t\t\t\t\t\t\t\t\t\t\t\t<span class=\"elementor-accordion-icon-closed\"><i class=\"fas fa-plus\"><\/i><\/span>\n\t\t\t\t\t\t\t\t<span class=\"elementor-accordion-icon-opened\"><i class=\"fas fa-minus\"><\/i><\/span>\n\t\t\t\t\t\t\t\t\t\t\t\t\t\t<\/span>\n\t\t\t\t\t\t\t\t\t\t\t\t<a class=\"elementor-accordion-title\" tabindex=\"0\">ANERKENNUNG & ANTRAGSUNTERLAGEN<\/a>\n\t\t\t\t\t<\/div>\n\t\t\t\t\t<div id=\"elementor-tab-content-1496\" class=\"elementor-tab-content elementor-clearfix\" data-tab=\"6\" role=\"region\" aria-labelledby=\"elementor-tab-title-1496\"><p class=\"font-claude-response-body break-words whitespace-normal leading-[1.7]\">Das Seminar ist als Bildungsurlaub bzw. Bildungszeit anerkannt in folgenden Bundesl\u00e4ndern:<\/p><ul class=\"[li_&amp;]:mb-0 [li_&amp;]:mt-1 [li_&amp;]:gap-1 [&amp;:not(:last-child)_ul]:pb-1 [&amp;:not(:last-child)_ol]:pb-1 list-disc flex flex-col gap-1 pl-8 mb-3\"><li>Berlin<\/li><li>Brandenburg (beantragt)<\/li><li class=\"whitespace-normal break-words pl-2\">Sachsen-Anhalt (beantragt)<\/li><\/ul><p class=\"font-claude-response-body break-words whitespace-normal leading-[1.7]\"><strong><br \/>Besonderheit in Berlin &amp; Brandenburg:<\/strong> Die Anerkennung gilt hier f\u00fcr alle Arbeitnehmer*innen, die die Seminarinhalte zur Aus\u00fcbung ihrer haupt- oder nebenberuflichen bzw. ehrenamtlichen T\u00e4tigkeit ben\u00f6tigen.<\/p><blockquote class=\"ml-2 border-l-4 border-border-300\/10 pl-4 text-text-300\"><p class=\"font-claude-response-body break-words whitespace-normal leading-[1.7]\"><strong>Wichtig:<\/strong> Es z\u00e4hlt der Arbeitsort \u2013 nicht der Wohnort.<\/p><\/blockquote><p class=\"font-claude-response-body break-words whitespace-normal leading-[1.7]\">Grunds\u00e4tzlich sind alle Interessierten herzlich willkommen \u2013 auch ohne Bildungsurlaubs-Regelung!<\/p><p class=\"font-claude-response-body break-words whitespace-normal leading-[1.7]\">Hier kannst du die Antragsunterlagen f\u00fcr deinen Arbeitgeber kostenlos herunterladen:<br \/><a href=\"https:\/\/doreenpalke.com\/wp-content\/uploads\/2026\/04\/Antragsunterlagen-Arbeitgeber-1.pdf\">Download Antragsunterlagen f\u00fcr Arbeitgeber<\/a><\/p><p class=\"font-claude-response-body break-words whitespace-normal leading-[1.7]\">\u00a0<\/p><\/div>\n\t\t\t\t<\/div>\n\t\t\t\t\t\t\t\t<\/div>\n\t\t\t\t\t\t<\/div>\n\t\t\t\t<\/div>\n\t\t\t\t<div class=\"elementor-element elementor-element-5b0cb6c6 elementor-align-justify elementor-widget elementor-widget-button\" data-id=\"5b0cb6c6\" data-element_type=\"widget\" data-e-type=\"widget\" data-widget_type=\"button.default\">\n\t\t\t\t<div class=\"elementor-widget-container\">\n\t\t\t\t\t<style>.elementor-element-5b0cb6c6{display:none !important}<\/style>\t\t\t\t<\/div>\n\t\t\t\t<\/div>\n\t\t\t\t\t<\/div>\n\t\t<\/div>\n\t\t\t\t\t<\/div>\n\t\t<\/section>\n\t\t\t\t<section class=\"elementor-section elementor-top-section elementor-element elementor-element-4beb8a09 elementor-section-stretched elementor-section-boxed elementor-section-height-default elementor-section-height-default\" data-id=\"4beb8a09\" data-element_type=\"section\" data-e-type=\"section\" data-settings=\"{&quot;background_background&quot;:&quot;classic&quot;,&quot;stretch_section&quot;:&quot;section-stretched&quot;}\">\n\t\t\t\t\t\t\t<div class=\"elementor-background-overlay\"><\/div>\n\t\t\t\t\t\t\t<div class=\"elementor-container elementor-column-gap-default\">\n\t\t\t\t\t<div class=\"elementor-column elementor-col-100 elementor-top-column elementor-element elementor-element-7fe0a90e\" data-id=\"7fe0a90e\" data-element_type=\"column\" data-e-type=\"column\">\n\t\t\t<div class=\"elementor-widget-wrap elementor-element-populated\">\n\t\t\t\t\t\t<div class=\"elementor-element elementor-element-759fc483 elementor-widget elementor-widget-heading\" data-id=\"759fc483\" data-element_type=\"widget\" data-e-type=\"widget\" data-widget_type=\"heading.default\">\n\t\t\t\t<div class=\"elementor-widget-container\">\n\t\t\t\t\t<h2 class=\"elementor-heading-title elementor-size-default\">Alle Seminarinhalte auf einen Blick<\/h2>\t\t\t\t<\/div>\n\t\t\t\t<\/div>\n\t\t\t\t<div class=\"elementor-element elementor-element-3d28e24f elementor-tabs-view-horizontal elementor-widget elementor-widget-tabs\" data-id=\"3d28e24f\" data-element_type=\"widget\" data-e-type=\"widget\" data-widget_type=\"tabs.default\">\n\t\t\t\t<div class=\"elementor-widget-container\">\n\t\t\t\t\t\t\t<div class=\"elementor-tabs\">\n\t\t\t<div class=\"elementor-tabs-wrapper\" role=\"tablist\" >\n\t\t\t\t\t\t\t\t\t<div id=\"elementor-tab-title-1021\" class=\"elementor-tab-title elementor-tab-desktop-title\" aria-selected=\"true\" data-tab=\"1\" role=\"tab\" tabindex=\"0\" aria-controls=\"elementor-tab-content-1021\" aria-expanded=\"false\">Ayurveda <\/div>\n\t\t\t\t\t\t\t\t\t<div id=\"elementor-tab-title-1022\" class=\"elementor-tab-title elementor-tab-desktop-title\" aria-selected=\"false\" data-tab=\"2\" role=\"tab\" tabindex=\"-1\" aria-controls=\"elementor-tab-content-1022\" aria-expanded=\"false\">Yoga<\/div>\n\t\t\t\t\t\t\t\t\t<div id=\"elementor-tab-title-1023\" class=\"elementor-tab-title elementor-tab-desktop-title\" aria-selected=\"false\" data-tab=\"3\" role=\"tab\" tabindex=\"-1\" aria-controls=\"elementor-tab-content-1023\" aria-expanded=\"false\">Atem<\/div>\n\t\t\t\t\t\t\t\t\t<div id=\"elementor-tab-title-1024\" class=\"elementor-tab-title elementor-tab-desktop-title\" aria-selected=\"false\" data-tab=\"4\" role=\"tab\" tabindex=\"-1\" aria-controls=\"elementor-tab-content-1024\" aria-expanded=\"false\">Meditation & Achtsamkeit<\/div>\n\t\t\t\t\t\t\t\t\t<div id=\"elementor-tab-title-1025\" class=\"elementor-tab-title elementor-tab-desktop-title\" aria-selected=\"false\" data-tab=\"5\" role=\"tab\" tabindex=\"-1\" aria-controls=\"elementor-tab-content-1025\" aria-expanded=\"false\">Stressmanagement<\/div>\n\t\t\t\t\t\t\t<\/div>\n\t\t\t<div class=\"elementor-tabs-content-wrapper\" role=\"tablist\" aria-orientation=\"vertical\">\n\t\t\t\t\t\t\t\t\t<div class=\"elementor-tab-title elementor-tab-mobile-title\" aria-selected=\"true\" data-tab=\"1\" role=\"tab\" tabindex=\"0\" aria-controls=\"elementor-tab-content-1021\" aria-expanded=\"false\">Ayurveda <\/div>\n\t\t\t\t\t<div id=\"elementor-tab-content-1021\" class=\"elementor-tab-content elementor-clearfix\" data-tab=\"1\" role=\"tabpanel\" aria-labelledby=\"elementor-tab-title-1021\" tabindex=\"0\" hidden=\"false\"><p><strong>Ayurvedisches Fasten \u2013 Sanfte Entgiftung f\u00fcr K\u00f6rper und Geist<br \/><\/strong><br \/>Fasten auf ayurvedische Weise bedeutet nicht Verzicht, sondern liebevolle F\u00fcrsorge f\u00fcr deinen K\u00f6rper. Du lernst das Konzept des Verdauungsfeuers (Agni) kennen \u2013 und verstehst, warum es durch Stress, Schlafmangel und unregelm\u00e4\u00dfige Gewohnheiten geschw\u00e4cht wird. <br \/><br \/>Gemeinsam erkunden wir, wie gezieltes Fasten dein Agni wieder entfacht und Schlackenstoffe (Ama) abbaut. Drei leicht verdauliche und entlastende\u00a0 Mahlzeiten t\u00e4glich begleiten dich durch die Woche, damit du dich getragen und versorgt f\u00fchlst, ohne jemals hungern zu m\u00fcssen. Du lernst verschiedene Fastenformen kennen und erf\u00e4hrst, welche zu deinem Dosha-Typ passt.<br \/><br \/>Das Wissen, das du hier gewinnst, kannst du direkt in deinen Alltag \u00fcbertragen \u2013 als einfache, alltagstaugliche Impulse f\u00fcr mehr Energie, eine starke Verdauung und nachhaltige Balance.<\/p><p class=\"font-claude-response-body break-words whitespace-normal leading-[1.7]\">\u00a0<\/p><\/div>\n\t\t\t\t\t\t\t\t\t<div class=\"elementor-tab-title elementor-tab-mobile-title\" aria-selected=\"false\" data-tab=\"2\" role=\"tab\" tabindex=\"-1\" aria-controls=\"elementor-tab-content-1022\" aria-expanded=\"false\">Yoga<\/div>\n\t\t\t\t\t<div id=\"elementor-tab-content-1022\" class=\"elementor-tab-content elementor-clearfix\" data-tab=\"2\" role=\"tabpanel\" aria-labelledby=\"elementor-tab-title-1022\" tabindex=\"0\" hidden=\"hidden\"><p>\u00a0<\/p><p class=\"font-claude-response-body break-words whitespace-normal leading-[1.7]\"><strong>Yoga \u2013 Sanfte Kraft f\u00fcr K\u00f6rper und Geist<\/strong><\/p><p class=\"font-claude-response-body break-words whitespace-normal leading-[1.7]\">Yoga ist weit mehr als Dehnen und Entspannen \u2013 es ist eine tiefgr\u00fcndige Praxis der Selbstregulierung, die dich mitten im stressigen Alltag erdet. Es erwartet dich eine sanfte, atembasierte Yogapraxis, die ausdr\u00fccklich auch f\u00fcr Einsteiger geeignet ist: ohne Leistungsdruck, ohne Esoterik, daf\u00fcr mit viel Achtsamkeit und Freude. Erg\u00e4nzt wird die Praxis durch inspirierende Impulse aus der Yogaphilosophie \u2013 Denkanst\u00f6\u00dfe, die weit \u00fcber die Matte hinaus wirken und eine echte Bereicherung f\u00fcr die eigene Lebensf\u00fchrung sein k\u00f6nnen.<\/p><\/div>\n\t\t\t\t\t\t\t\t\t<div class=\"elementor-tab-title elementor-tab-mobile-title\" aria-selected=\"false\" data-tab=\"3\" role=\"tab\" tabindex=\"-1\" aria-controls=\"elementor-tab-content-1023\" aria-expanded=\"false\">Atem<\/div>\n\t\t\t\t\t<div id=\"elementor-tab-content-1023\" class=\"elementor-tab-content elementor-clearfix\" data-tab=\"3\" role=\"tabpanel\" aria-labelledby=\"elementor-tab-title-1023\" tabindex=\"0\" hidden=\"hidden\"><p class=\"font-claude-response-body break-words whitespace-normal leading-[1.7]\"><strong>Atem \u2013 Dein kraftvollstes Werkzeug<\/strong><\/p><p class=\"font-claude-response-body break-words whitespace-normal leading-[1.7]\">Der Atem ist immer bei dir \u2013 und doch schenken wir ihm kaum Aufmerksamkeit. Dabei hat eine bewusste Atemschulung enorme gesundheitliche Vorteile und bildet das Herzst\u00fcck jeder Yogapraxis. In der Seminarwoche lernst du im Rahmen der t\u00e4glichen Yogaeinheiten verschiedene Atem\u00fcbungen (Pranayama) kennen \u2013 und wirst sp\u00fcren, wie viel Energie und Ruhe in einem einzigen bewussten Atemzug stecken kann.<\/p><hr class=\"border-border-200 border-t-0.5 my-3 mx-1.5\" \/><\/div>\n\t\t\t\t\t\t\t\t\t<div class=\"elementor-tab-title elementor-tab-mobile-title\" aria-selected=\"false\" data-tab=\"4\" role=\"tab\" tabindex=\"-1\" aria-controls=\"elementor-tab-content-1024\" aria-expanded=\"false\">Meditation & Achtsamkeit<\/div>\n\t\t\t\t\t<div id=\"elementor-tab-content-1024\" class=\"elementor-tab-content elementor-clearfix\" data-tab=\"4\" role=\"tabpanel\" aria-labelledby=\"elementor-tab-title-1024\" tabindex=\"0\" hidden=\"hidden\"><p class=\"font-claude-response-body break-words whitespace-normal leading-[1.7]\"><strong>Meditation &amp; Achtsamkeit \u2013 Innere Ruhe mitten im Alltag<\/strong><\/p><p class=\"font-claude-response-body break-words whitespace-normal leading-[1.7]\">Was ist eigentlich der Unterschied zwischen Achtsamkeit und Meditation? Warum sollte ich \u00fcberhaupt meditieren \u2013 und wie geht das \u201erichtig&#8220;? Diesen und vielen weiteren Fragen gehen wir gemeinsam auf den Grund. T\u00e4glich praktizieren wir Meditation und erkunden verschiedene Achtsamkeits\u00fcbungen, die geistigen Ausgleich, innere Klarheit und emotionale Stabilit\u00e4t f\u00f6rdern. Dabei sprechen wir auch \u00fcber Selbstwahrnehmung und emotionale Intelligenz \u2013 F\u00e4higkeiten, die im Berufsalltag zunehmend an Bedeutung gewinnen.<\/p><\/div>\n\t\t\t\t\t\t\t\t\t<div class=\"elementor-tab-title elementor-tab-mobile-title\" aria-selected=\"false\" data-tab=\"5\" role=\"tab\" tabindex=\"-1\" aria-controls=\"elementor-tab-content-1025\" aria-expanded=\"false\">Stressmanagement<\/div>\n\t\t\t\t\t<div id=\"elementor-tab-content-1025\" class=\"elementor-tab-content elementor-clearfix\" data-tab=\"5\" role=\"tabpanel\" aria-labelledby=\"elementor-tab-title-1025\" tabindex=\"0\" hidden=\"hidden\"><p class=\"font-claude-response-body break-words whitespace-normal leading-[1.7]\"><strong>Stressmanagement \u2013 Verstehen, was dich belastet<\/strong><\/p><p class=\"font-claude-response-body break-words whitespace-normal leading-[1.7]\">Was ist Stress \u00fcberhaupt \u2013 und was macht er wirklich mit uns, k\u00f6rperlich wie geistig? Welche pers\u00f6nlichen Stressoren treiben mich an, was bringt mir echte Entlastung? Und welche Rolle spielt dabei mein Mindset? In diesem Seminar gehen wir diesen Fragen ehrlich und tiefgr\u00fcndig nach. Durch praxisnahe Reflexions\u00fcbungen entwickelst du ein besseres Verst\u00e4ndnis f\u00fcr deine eigenen Muster \u2013 und entdeckst konkrete Wege, gelassener und widerstandsf\u00e4higer durch den Alltag zu gehen.<\/p><\/div>\n\t\t\t\t\t\t\t<\/div>\n\t\t<\/div>\n\t\t\t\t\t\t<\/div>\n\t\t\t\t<\/div>\n\t\t\t\t\t<\/div>\n\t\t<\/div>\n\t\t\t\t\t<\/div>\n\t\t<\/section>\n\t\t\t\t<section class=\"elementor-section elementor-top-section elementor-element elementor-element-472c0bc elementor-section-content-middle elementor-section-stretched elementor-section-boxed elementor-section-height-default elementor-section-height-default\" data-id=\"472c0bc\" data-element_type=\"section\" data-e-type=\"section\" data-settings=\"{&quot;stretch_section&quot;:&quot;section-stretched&quot;}\">\n\t\t\t\t\t\t\t<div class=\"elementor-background-overlay\"><\/div>\n\t\t\t\t\t\t\t<div class=\"elementor-container elementor-column-gap-no\">\n\t\t\t\t\t<div class=\"elementor-column elementor-col-50 elementor-top-column elementor-element elementor-element-1d66c4c\" data-id=\"1d66c4c\" data-element_type=\"column\" data-e-type=\"column\">\n\t\t\t<div class=\"elementor-widget-wrap elementor-element-populated\">\n\t\t\t\t\t\t<div class=\"elementor-element elementor-element-b43cb57 elementor-widget elementor-widget-heading\" data-id=\"b43cb57\" data-element_type=\"widget\" data-e-type=\"widget\" data-widget_type=\"heading.default\">\n\t\t\t\t<div class=\"elementor-widget-container\">\n\t\t\t\t\t<h5 class=\"elementor-heading-title elementor-size-default\">Unser Veranstaltungsort ist dein Zufluchtsort, um wieder in die Natur einzutauchen.<\/h5>\t\t\t\t<\/div>\n\t\t\t\t<\/div>\n\t\t\t\t<div class=\"elementor-element elementor-element-3bd4644 elementor-widget elementor-widget-heading\" data-id=\"3bd4644\" data-element_type=\"widget\" data-e-type=\"widget\" data-widget_type=\"heading.default\">\n\t\t\t\t<div class=\"elementor-widget-container\">\n\t\t\t\t\t<h3 class=\"elementor-heading-title elementor-size-default\">Nur circa eine Fahrstunde von Berlin entfernt kommst du dir selbst ein St\u00fcck n\u00e4her. In stiller Alleinlage, mitten im gleichnamigen Naturschutzgebiet am Rande des Biosph\u00e4renreservates Schorfheide-Chorin, bietet das liebevoll gestaltete Seminarhaus \u201eBreitenteicher M\u00fchle\u201c einen magischen Rahmen f\u00fcr Regeneration und R\u00fcckzug. Jeder Tag wird ein einmaliges Erlebnis mit n\u00e4hrender Yogapraxis, heilsamen Mediationen, kreativen Ayurveda Workshops und abendlichen Sauna- oder Feuerausklang.<br><br>\nEin magischer Ort, um Dich mit der Natur zu verbinden. Die M\u00fchle unterst\u00fctzt deine innere Freiheit und dein pers\u00f6nliches Wachstum.<\/h3>\t\t\t\t<\/div>\n\t\t\t\t<\/div>\n\t\t\t\t\t<\/div>\n\t\t<\/div>\n\t\t\t\t<div class=\"elementor-column elementor-col-50 elementor-top-column elementor-element elementor-element-46fa2eb\" data-id=\"46fa2eb\" data-element_type=\"column\" data-e-type=\"column\">\n\t\t\t<div class=\"elementor-widget-wrap elementor-element-populated\">\n\t\t\t\t\t\t<div class=\"elementor-element elementor-element-54998a4 elementor-skin-slideshow elementor-arrows-yes elementor-widget elementor-widget-media-carousel\" data-id=\"54998a4\" data-element_type=\"widget\" data-e-type=\"widget\" data-settings=\"{&quot;space_between&quot;:{&quot;unit&quot;:&quot;px&quot;,&quot;size&quot;:8,&quot;sizes&quot;:[]},&quot;skin&quot;:&quot;slideshow&quot;,&quot;effect&quot;:&quot;fade&quot;,&quot;show_arrows&quot;:&quot;yes&quot;,&quot;speed&quot;:500,&quot;autoplay&quot;:&quot;yes&quot;,&quot;autoplay_speed&quot;:5000,&quot;loop&quot;:&quot;yes&quot;,&quot;pause_on_hover&quot;:&quot;yes&quot;,&quot;pause_on_interaction&quot;:&quot;yes&quot;,&quot;space_between_tablet&quot;:{&quot;unit&quot;:&quot;px&quot;,&quot;size&quot;:10,&quot;sizes&quot;:[]},&quot;space_between_mobile&quot;:{&quot;unit&quot;:&quot;px&quot;,&quot;size&quot;:10,&quot;sizes&quot;:[]}}\" data-widget_type=\"media-carousel.default\">\n\t\t\t\t<div class=\"elementor-widget-container\">\n\t\t\t\t\t\t\t\t\t<div class=\"elementor-swiper\">\n\t\t\t\t\t<div class=\"elementor-main-swiper swiper\" role=\"region\" aria-roledescription=\"carousel\" aria-label=\"Slider\">\n\t\t\t\t<div class=\"swiper-wrapper\">\n\t\t\t\t\t\t\t\t\t\t\t<div class=\"swiper-slide\" role=\"group\" aria-roledescription=\"slide\">\n\t\t\t\t\t\t\t\t\t<div class=\"elementor-carousel-image\" role=\"img\" aria-label=\"Bildungsurlaub Fasten Breitenteicher M\u00fchle Uckermark\" style=\"background-image: url(&#039;https:\/\/doreenpalke.com\/wp-content\/uploads\/2021\/11\/muehle9-1.jpeg&#039;)\">\n\n\t\t\t\n\t\t\t\t\t<\/div>\n\t\t\t\t\t\t\t\t<\/div>\n\t\t\t\t\t\t\t\t\t\t\t<div class=\"swiper-slide\" role=\"group\" aria-roledescription=\"slide\">\n\t\t\t\t\t\t\t\t\t<div class=\"elementor-carousel-image\" role=\"img\" aria-label=\"bildungsurlaub berlin brandenburg\" style=\"background-image: url(&#039;https:\/\/doreenpalke.com\/wp-content\/uploads\/2021\/11\/seminarhaus_19.jpeg&#039;)\">\n\n\t\t\t\n\t\t\t\t\t<\/div>\n\t\t\t\t\t\t\t\t<\/div>\n\t\t\t\t\t\t\t\t\t\t\t<div class=\"swiper-slide\" role=\"group\" aria-roledescription=\"slide\">\n\t\t\t\t\t\t\t\t\t<div class=\"elementor-carousel-image\" role=\"img\" aria-label=\"Bildungsurlaub-bei Berlin-Fasten-Ayurveda\" style=\"background-image: url(&#039;https:\/\/doreenpalke.com\/wp-content\/uploads\/2021\/11\/seminarhaus_21.jpeg&#039;)\">\n\n\t\t\t\n\t\t\t\t\t<\/div>\n\t\t\t\t\t\t\t\t<\/div>\n\t\t\t\t\t\t\t\t\t\t\t<div class=\"swiper-slide\" role=\"group\" aria-roledescription=\"slide\">\n\t\t\t\t\t\t\t\t\t<div class=\"elementor-carousel-image\" role=\"img\" aria-label=\"Ayurveda Cleanse Detox Retreat Breitenteicher M\u00fchle\" style=\"background-image: url(&#039;https:\/\/doreenpalke.com\/wp-content\/uploads\/2021\/11\/utlcF3Eo.jpeg&#039;)\">\n\n\t\t\t\n\t\t\t\t\t<\/div>\n\t\t\t\t\t\t\t\t<\/div>\n\t\t\t\t\t\t\t\t\t\t\t<div class=\"swiper-slide\" role=\"group\" aria-roledescription=\"slide\">\n\t\t\t\t\t\t\t\t\t<div class=\"elementor-carousel-image\" role=\"img\" aria-label=\"Havel am Rosenwaldhof\" style=\"background-image: url(&#039;https:\/\/doreenpalke.com\/wp-content\/uploads\/2021\/11\/THE-WORK-ROSENWALDHOF-See.jpeg&#039;)\">\n\n\t\t\t\n\t\t\t\t\t<\/div>\n\t\t\t\t\t\t\t\t<\/div>\n\t\t\t\t\t\t\t\t\t<\/div>\n\t\t\t\t\t\t\t\t\t\t\t\t\t\t\t<div class=\"elementor-swiper-button elementor-swiper-button-prev\" role=\"button\" tabindex=\"0\" aria-label=\"Previous\">\n\t\t\t\t\t\t\t<i aria-hidden=\"true\" class=\"eicon-chevron-left\"><\/i>\t\t\t\t\t\t<\/div>\n\t\t\t\t\t\t<div class=\"elementor-swiper-button elementor-swiper-button-next\" role=\"button\" tabindex=\"0\" aria-label=\"Next\">\n\t\t\t\t\t\t\t<i aria-hidden=\"true\" class=\"eicon-chevron-right\"><\/i>\t\t\t\t\t\t<\/div>\n\t\t\t\t\t\t\t\t\t\t\t\t\t\t\t\t\t<\/div>\n\t\t\t\t<\/div>\n\t\t\t\t\t\t\t\t<div class=\"elementor-swiper\">\n\t\t\t\t\t<div class=\"elementor-main-swiper swiper elementor-thumbnails-swiper swiper\" role=\"region region\" aria-roledescription=\"carousel carousel\" aria-label=\"Slider Slider\">\n\t\t\t\t<div class=\"swiper-wrapper\">\n\t\t\t\t\t\t\t\t\t\t\t<div class=\"swiper-slide\" role=\"group\" aria-roledescription=\"slide\">\n\t\t\t\t\t\t\t\t\t<div class=\"elementor-carousel-image\" role=\"img\" aria-label=\"Bildungsurlaub Fasten Breitenteicher M\u00fchle Uckermark\" style=\"background-image: url(&#039;https:\/\/doreenpalke.com\/wp-content\/uploads\/2021\/11\/muehle9-1.jpeg&#039;)\">\n\n\t\t\t\n\t\t\t\t\t<\/div>\n\t\t\t\t\t\t\t\t<\/div>\n\t\t\t\t\t\t\t\t\t\t\t<div class=\"swiper-slide\" role=\"group\" aria-roledescription=\"slide\">\n\t\t\t\t\t\t\t\t\t<div class=\"elementor-carousel-image\" role=\"img\" aria-label=\"bildungsurlaub berlin brandenburg\" style=\"background-image: url(&#039;https:\/\/doreenpalke.com\/wp-content\/uploads\/2021\/11\/seminarhaus_19.jpeg&#039;)\">\n\n\t\t\t\n\t\t\t\t\t<\/div>\n\t\t\t\t\t\t\t\t<\/div>\n\t\t\t\t\t\t\t\t\t\t\t<div class=\"swiper-slide\" role=\"group\" aria-roledescription=\"slide\">\n\t\t\t\t\t\t\t\t\t<div class=\"elementor-carousel-image\" role=\"img\" aria-label=\"Bildungsurlaub-bei Berlin-Fasten-Ayurveda\" style=\"background-image: url(&#039;https:\/\/doreenpalke.com\/wp-content\/uploads\/2021\/11\/seminarhaus_21.jpeg&#039;)\">\n\n\t\t\t\n\t\t\t\t\t<\/div>\n\t\t\t\t\t\t\t\t<\/div>\n\t\t\t\t\t\t\t\t\t\t\t<div class=\"swiper-slide\" role=\"group\" aria-roledescription=\"slide\">\n\t\t\t\t\t\t\t\t\t<div class=\"elementor-carousel-image\" role=\"img\" aria-label=\"Ayurveda Cleanse Detox Retreat Breitenteicher M\u00fchle\" style=\"background-image: url(&#039;https:\/\/doreenpalke.com\/wp-content\/uploads\/2021\/11\/utlcF3Eo.jpeg&#039;)\">\n\n\t\t\t\n\t\t\t\t\t<\/div>\n\t\t\t\t\t\t\t\t<\/div>\n\t\t\t\t\t\t\t\t\t\t\t<div class=\"swiper-slide\" role=\"group\" aria-roledescription=\"slide\">\n\t\t\t\t\t\t\t\t\t<div class=\"elementor-carousel-image\" role=\"img\" aria-label=\"Havel am Rosenwaldhof\" style=\"background-image: url(&#039;https:\/\/doreenpalke.com\/wp-content\/uploads\/2021\/11\/THE-WORK-ROSENWALDHOF-See.jpeg&#039;)\">\n\n\t\t\t\n\t\t\t\t\t<\/div>\n\t\t\t\t\t\t\t\t<\/div>\n\t\t\t\t\t\t\t\t\t<\/div>\n\t\t\t\t\t\t\t\t\t\t\t\t\t\t\t\t\t\t\t\t\t<\/div>\n\t\t\t\t<\/div>\n\t\t\t\t\t\t\t\t<\/div>\n\t\t\t\t<\/div>\n\t\t\t\t\t<\/div>\n\t\t<\/div>\n\t\t\t\t\t<\/div>\n\t\t<\/section>\n\t\t\t\t<section class=\"elementor-section elementor-top-section elementor-element elementor-element-00c4731 elementor-section-content-middle elementor-section-stretched elementor-section-boxed elementor-section-height-default elementor-section-height-default\" data-id=\"00c4731\" data-element_type=\"section\" data-e-type=\"section\" data-settings=\"{&quot;stretch_section&quot;:&quot;section-stretched&quot;}\">\n\t\t\t\t\t\t\t<div class=\"elementor-background-overlay\"><\/div>\n\t\t\t\t\t\t\t<div class=\"elementor-container elementor-column-gap-no\">\n\t\t\t\t\t<div class=\"elementor-column elementor-col-50 elementor-top-column elementor-element elementor-element-bd913b1\" data-id=\"bd913b1\" data-element_type=\"column\" data-e-type=\"column\">\n\t\t\t<div class=\"elementor-widget-wrap elementor-element-populated\">\n\t\t\t\t\t\t<div class=\"elementor-element elementor-element-31d2c50 elementor-widget elementor-widget-heading\" data-id=\"31d2c50\" data-element_type=\"widget\" data-e-type=\"widget\" data-widget_type=\"heading.default\">\n\t\t\t\t<div class=\"elementor-widget-container\">\n\t\t\t\t\t<h5 class=\"elementor-heading-title elementor-size-default\">Es ist an der Zeit, dir etwas Gutes zu tun<\/h5>\t\t\t\t<\/div>\n\t\t\t\t<\/div>\n\t\t\t\t<div class=\"elementor-element elementor-element-ffe3a95 elementor-widget elementor-widget-heading\" data-id=\"ffe3a95\" data-element_type=\"widget\" data-e-type=\"widget\" data-widget_type=\"heading.default\">\n\t\t\t\t<div class=\"elementor-widget-container\">\n\t\t\t\t\t<h3 class=\"elementor-heading-title elementor-size-default\">Die Zimmer sind individuell eingerichtet und helfen dir loszulassen und dich dem R\u00fcckzug hinzugeben. Du kannst dich in einer Vielzahl von ruhigen und erholsamen Bereichen ausruhen, die alle einen herrlichen Blick auf die Umgebung bieten und zum Zweck der Entspannung und Kontemplation geschaffen wurden.<br><br>\nW\u00e4hrend deiner freien Zeit hast du die M\u00f6glichkeit in den Genuss einer ayurvedischen Massage zu kommen. Eine Sauna im Garten der M\u00fchle steht dir auch zur Verf\u00fcgung. <\/h3>\t\t\t\t<\/div>\n\t\t\t\t<\/div>\n\t\t\t\t<div class=\"elementor-element elementor-element-4953b91 elementor-align-left elementor-widget elementor-widget-button\" data-id=\"4953b91\" data-element_type=\"widget\" data-e-type=\"widget\" data-widget_type=\"button.default\">\n\t\t\t\t<div class=\"elementor-widget-container\">\n\t\t\t\t\t<style>.elementor-element-4953b91{display:none !important}<\/style>\t\t\t\t<\/div>\n\t\t\t\t<\/div>\n\t\t\t\t\t<\/div>\n\t\t<\/div>\n\t\t\t\t<div class=\"elementor-column elementor-col-50 elementor-top-column elementor-element elementor-element-8cd9213\" data-id=\"8cd9213\" data-element_type=\"column\" data-e-type=\"column\">\n\t\t\t<div class=\"elementor-widget-wrap elementor-element-populated\">\n\t\t\t\t\t\t<div class=\"elementor-element elementor-element-d28f90d elementor-skin-slideshow elementor-arrows-yes elementor-widget elementor-widget-media-carousel\" data-id=\"d28f90d\" data-element_type=\"widget\" data-e-type=\"widget\" data-settings=\"{&quot;space_between&quot;:{&quot;unit&quot;:&quot;px&quot;,&quot;size&quot;:8,&quot;sizes&quot;:[]},&quot;skin&quot;:&quot;slideshow&quot;,&quot;effect&quot;:&quot;fade&quot;,&quot;show_arrows&quot;:&quot;yes&quot;,&quot;speed&quot;:500,&quot;autoplay&quot;:&quot;yes&quot;,&quot;autoplay_speed&quot;:5000,&quot;loop&quot;:&quot;yes&quot;,&quot;pause_on_hover&quot;:&quot;yes&quot;,&quot;pause_on_interaction&quot;:&quot;yes&quot;,&quot;space_between_tablet&quot;:{&quot;unit&quot;:&quot;px&quot;,&quot;size&quot;:10,&quot;sizes&quot;:[]},&quot;space_between_mobile&quot;:{&quot;unit&quot;:&quot;px&quot;,&quot;size&quot;:10,&quot;sizes&quot;:[]}}\" data-widget_type=\"media-carousel.default\">\n\t\t\t\t<div class=\"elementor-widget-container\">\n\t\t\t\t\t\t\t\t\t<div class=\"elementor-swiper\">\n\t\t\t\t\t<div class=\"elementor-main-swiper swiper\" role=\"region\" aria-roledescription=\"carousel\" aria-label=\"Slider\">\n\t\t\t\t<div class=\"swiper-wrapper\">\n\t\t\t\t\t\t\t\t\t\t\t<div class=\"swiper-slide\" role=\"group\" aria-roledescription=\"slide\">\n\t\t\t\t\t\t\t\t\t<div class=\"elementor-carousel-image\" role=\"img\" aria-label=\"Ayurveda Cleanse Detox Retreat Breitenteicher M\u00fchle\" style=\"background-image: url(&#039;https:\/\/doreenpalke.com\/wp-content\/uploads\/2024\/10\/BM19.png&#039;)\">\n\n\t\t\t\n\t\t\t\t\t<\/div>\n\t\t\t\t\t\t\t\t<\/div>\n\t\t\t\t\t\t\t\t\t<\/div>\n\t\t\t\t\t\t\t<\/div>\n\t\t\t\t<\/div>\n\t\t\t\t\t\t\t\t<\/div>\n\t\t\t\t<\/div>\n\t\t\t\t\t<\/div>\n\t\t<\/div>\n\t\t\t\t\t<\/div>\n\t\t<\/section>\n\t\t\t\t<section class=\"elementor-section elementor-top-section elementor-element elementor-element-683a0a9c elementor-section-boxed elementor-section-height-default elementor-section-height-default\" data-id=\"683a0a9c\" data-element_type=\"section\" data-e-type=\"section\" data-settings=\"{&quot;background_background&quot;:&quot;classic&quot;}\">\n\t\t\t\t\t\t<div class=\"elementor-container elementor-column-gap-default\">\n\t\t\t\t\t<div class=\"elementor-column elementor-col-100 elementor-top-column elementor-element elementor-element-773d454e\" data-id=\"773d454e\" data-element_type=\"column\" data-e-type=\"column\">\n\t\t\t<div class=\"elementor-widget-wrap elementor-element-populated\">\n\t\t\t\t\t\t<div class=\"elementor-element elementor-element-2ab86a9d elementor-widget elementor-widget-heading\" data-id=\"2ab86a9d\" data-element_type=\"widget\" data-e-type=\"widget\" data-widget_type=\"heading.default\">\n\t\t\t\t<div class=\"elementor-widget-container\">\n\t\t\t\t\t<h2 class=\"elementor-heading-title elementor-size-default\">So beantragst du deinen Bildungsurlaub \u2013 Schritt f\u00fcr Schritt<\/h2>\t\t\t\t<\/div>\n\t\t\t\t<\/div>\n\t\t\t\t<div class=\"elementor-element elementor-element-553796a7 elementor-widget elementor-widget-text-editor\" data-id=\"553796a7\" data-element_type=\"widget\" data-e-type=\"widget\" data-widget_type=\"text-editor.default\">\n\t\t\t\t<div class=\"elementor-widget-container\">\n\t\t\t\t\t\t\t\t\t<p class=\"font-claude-response-body break-words whitespace-normal leading-[1.7]\">\u00a0<\/p><div class=\"overflow-x-auto w-full px-2 mb-6\"><table class=\"min-w-full border-collapse text-sm leading-[1.7] whitespace-normal\"><thead class=\"text-left\"><tr><th class=\"text-text-100 border-b-0.5 border-border-300\/60 py-2 pr-4 align-top font-bold\" scope=\"col\">\u00a0<\/th><th class=\"text-text-100 border-b-0.5 border-border-300\/60 py-2 pr-4 align-top font-bold\" scope=\"col\">Was zu tun ist<\/th><\/tr><\/thead><tbody><tr><td class=\"border-b-0.5 border-border-300\/30 py-2 pr-4 align-top\"><strong>1. Informieren<\/strong><\/td><td class=\"border-b-0.5 border-border-300\/30 py-2 pr-4 align-top\">Informiere dich, ob und welchen Anspruch auf Bildungsurlaub du hast \u2013 zum Beispiel \u00fcber die Bildungsurlaubsgesetze und Informationsseiten deines Bundeslandes.<\/td><\/tr><tr><td class=\"border-b-0.5 border-border-300\/30 py-2 pr-4 align-top\"><strong>2. Anmelden<\/strong><\/td><td class=\"border-b-0.5 border-border-300\/30 py-2 pr-4 align-top\">Besprich den Termin vorab mit deinem Arbeitgeber und melde dich dann \u00fcber das <a href=\"https:\/\/doreenpalke.com\/anmeldeformular-bildungsurlaub\/\">Anmeldeformular<\/a> zum Seminar an. Du erh\u00e4ltst eine schriftliche Anmeldebest\u00e4tigung. Sollte dein Arbeitgeber den Bildungsurlaub nachweislich ablehnen, hast du ein 30-t\u00e4giges kostenloses R\u00fccktrittsrecht (mehr dazu in den <a href=\"https:\/\/doreenpalke.com\/agb\/\">AGB<\/a>).<\/td><\/tr><tr><td class=\"border-b-0.5 border-border-300\/30 py-2 pr-4 align-top\"><strong>3. Antrag stellen<\/strong><\/td><td class=\"border-b-0.5 border-border-300\/30 py-2 pr-4 align-top\">Den Antrag f\u00fcr deinen Arbeitgeber \u2013 inklusive der notwendigen Kennziffer f\u00fcr dein Bundesland \u2013 findest du oben zum Download unter &#8222;Anerkennung &amp; Antragsunterlagen&#8220;. In der Regel muss der Bildungsurlaub sechs bis zw\u00f6lf Wochen vor Veranstaltungsbeginn beantragt werden.<\/td><\/tr><tr><td class=\"border-b-0.5 border-border-300\/30 py-2 pr-4 align-top\"><strong>4. Seminar genie\u00dfen!<\/strong><\/td><td class=\"border-b-0.5 border-border-300\/30 py-2 pr-4 align-top\">Sobald dein Arbeitgeber zugestimmt hat \u2013 oder nach Ablauf der gesetzlichen Frist keinen Einspruch eingelegt hat \u2013 gilt der Bildungsurlaub als genehmigt. Teilnahmepflicht besteht, und am Ende erh\u00e4ltst du eine Teilnahmebest\u00e4tigung zur Vorlage beim Arbeitgeber.<\/td><\/tr><\/tbody><\/table><\/div>\t\t\t\t\t\t\t\t<\/div>\n\t\t\t\t<\/div>\n\t\t\t\t<div class=\"elementor-element elementor-element-dc4aac6 elementor-widget elementor-widget-gallery\" data-id=\"dc4aac6\" data-element_type=\"widget\" data-e-type=\"widget\" data-settings=\"{&quot;lazyload&quot;:&quot;yes&quot;,&quot;gallery_layout&quot;:&quot;grid&quot;,&quot;columns&quot;:4,&quot;columns_tablet&quot;:2,&quot;columns_mobile&quot;:1,&quot;gap&quot;:{&quot;unit&quot;:&quot;px&quot;,&quot;size&quot;:10,&quot;sizes&quot;:[]},&quot;gap_tablet&quot;:{&quot;unit&quot;:&quot;px&quot;,&quot;size&quot;:10,&quot;sizes&quot;:[]},&quot;gap_mobile&quot;:{&quot;unit&quot;:&quot;px&quot;,&quot;size&quot;:10,&quot;sizes&quot;:[]},&quot;link_to&quot;:&quot;file&quot;,&quot;aspect_ratio&quot;:&quot;3:2&quot;,&quot;overlay_background&quot;:&quot;yes&quot;,&quot;content_hover_animation&quot;:&quot;fade-in&quot;}\" data-widget_type=\"gallery.default\">\n\t\t\t\t<div class=\"elementor-widget-container\">\n\t\t\t\t\t\t\t<div class=\"elementor-gallery__container\">\n\t\t\t\t\t\t\t<a class=\"e-gallery-item elementor-gallery-item elementor-animated-content\" href=\"https:\/\/doreenpalke.com\/wp-content\/uploads\/2021\/11\/seminarhaus_21.jpeg\" data-elementor-open-lightbox=\"yes\" data-elementor-lightbox-slideshow=\"dc4aac6\" data-elementor-lightbox-title=\"Bildungsurlaub-bei Berlin-Fasten-Ayurveda\" data-e-action-hash=\"#elementor-action%3Aaction%3Dlightbox%26settings%3DeyJpZCI6MzYzNSwidXJsIjoiaHR0cHM6XC9cL2RvcmVlbnBhbGtlLmNvbVwvd3AtY29udGVudFwvdXBsb2Fkc1wvMjAyMVwvMTFcL3NlbWluYXJoYXVzXzIxLmpwZWciLCJzbGlkZXNob3ciOiJkYzRhYWM2In0%3D\">\n\t\t\t\t\t<div class=\"e-gallery-image elementor-gallery-item__image\" data-thumbnail=\"https:\/\/doreenpalke.com\/wp-content\/uploads\/2021\/11\/seminarhaus_21-300x199.jpeg\" data-width=\"300\" data-height=\"199\" aria-label=\"Bildungsurlaub-bei Berlin-Fasten-Ayurveda\" role=\"img\" ><\/div>\n\t\t\t\t\t\t\t\t\t\t\t<div class=\"elementor-gallery-item__overlay\"><\/div>\n\t\t\t\t\t\t\t\t\t\t\t\t\t\t<\/a>\n\t\t\t\t\t\t\t<a class=\"e-gallery-item elementor-gallery-item elementor-animated-content\" href=\"https:\/\/doreenpalke.com\/wp-content\/uploads\/2021\/11\/seminarhaus_19.jpeg\" data-elementor-open-lightbox=\"yes\" data-elementor-lightbox-slideshow=\"dc4aac6\" data-elementor-lightbox-title=\"Ayurveda Clbildungsurlaub berlin brandenburg eanse Detox Retreat Breitenteicher M\u00fchle\" data-e-action-hash=\"#elementor-action%3Aaction%3Dlightbox%26settings%3DeyJpZCI6Mzk2MSwidXJsIjoiaHR0cHM6XC9cL2RvcmVlbnBhbGtlLmNvbVwvd3AtY29udGVudFwvdXBsb2Fkc1wvMjAyMVwvMTFcL3NlbWluYXJoYXVzXzE5LmpwZWciLCJzbGlkZXNob3ciOiJkYzRhYWM2In0%3D\">\n\t\t\t\t\t<div class=\"e-gallery-image elementor-gallery-item__image\" data-thumbnail=\"https:\/\/doreenpalke.com\/wp-content\/uploads\/2021\/11\/seminarhaus_19-300x199.jpeg\" data-width=\"300\" data-height=\"199\" aria-label=\"bildungsurlaub berlin brandenburg\" role=\"img\" ><\/div>\n\t\t\t\t\t\t\t\t\t\t\t<div class=\"elementor-gallery-item__overlay\"><\/div>\n\t\t\t\t\t\t\t\t\t\t\t\t\t\t<\/a>\n\t\t\t\t\t\t\t<a class=\"e-gallery-item elementor-gallery-item elementor-animated-content\" href=\"https:\/\/doreenpalke.com\/wp-content\/uploads\/2024\/10\/seminarhaus_15.jpeg\" data-elementor-open-lightbox=\"yes\" data-elementor-lightbox-slideshow=\"dc4aac6\" data-elementor-lightbox-title=\"Ayurveda Cleanse Detox Retreat Breitenteicher M\u00fchle\" data-e-action-hash=\"#elementor-action%3Aaction%3Dlightbox%26settings%3DeyJpZCI6MTI0NjgsInVybCI6Imh0dHBzOlwvXC9kb3JlZW5wYWxrZS5jb21cL3dwLWNvbnRlbnRcL3VwbG9hZHNcLzIwMjRcLzEwXC9zZW1pbmFyaGF1c18xNS5qcGVnIiwic2xpZGVzaG93IjoiZGM0YWFjNiJ9\">\n\t\t\t\t\t<div class=\"e-gallery-image elementor-gallery-item__image\" data-thumbnail=\"https:\/\/doreenpalke.com\/wp-content\/uploads\/2024\/10\/seminarhaus_15-300x199.jpeg\" data-width=\"300\" data-height=\"199\" aria-label=\"Ayurveda Cleanse Detox Retreat Breitenteicher M\u00fchle\" role=\"img\" ><\/div>\n\t\t\t\t\t\t\t\t\t\t\t<div class=\"elementor-gallery-item__overlay\"><\/div>\n\t\t\t\t\t\t\t\t\t\t\t\t\t\t<\/a>\n\t\t\t\t\t\t\t<a class=\"e-gallery-item elementor-gallery-item elementor-animated-content\" href=\"https:\/\/doreenpalke.com\/wp-content\/uploads\/2024\/10\/seminarhaus-bad.jpeg\" data-elementor-open-lightbox=\"yes\" data-elementor-lightbox-slideshow=\"dc4aac6\" data-elementor-lightbox-title=\"Ayurveda Cleanse Detox Retreat Breitenteicher M\u00fchle\" data-e-action-hash=\"#elementor-action%3Aaction%3Dlightbox%26settings%3DeyJpZCI6MTI0NjksInVybCI6Imh0dHBzOlwvXC9kb3JlZW5wYWxrZS5jb21cL3dwLWNvbnRlbnRcL3VwbG9hZHNcLzIwMjRcLzEwXC9zZW1pbmFyaGF1cy1iYWQuanBlZyIsInNsaWRlc2hvdyI6ImRjNGFhYzYifQ%3D%3D\">\n\t\t\t\t\t<div class=\"e-gallery-image elementor-gallery-item__image\" data-thumbnail=\"https:\/\/doreenpalke.com\/wp-content\/uploads\/2024\/10\/seminarhaus-bad-300x169.jpeg\" data-width=\"300\" data-height=\"169\" aria-label=\"Ayurveda Cleanse Detox Retreat Breitenteicher M\u00fchle\" role=\"img\" ><\/div>\n\t\t\t\t\t\t\t\t\t\t\t<div class=\"elementor-gallery-item__overlay\"><\/div>\n\t\t\t\t\t\t\t\t\t\t\t\t\t\t<\/a>\n\t\t\t\t\t<\/div>\n\t\t\t\t\t<\/div>\n\t\t\t\t<\/div>\n\t\t\t\t\t<\/div>\n\t\t<\/div>\n\t\t\t\t\t<\/div>\n\t\t<\/section>\n\t\t\t\t<section class=\"elementor-section elementor-top-section elementor-element elementor-element-224735a4 elementor-section-height-min-height elementor-section-boxed elementor-section-height-default elementor-section-items-middle\" data-id=\"224735a4\" data-element_type=\"section\" data-e-type=\"section\" data-settings=\"{&quot;background_background&quot;:&quot;classic&quot;}\">\n\t\t\t\t\t\t\t<div class=\"elementor-background-overlay\"><\/div>\n\t\t\t\t\t\t\t<div class=\"elementor-container elementor-column-gap-default\">\n\t\t\t\t\t<div class=\"elementor-column elementor-col-100 elementor-top-column elementor-element elementor-element-7741d392\" data-id=\"7741d392\" data-element_type=\"column\" data-e-type=\"column\">\n\t\t\t<div class=\"elementor-widget-wrap\">\n\t\t\t\t\t\t\t<\/div>\n\t\t<\/div>\n\t\t\t\t\t<\/div>\n\t\t<\/section>\n\t\t\t\t<section class=\"elementor-section elementor-top-section elementor-element elementor-element-5b000765 elementor-section-boxed elementor-section-height-default elementor-section-height-default\" data-id=\"5b000765\" data-element_type=\"section\" data-e-type=\"section\" data-settings=\"{&quot;background_background&quot;:&quot;classic&quot;}\">\n\t\t\t\t\t\t<div class=\"elementor-container elementor-column-gap-default\">\n\t\t\t\t\t<div class=\"elementor-column elementor-col-100 elementor-top-column elementor-element elementor-element-528a6bcd\" data-id=\"528a6bcd\" data-element_type=\"column\" data-e-type=\"column\">\n\t\t\t<div class=\"elementor-widget-wrap elementor-element-populated\">\n\t\t\t\t\t\t<div class=\"elementor-element elementor-element-673d3293 elementor-widget elementor-widget-text-editor\" data-id=\"673d3293\" data-element_type=\"widget\" data-e-type=\"widget\" data-widget_type=\"text-editor.default\">\n\t\t\t\t<div class=\"elementor-widget-container\">\n\t\t\t\t\t\t\t\t\t<p>FAQs zum Bildungsurlaub\u200b<\/p>\t\t\t\t\t\t\t\t<\/div>\n\t\t\t\t<\/div>\n\t\t\t\t<div class=\"elementor-element elementor-element-1a527f88 elementor-widget elementor-widget-text-editor\" data-id=\"1a527f88\" data-element_type=\"widget\" data-e-type=\"widget\" data-widget_type=\"text-editor.default\">\n\t\t\t\t<div class=\"elementor-widget-container\">\n\t\t\t\t\t\t\t\t\t<div id=\"1769710472\" class=\"u_1769710472 dmNewParagraph text-align-center\" data-version=\"5\"><p class=\"m-size-18 text-align-center size-20\"><span class=\"m-font-size-18 font-size-20\">Antworten auf die h\u00e4ufigsten Fragen rund um Bildungsurlaub<\/span><\/p><\/div>\t\t\t\t\t\t\t\t<\/div>\n\t\t\t\t<\/div>\n\t\t\t\t<div class=\"elementor-element elementor-element-4be8e599 elementor-widget elementor-widget-accordion\" data-id=\"4be8e599\" data-element_type=\"widget\" data-e-type=\"widget\" data-widget_type=\"accordion.default\">\n\t\t\t\t<div class=\"elementor-widget-container\">\n\t\t\t\t\t\t\t<div class=\"elementor-accordion\">\n\t\t\t\t\t\t\t<div class=\"elementor-accordion-item\">\n\t\t\t\t\t<div id=\"elementor-tab-title-1271\" class=\"elementor-tab-title\" data-tab=\"1\" role=\"button\" aria-controls=\"elementor-tab-content-1271\" aria-expanded=\"false\">\n\t\t\t\t\t\t\t\t\t\t\t\t\t<span class=\"elementor-accordion-icon elementor-accordion-icon-right\" aria-hidden=\"true\">\n\t\t\t\t\t\t\t\t\t\t\t\t\t\t\t<span class=\"elementor-accordion-icon-closed\"><i class=\"fas fa-plus\"><\/i><\/span>\n\t\t\t\t\t\t\t\t<span class=\"elementor-accordion-icon-opened\"><i class=\"fas fa-minus\"><\/i><\/span>\n\t\t\t\t\t\t\t\t\t\t\t\t\t\t<\/span>\n\t\t\t\t\t\t\t\t\t\t\t\t<a class=\"elementor-accordion-title\" tabindex=\"0\">Was ist Bildungsurlaub?<\/a>\n\t\t\t\t\t<\/div>\n\t\t\t\t\t<div id=\"elementor-tab-content-1271\" class=\"elementor-tab-content elementor-clearfix\" data-tab=\"1\" role=\"region\" aria-labelledby=\"elementor-tab-title-1271\"><p>Beim <strong>Bildungsurlaub\u00a0<\/strong>\u2013 auch <strong>Bildungsfreistellung\u00a0<\/strong>oder <strong>Bildungszeit\u00a0<\/strong>genannt \u2013 erh\u00e4ltst du vom Arbeitgeber eine Freistellung mit Lohnfortzahlung, um sich in dieser Zeit weiterzubilden. Du musst f\u00fcr deinen Bildungsurlaub also keine privaten Urlaubstage verwenden, sondern erhalte diese Tage zus\u00e4tzlich zum Jahresurlaub. Es wird nichts gek\u00fcrzt oder abgezogen.\u00a0<\/p><\/div>\n\t\t\t\t<\/div>\n\t\t\t\t\t\t\t<div class=\"elementor-accordion-item\">\n\t\t\t\t\t<div id=\"elementor-tab-title-1272\" class=\"elementor-tab-title\" data-tab=\"2\" role=\"button\" aria-controls=\"elementor-tab-content-1272\" aria-expanded=\"false\">\n\t\t\t\t\t\t\t\t\t\t\t\t\t<span class=\"elementor-accordion-icon elementor-accordion-icon-right\" aria-hidden=\"true\">\n\t\t\t\t\t\t\t\t\t\t\t\t\t\t\t<span class=\"elementor-accordion-icon-closed\"><i class=\"fas fa-plus\"><\/i><\/span>\n\t\t\t\t\t\t\t\t<span class=\"elementor-accordion-icon-opened\"><i class=\"fas fa-minus\"><\/i><\/span>\n\t\t\t\t\t\t\t\t\t\t\t\t\t\t<\/span>\n\t\t\t\t\t\t\t\t\t\t\t\t<a class=\"elementor-accordion-title\" tabindex=\"0\">Wer hat Anspruch auf Bildungsurlaub?<\/a>\n\t\t\t\t\t<\/div>\n\t\t\t\t\t<div id=\"elementor-tab-content-1272\" class=\"elementor-tab-content elementor-clearfix\" data-tab=\"2\" role=\"region\" aria-labelledby=\"elementor-tab-title-1272\"><p>Bildungsurlaub ist eine Ma\u00dfnahme zur Arbeitnehmerweiterbildung. Das hei\u00dft also,\u00a0 du hast einen gesetzlichen Anspruch darauf, wenn du Arbeitnehmer*in bist. Voraussetzung daf\u00fcr ist, dass du in einem Bundesland angestellt bist, welches ein Bildungsurlaubsgesetz hat (das sind momentan alle au\u00dfer Sachsen und Bayern). Dabei gilt der Arbeitsort, nicht der Wohnort.\u00a0<\/p><div class=\"accordion-description\"><div class=\"section\"><div class=\"section-inner\"><p class=\"rteBlock\">Bei Auszubildenden und Beamten gibt es je nach Bundesland teilweise Sonderregeln, die du am besten im Vorfeld direkt abkl\u00e4ren solltest. Auch f\u00fcr Kleinbetriebe werden in einigen Bundesl\u00e4ndern Ausnahmen gemacht, da hier nicht so leicht auf einzelne Arbeitnehmer verzichtet werden kann. Gleiches gilt f\u00fcr Arbeitnehmer*innen, die sich noch in der Probezeit befinden.<\/p><\/div><\/div><\/div><\/div>\n\t\t\t\t<\/div>\n\t\t\t\t\t\t\t<div class=\"elementor-accordion-item\">\n\t\t\t\t\t<div id=\"elementor-tab-title-1273\" class=\"elementor-tab-title\" data-tab=\"3\" role=\"button\" aria-controls=\"elementor-tab-content-1273\" aria-expanded=\"false\">\n\t\t\t\t\t\t\t\t\t\t\t\t\t<span class=\"elementor-accordion-icon elementor-accordion-icon-right\" aria-hidden=\"true\">\n\t\t\t\t\t\t\t\t\t\t\t\t\t\t\t<span class=\"elementor-accordion-icon-closed\"><i class=\"fas fa-plus\"><\/i><\/span>\n\t\t\t\t\t\t\t\t<span class=\"elementor-accordion-icon-opened\"><i class=\"fas fa-minus\"><\/i><\/span>\n\t\t\t\t\t\t\t\t\t\t\t\t\t\t<\/span>\n\t\t\t\t\t\t\t\t\t\t\t\t<a class=\"elementor-accordion-title\" tabindex=\"0\">Wieviel Bildungsurlaub steht mir zu?<\/a>\n\t\t\t\t\t<\/div>\n\t\t\t\t\t<div id=\"elementor-tab-content-1273\" class=\"elementor-tab-content elementor-clearfix\" data-tab=\"3\" role=\"region\" aria-labelledby=\"elementor-tab-title-1273\"><p>In der Regel besteht bei Vollzeitbesch\u00e4ftigten ein Anspruch auf 5 Tage, der auch auf das n\u00e4chste Jahr \u00fcbertragen werden kann.\u00a0<\/p><\/div>\n\t\t\t\t<\/div>\n\t\t\t\t\t\t\t<div class=\"elementor-accordion-item\">\n\t\t\t\t\t<div id=\"elementor-tab-title-1274\" class=\"elementor-tab-title\" data-tab=\"4\" role=\"button\" aria-controls=\"elementor-tab-content-1274\" aria-expanded=\"false\">\n\t\t\t\t\t\t\t\t\t\t\t\t\t<span class=\"elementor-accordion-icon elementor-accordion-icon-right\" aria-hidden=\"true\">\n\t\t\t\t\t\t\t\t\t\t\t\t\t\t\t<span class=\"elementor-accordion-icon-closed\"><i class=\"fas fa-plus\"><\/i><\/span>\n\t\t\t\t\t\t\t\t<span class=\"elementor-accordion-icon-opened\"><i class=\"fas fa-minus\"><\/i><\/span>\n\t\t\t\t\t\t\t\t\t\t\t\t\t\t<\/span>\n\t\t\t\t\t\t\t\t\t\t\t\t<a class=\"elementor-accordion-title\" tabindex=\"0\">Kann mein Arbeitgeber den Bildungsurlaub ablehnen?<\/a>\n\t\t\t\t\t<\/div>\n\t\t\t\t\t<div id=\"elementor-tab-content-1274\" class=\"elementor-tab-content elementor-clearfix\" data-tab=\"4\" role=\"region\" aria-labelledby=\"elementor-tab-title-1274\"><p>Ohne triftigen Grund darf dein Arbeitgeber einen Antrag auf Bildungsurlaub nicht ablehnen, sofern er formal korrekt und fr\u00fchzeitig genug gestellt wurde. Nur, wenn dringende betriebliche oder dienstliche Gr\u00fcnde dagegen sprechen, ist eine Ablehnung m\u00f6glich. Das w\u00e4re beispielsweise der Fall, wenn zum Zeitpunkt der Veranstaltung keine Vertretungsregelung m\u00f6glich ist.\u00a0<\/p><p class=\"rteBlock\">Au\u00dferdem gibt es bei kleinen Betrieben oder f\u00fcr Auszubildende h\u00e4ufig Sonderregelungen. In manchen Bundesl\u00e4ndern muss das Arbeitsverh\u00e4ltnis f\u00fcr eine bestimmte Zeit bestehen (z.B. 6 Monate), bevor Bildungsurlaub gew\u00e4hrt wird. Bitte informiere dich vorab \u00fcber die Rahmenbedingungen in deinem Bundesland.<\/p><\/div>\n\t\t\t\t<\/div>\n\t\t\t\t\t\t\t<div class=\"elementor-accordion-item\">\n\t\t\t\t\t<div id=\"elementor-tab-title-1275\" class=\"elementor-tab-title\" data-tab=\"5\" role=\"button\" aria-controls=\"elementor-tab-content-1275\" aria-expanded=\"false\">\n\t\t\t\t\t\t\t\t\t\t\t\t\t<span class=\"elementor-accordion-icon elementor-accordion-icon-right\" aria-hidden=\"true\">\n\t\t\t\t\t\t\t\t\t\t\t\t\t\t\t<span class=\"elementor-accordion-icon-closed\"><i class=\"fas fa-plus\"><\/i><\/span>\n\t\t\t\t\t\t\t\t<span class=\"elementor-accordion-icon-opened\"><i class=\"fas fa-minus\"><\/i><\/span>\n\t\t\t\t\t\t\t\t\t\t\t\t\t\t<\/span>\n\t\t\t\t\t\t\t\t\t\t\t\t<a class=\"elementor-accordion-title\" tabindex=\"0\">Muss das Seminarthema etwas mit meinem Job zu tun haben?<\/a>\n\t\t\t\t\t<\/div>\n\t\t\t\t\t<div id=\"elementor-tab-content-1275\" class=\"elementor-tab-content elementor-clearfix\" data-tab=\"5\" role=\"region\" aria-labelledby=\"elementor-tab-title-1275\"><p>Nicht unbedingt. Das Thema deines Bildungsurlaubes kannst du frei ausw\u00e4hlen, das f\u00fcr dein Bundesland anerkannt sind. Es muss nicht zwingend etwas mit deinem aktuellen Job zu tun haben.<\/p><\/div>\n\t\t\t\t<\/div>\n\t\t\t\t\t\t\t<div class=\"elementor-accordion-item\">\n\t\t\t\t\t<div id=\"elementor-tab-title-1276\" class=\"elementor-tab-title\" data-tab=\"6\" role=\"button\" aria-controls=\"elementor-tab-content-1276\" aria-expanded=\"false\">\n\t\t\t\t\t\t\t\t\t\t\t\t\t<span class=\"elementor-accordion-icon elementor-accordion-icon-right\" aria-hidden=\"true\">\n\t\t\t\t\t\t\t\t\t\t\t\t\t\t\t<span class=\"elementor-accordion-icon-closed\"><i class=\"fas fa-plus\"><\/i><\/span>\n\t\t\t\t\t\t\t\t<span class=\"elementor-accordion-icon-opened\"><i class=\"fas fa-minus\"><\/i><\/span>\n\t\t\t\t\t\t\t\t\t\t\t\t\t\t<\/span>\n\t\t\t\t\t\t\t\t\t\t\t\t<a class=\"elementor-accordion-title\" tabindex=\"0\">Darf ich an diesem Seminar auch teilnehmen, wenn ich keinen Anspruch auf Bildungsurlaub habe?<\/a>\n\t\t\t\t\t<\/div>\n\t\t\t\t\t<div id=\"elementor-tab-content-1276\" class=\"elementor-tab-content elementor-clearfix\" data-tab=\"6\" role=\"region\" aria-labelledby=\"elementor-tab-title-1276\"><p>Ja. <strong>Alle<\/strong> <strong>Interessierten<\/strong> d\u00fcrfen an den Seminaren teilnehmen \u2013 ob ein Anspruch auf Bildungsurlaub besteht oder nicht.\u00a0<\/p><\/div>\n\t\t\t\t<\/div>\n\t\t\t\t\t\t\t<div class=\"elementor-accordion-item\">\n\t\t\t\t\t<div id=\"elementor-tab-title-1277\" class=\"elementor-tab-title\" data-tab=\"7\" role=\"button\" aria-controls=\"elementor-tab-content-1277\" aria-expanded=\"false\">\n\t\t\t\t\t\t\t\t\t\t\t\t\t<span class=\"elementor-accordion-icon elementor-accordion-icon-right\" aria-hidden=\"true\">\n\t\t\t\t\t\t\t\t\t\t\t\t\t\t\t<span class=\"elementor-accordion-icon-closed\"><i class=\"fas fa-plus\"><\/i><\/span>\n\t\t\t\t\t\t\t\t<span class=\"elementor-accordion-icon-opened\"><i class=\"fas fa-minus\"><\/i><\/span>\n\t\t\t\t\t\t\t\t\t\t\t\t\t\t<\/span>\n\t\t\t\t\t\t\t\t\t\t\t\t<a class=\"elementor-accordion-title\" tabindex=\"0\"> Gibt es Teilnahmevoraussetzungen f\u00fcr dieses Seminar?<\/a>\n\t\t\t\t\t<\/div>\n\t\t\t\t\t<div id=\"elementor-tab-content-1277\" class=\"elementor-tab-content elementor-clearfix\" data-tab=\"7\" role=\"region\" aria-labelledby=\"elementor-tab-title-1277\"><p>Au\u00dfer Offenheit und Interesse an den Seminar-Themen sowie der Bereitschaft zur Entschleunigung gibt es grunds\u00e4tzlich keine Teilnahmevoraussetzungen. Inhaltliche Vorkenntnisse \u00fcber die jeweiligen Seminarthemen oder Yoga- bzw. Meditationserfahrung sind nicht n\u00f6tig. Alle Interessierten ohne gr\u00f6\u00dfere k\u00f6rperliche Einschr\u00e4nkungen k\u00f6nnen an den Bildungsurlaubs-Seminaren teilnehmen.\u00a0<\/p><p class=\"rteBlock\">Solltest du k\u00f6rperlich oder gesundheitlich stark eingeschr\u00e4nkt sein, berate ich dich im Vorfeld gerne, ob das Seminar f\u00fcr dich geeignet ist.<\/p><\/div>\n\t\t\t\t<\/div>\n\t\t\t\t\t\t\t<div class=\"elementor-accordion-item\">\n\t\t\t\t\t<div id=\"elementor-tab-title-1278\" class=\"elementor-tab-title\" data-tab=\"8\" role=\"button\" aria-controls=\"elementor-tab-content-1278\" aria-expanded=\"false\">\n\t\t\t\t\t\t\t\t\t\t\t\t\t<span class=\"elementor-accordion-icon elementor-accordion-icon-right\" aria-hidden=\"true\">\n\t\t\t\t\t\t\t\t\t\t\t\t\t\t\t<span class=\"elementor-accordion-icon-closed\"><i class=\"fas fa-plus\"><\/i><\/span>\n\t\t\t\t\t\t\t\t<span class=\"elementor-accordion-icon-opened\"><i class=\"fas fa-minus\"><\/i><\/span>\n\t\t\t\t\t\t\t\t\t\t\t\t\t\t<\/span>\n\t\t\t\t\t\t\t\t\t\t\t\t<a class=\"elementor-accordion-title\" tabindex=\"0\"> Wie sind die Zahlungs- und Stornobedingungen f\u00fcr den Bildungsurlaub?<\/a>\n\t\t\t\t\t<\/div>\n\t\t\t\t\t<div id=\"elementor-tab-content-1278\" class=\"elementor-tab-content elementor-clearfix\" data-tab=\"8\" role=\"region\" aria-labelledby=\"elementor-tab-title-1278\"><p>Die Zahlungsbedingungen f\u00fcr deine Seminargeb\u00fchr findest du in Ihrer Anmeldebest\u00e4tigung \/ Rechnung, die du bei Anmeldung erh\u00e4ltst.\u00a0<\/p><p>Die Storno- und Umbuchungsbedingungen entnimmst du bitte den <a href=\"https:\/\/doreenpalke.com\/agb\/\">AGB<\/a>. Erg\u00e4nzend zu den AGB gelten selbstverst\u00e4ndlich die gesetzlichen <a href=\"https:\/\/doreenpalke.com\/wp-content\/uploads\/2026\/04\/Widerruf-Formular-Bildungsurlaub.pdf\">Widerrufsm\u00f6glichkeiten<\/a>.<\/p><p>Ich empfehle grunds\u00e4tzlich den Abschluss einer Seminar- und Reiser\u00fccktrittskostenversicherung, die dich absichert, falls du krank wirst. Solltest du einzelne Seminartage verpassen, k\u00f6nnen diese Tage leider nicht kostenfrei nachgeholt oder erstattet werden.\u00a0<\/p><\/div>\n\t\t\t\t<\/div>\n\t\t\t\t\t\t\t\t<\/div>\n\t\t\t\t\t\t<\/div>\n\t\t\t\t<\/div>\n\t\t\t\t\t<\/div>\n\t\t<\/div>\n\t\t\t\t\t<\/div>\n\t\t<\/section>\n\t\t\t\t<section class=\"elementor-section elementor-top-section elementor-element elementor-element-25b2a297 elementor-section-stretched elementor-section-boxed elementor-section-height-default elementor-section-height-default\" data-id=\"25b2a297\" data-element_type=\"section\" data-e-type=\"section\" data-settings=\"{&quot;background_background&quot;:&quot;classic&quot;,&quot;stretch_section&quot;:&quot;section-stretched&quot;}\">\n\t\t\t\t\t\t<div class=\"elementor-container elementor-column-gap-default\">\n\t\t\t\t\t<div class=\"elementor-column elementor-col-100 elementor-top-column elementor-element elementor-element-56707d2\" data-id=\"56707d2\" data-element_type=\"column\" data-e-type=\"column\" data-settings=\"{&quot;background_background&quot;:&quot;classic&quot;}\">\n\t\t\t<div class=\"elementor-widget-wrap elementor-element-populated\">\n\t\t\t\t\t\t<div class=\"elementor-element elementor-element-7969e6ac elementor-widget elementor-widget-heading\" data-id=\"7969e6ac\" data-element_type=\"widget\" data-e-type=\"widget\" data-widget_type=\"heading.default\">\n\t\t\t\t<div class=\"elementor-widget-container\">\n\t\t\t\t\t<h3 class=\"elementor-heading-title elementor-size-default\">Newsletter<\/h3>\t\t\t\t<\/div>\n\t\t\t\t<\/div>\n\t\t\t\t<div class=\"elementor-element elementor-element-72acf28e elementor-widget elementor-widget-text-editor\" data-id=\"72acf28e\" data-element_type=\"widget\" data-e-type=\"widget\" data-widget_type=\"text-editor.default\">\n\t\t\t\t<div class=\"elementor-widget-container\">\n\t\t\t\t\t\t\t\t\t<p>Melde dich f\u00fcr meinen Newsletter an f\u00fcr regelm\u00e4\u00dfige Tipps und neue Impulse rund um das Thema Ayurveda und Frauengesundheit.<\/p>\t\t\t\t\t\t\t\t<\/div>\n\t\t\t\t<\/div>\n\t\t\t\t<div class=\"elementor-element elementor-element-3824d078 elementor-button-align-stretch elementor-widget elementor-widget-form\" data-id=\"3824d078\" data-element_type=\"widget\" data-e-type=\"widget\" data-settings=\"{&quot;button_width&quot;:&quot;25&quot;,&quot;step_next_label&quot;:&quot;N\\u00e4chster&quot;,&quot;step_previous_label&quot;:&quot;Voriger&quot;,&quot;step_type&quot;:&quot;number_text&quot;,&quot;step_icon_shape&quot;:&quot;circle&quot;}\" data-widget_type=\"form.default\">\n\t\t\t\t<div class=\"elementor-widget-container\">\n\t\t\t\t\t\t\t<form class=\"elementor-form\" method=\"post\" name=\"Newsletter\" aria-label=\"Newsletter\" novalidate=\"\">\n\t\t\t<input type=\"hidden\" name=\"post_id\" value=\"15834\"\/>\n\t\t\t<input type=\"hidden\" name=\"form_id\" value=\"3824d078\"\/>\n\t\t\t<input type=\"hidden\" name=\"referer_title\" value=\"\" \/>\n\n\t\t\t\n\t\t\t<div class=\"elementor-form-fields-wrapper elementor-labels-\">\n\t\t\t\t\t\t\t\t<div class=\"elementor-field-type-text elementor-field-group elementor-column elementor-field-group-email elementor-col-25 elementor-field-required\">\n\t\t\t\t\t\t\t\t\t\t\t\t\t<input size=\"1\" type=\"text\" name=\"form_fields[email]\" id=\"form-field-email\" class=\"elementor-field elementor-size-md  elementor-field-textual\" placeholder=\"Dein Vorname\" required=\"required\">\n\t\t\t\t\t\t\t\t\t\t\t<\/div>\n\t\t\t\t\t\t\t\t<div class=\"elementor-field-type-text elementor-field-group elementor-column elementor-field-group-field_7a628da elementor-col-25 elementor-field-required\">\n\t\t\t\t\t\t\t\t\t\t\t\t\t<input size=\"1\" type=\"text\" name=\"form_fields[field_7a628da]\" id=\"form-field-field_7a628da\" class=\"elementor-field elementor-size-md  elementor-field-textual\" placeholder=\"Dein Nachname\" required=\"required\">\n\t\t\t\t\t\t\t\t\t\t\t<\/div>\n\t\t\t\t\t\t\t\t<div class=\"elementor-field-type-email elementor-field-group elementor-column elementor-field-group-field_8329588 elementor-col-25 elementor-field-required\">\n\t\t\t\t\t\t\t\t\t\t\t\t\t<input size=\"1\" type=\"email\" name=\"form_fields[field_8329588]\" id=\"form-field-field_8329588\" class=\"elementor-field elementor-size-md  elementor-field-textual\" placeholder=\"Deine E-Mail-Adresse\" required=\"required\">\n\t\t\t\t\t\t\t\t\t\t\t<\/div>\n\t\t\t\t\t\t\t\t<div class=\"elementor-field-group elementor-column elementor-field-type-submit elementor-col-25 e-form__buttons\">\n\t\t\t\t\t<button class=\"elementor-button elementor-size-md\" type=\"submit\">\n\t\t\t\t\t\t<span class=\"elementor-button-content-wrapper\">\n\t\t\t\t\t\t\t\t\t\t\t\t\t\t\t\t\t\t\t\t\t\t<span class=\"elementor-button-text\">Anmelden<\/span>\n\t\t\t\t\t\t\t\t\t\t\t\t\t<\/span>\n\t\t\t\t\t<\/button>\n\t\t\t\t<\/div>\n\t\t\t<\/div>\n\t\t<\/form>\n\t\t\t\t\t\t<\/div>\n\t\t\t\t<\/div>\n\t\t\t\t<div class=\"elementor-element elementor-element-2112b1d elementor-widget elementor-widget-text-editor\" data-id=\"2112b1d\" data-element_type=\"widget\" data-e-type=\"widget\" data-widget_type=\"text-editor.default\">\n\t\t\t\t<div class=\"elementor-widget-container\">\n\t\t\t\t\t\t\t\t\t<p>*Mit deiner Anmeldung meldest du dich automatisch auch f\u00fcr meinen Newsletter an und erh\u00e4ltst regelm\u00e4\u00dfige Tipps zum Thema Ayurveda und Frauengesundheit. Du kannst dich jederzeit wieder austragen. Weitere Informationen zur Nutzung deiner Daten findest du hier: <a href=\"https:\/\/doreenpalke.com\/datenschutz\/\">Datenschutzerkl\u00e4rung<\/a>.<\/p>\t\t\t\t\t\t\t\t<\/div>\n\t\t\t\t<\/div>\n\t\t\t\t\t<\/div>\n\t\t<\/div>\n\t\t\t\t\t<\/div>\n\t\t<\/section>\n\t\t\t\t<section class=\"elementor-section elementor-top-section elementor-element elementor-element-2bde8280 elementor-section-full_width elementor-section-height-default elementor-section-height-default\" data-id=\"2bde8280\" data-element_type=\"section\" data-e-type=\"section\" data-settings=\"{&quot;background_background&quot;:&quot;classic&quot;}\">\n\t\t\t\t\t\t<div class=\"elementor-container elementor-column-gap-no\">\n\t\t\t\t\t<div class=\"elementor-column elementor-col-33 elementor-top-column elementor-element elementor-element-6acf7867\" data-id=\"6acf7867\" data-element_type=\"column\" data-e-type=\"column\">\n\t\t\t<div class=\"elementor-widget-wrap elementor-element-populated\">\n\t\t\t\t\t\t<div class=\"elementor-element elementor-element-19e5edea elementor-widget elementor-widget-heading\" data-id=\"19e5edea\" data-element_type=\"widget\" data-e-type=\"widget\" data-widget_type=\"heading.default\">\n\t\t\t\t<div class=\"elementor-widget-container\">\n\t\t\t\t\t<h2 class=\"elementor-heading-title elementor-size-default\">Praxis f\u00fcr \nAyurveda Medizin &amp; \nYogatherapie<\/h2>\t\t\t\t<\/div>\n\t\t\t\t<\/div>\n\t\t\t\t\t<\/div>\n\t\t<\/div>\n\t\t\t\t<div class=\"elementor-column elementor-col-33 elementor-top-column elementor-element elementor-element-20091f95\" data-id=\"20091f95\" data-element_type=\"column\" data-e-type=\"column\" data-settings=\"{&quot;background_background&quot;:&quot;classic&quot;}\">\n\t\t\t<div class=\"elementor-widget-wrap elementor-element-populated\">\n\t\t\t\t\t\t<div class=\"elementor-element elementor-element-5cc0c63 elementor-widget-divider--view-line elementor-widget elementor-widget-divider\" data-id=\"5cc0c63\" data-element_type=\"widget\" data-e-type=\"widget\" data-widget_type=\"divider.default\">\n\t\t\t\t<div class=\"elementor-widget-container\">\n\t\t\t\t\t\t\t<div class=\"elementor-divider\">\n\t\t\t<span class=\"elementor-divider-separator\">\n\t\t\t\t\t\t<\/span>\n\t\t<\/div>\n\t\t\t\t\t\t<\/div>\n\t\t\t\t<\/div>\n\t\t\t\t<div class=\"elementor-element elementor-element-27f68d41 elementor-widget elementor-widget-text-editor\" data-id=\"27f68d41\" data-element_type=\"widget\" data-e-type=\"widget\" data-widget_type=\"text-editor.default\">\n\t\t\t\t<div class=\"elementor-widget-container\">\n\t\t\t\t\t\t\t\t\t<p>\u00a0<\/p><p>Kontakt<\/p>\t\t\t\t\t\t\t\t<\/div>\n\t\t\t\t<\/div>\n\t\t\t\t<div class=\"elementor-element elementor-element-65aa204e elementor-widget elementor-widget-heading\" data-id=\"65aa204e\" data-element_type=\"widget\" data-e-type=\"widget\" data-widget_type=\"heading.default\">\n\t\t\t\t<div class=\"elementor-widget-container\">\n\t\t\t\t\t<h2 class=\"elementor-heading-title elementor-size-default\">Benzstr. 4<br>\n\n14482 Potsdam<br>\n\nDeutschland<br><br>\n\n+49 176 282 331 83<br>\n\ndoreen@doreenpalke.com<\/h2>\t\t\t\t<\/div>\n\t\t\t\t<\/div>\n\t\t\t\t<div class=\"elementor-element elementor-element-76d126bc elementor-hidden-desktop elementor-hidden-mobile elementor-widget-divider--view-line elementor-widget elementor-widget-divider\" data-id=\"76d126bc\" data-element_type=\"widget\" data-e-type=\"widget\" data-widget_type=\"divider.default\">\n\t\t\t\t<div class=\"elementor-widget-container\">\n\t\t\t\t\t\t\t<div class=\"elementor-divider\">\n\t\t\t<span class=\"elementor-divider-separator\">\n\t\t\t\t\t\t<\/span>\n\t\t<\/div>\n\t\t\t\t\t\t<\/div>\n\t\t\t\t<\/div>\n\t\t\t\t\t<\/div>\n\t\t<\/div>\n\t\t\t\t<div class=\"elementor-column elementor-col-33 elementor-top-column elementor-element elementor-element-188729fe\" data-id=\"188729fe\" data-element_type=\"column\" data-e-type=\"column\" data-settings=\"{&quot;background_background&quot;:&quot;classic&quot;}\">\n\t\t\t<div class=\"elementor-widget-wrap elementor-element-populated\">\n\t\t\t\t\t\t<div class=\"elementor-element elementor-element-480b5904 elementor-widget-divider--view-line elementor-widget elementor-widget-divider\" data-id=\"480b5904\" data-element_type=\"widget\" data-e-type=\"widget\" data-widget_type=\"divider.default\">\n\t\t\t\t<div class=\"elementor-widget-container\">\n\t\t\t\t\t\t\t<div class=\"elementor-divider\">\n\t\t\t<span class=\"elementor-divider-separator\">\n\t\t\t\t\t\t<\/span>\n\t\t<\/div>\n\t\t\t\t\t\t<\/div>\n\t\t\t\t<\/div>\n\t\t\t\t<div class=\"elementor-element elementor-element-3820a74b elementor-widget elementor-widget-text-editor\" data-id=\"3820a74b\" data-element_type=\"widget\" data-e-type=\"widget\" data-widget_type=\"text-editor.default\">\n\t\t\t\t<div class=\"elementor-widget-container\">\n\t\t\t\t\t\t\t\t\t<p>\u00a0<\/p><p>Rechtliche Hinweise<\/p>\t\t\t\t\t\t\t\t<\/div>\n\t\t\t\t<\/div>\n\t\t\t\t<div class=\"elementor-element elementor-element-6f65a90e elementor-widget elementor-widget-heading\" data-id=\"6f65a90e\" data-element_type=\"widget\" data-e-type=\"widget\" data-widget_type=\"heading.default\">\n\t\t\t\t<div class=\"elementor-widget-container\">\n\t\t\t\t\t<h4 class=\"elementor-heading-title elementor-size-default\"><a href=\"https:\/\/doreenpalke.com\/impressum\/\">Impressum<\/a><\/h4>\t\t\t\t<\/div>\n\t\t\t\t<\/div>\n\t\t\t\t<div class=\"elementor-element elementor-element-7e444262 elementor-widget elementor-widget-heading\" data-id=\"7e444262\" data-element_type=\"widget\" data-e-type=\"widget\" data-widget_type=\"heading.default\">\n\t\t\t\t<div class=\"elementor-widget-container\">\n\t\t\t\t\t<h4 class=\"elementor-heading-title elementor-size-default\"><a href=\"https:\/\/doreenpalke.com\/agb\/\">AGB Allg. Gesch\u00e4ftsbedigungen<\/a><\/h4>\t\t\t\t<\/div>\n\t\t\t\t<\/div>\n\t\t\t\t<div class=\"elementor-element elementor-element-25288024 elementor-widget elementor-widget-heading\" data-id=\"25288024\" data-element_type=\"widget\" data-e-type=\"widget\" data-widget_type=\"heading.default\">\n\t\t\t\t<div class=\"elementor-widget-container\">\n\t\t\t\t\t<h4 class=\"elementor-heading-title elementor-size-default\"><a href=\"https:\/\/doreenpalke.com\/datenschutz\/\">Datenschutz<\/a><\/h4>\t\t\t\t<\/div>\n\t\t\t\t<\/div>\n\t\t\t\t<div class=\"elementor-element elementor-element-343c0c05 elementor-hidden-desktop elementor-hidden-mobile elementor-widget-divider--view-line elementor-widget elementor-widget-divider\" data-id=\"343c0c05\" data-element_type=\"widget\" data-e-type=\"widget\" data-widget_type=\"divider.default\">\n\t\t\t\t<div class=\"elementor-widget-container\">\n\t\t\t\t\t\t\t<div class=\"elementor-divider\">\n\t\t\t<span class=\"elementor-divider-separator\">\n\t\t\t\t\t\t<\/span>\n\t\t<\/div>\n\t\t\t\t\t\t<\/div>\n\t\t\t\t<\/div>\n\t\t\t\t\t<\/div>\n\t\t<\/div>\n\t\t\t\t\t<\/div>\n\t\t<\/section>\n\t\t\t\t<section class=\"elementor-section elementor-top-section elementor-element elementor-element-5115220d elementor-section-boxed elementor-section-height-default elementor-section-height-default\" data-id=\"5115220d\" data-element_type=\"section\" data-e-type=\"section\" data-settings=\"{&quot;background_background&quot;:&quot;classic&quot;}\">\n\t\t\t\t\t\t<div class=\"elementor-container elementor-column-gap-default\">\n\t\t\t\t\t<div class=\"elementor-column elementor-col-100 elementor-top-column elementor-element elementor-element-446f65d9\" data-id=\"446f65d9\" data-element_type=\"column\" data-e-type=\"column\">\n\t\t\t<div class=\"elementor-widget-wrap elementor-element-populated\">\n\t\t\t\t\t\t<div class=\"elementor-element elementor-element-1edf5a00 e-grid-align-left elementor-shape-rounded elementor-grid-0 elementor-widget elementor-widget-social-icons\" data-id=\"1edf5a00\" data-element_type=\"widget\" data-e-type=\"widget\" data-widget_type=\"social-icons.default\">\n\t\t\t\t<div class=\"elementor-widget-container\">\n\t\t\t\t\t\t\t<div class=\"elementor-social-icons-wrapper elementor-grid\" role=\"list\">\n\t\t\t\t\t\t\t<span class=\"elementor-grid-item\" role=\"listitem\">\n\t\t\t\t\t<a class=\"elementor-icon elementor-social-icon elementor-social-icon-facebook elementor-repeater-item-178c6fe\" href=\"https:\/\/www.facebook.com\/profile.php?id=100093270873268\" target=\"_blank\" rel=\"noopener\">\n\t\t\t\t\t\t<span class=\"elementor-screen-only\">Facebook<\/span>\n\t\t\t\t\t\t<i aria-hidden=\"true\" class=\"fab fa-facebook\"><\/i>\t\t\t\t\t<\/a>\n\t\t\t\t<\/span>\n\t\t\t\t\t\t\t<span class=\"elementor-grid-item\" role=\"listitem\">\n\t\t\t\t\t<a class=\"elementor-icon elementor-social-icon elementor-social-icon-instagram elementor-repeater-item-4255f62\" href=\"https:\/\/www.instagram.com\/doreenpalke___ayurveda\/\" target=\"_blank\" rel=\"noopener\">\n\t\t\t\t\t\t<span class=\"elementor-screen-only\">Instagram<\/span>\n\t\t\t\t\t\t<i aria-hidden=\"true\" class=\"fab fa-instagram\"><\/i>\t\t\t\t\t<\/a>\n\t\t\t\t<\/span>\n\t\t\t\t\t\t\t<span class=\"elementor-grid-item\" role=\"listitem\">\n\t\t\t\t\t<a class=\"elementor-icon elementor-social-icon elementor-social-icon-linkedin elementor-repeater-item-f24a658\" href=\"https:\/\/www.linkedin.com\/in\/doreen-palke-a39418203\/\" target=\"_blank\" rel=\"noopener\">\n\t\t\t\t\t\t<span class=\"elementor-screen-only\">Linkedin<\/span>\n\t\t\t\t\t\t<i aria-hidden=\"true\" class=\"fab fa-linkedin\"><\/i>\t\t\t\t\t<\/a>\n\t\t\t\t<\/span>\n\t\t\t\t\t<\/div>\n\t\t\t\t\t\t<\/div>\n\t\t\t\t<\/div>\n\t\t\t\t<div class=\"elementor-element elementor-element-397907db elementor-widget elementor-widget-text-editor\" data-id=\"397907db\" data-element_type=\"widget\" data-e-type=\"widget\" data-widget_type=\"text-editor.default\">\n\t\t\t\t<div class=\"elementor-widget-container\">\n\t\t\t\t\t\t\t\t\t<p>\u00a9 2026 Doreen Palke. Praxis f\u00fcr Ayurveda Medizin &amp; Yogatherapie<\/p>\t\t\t\t\t\t\t\t<\/div>\n\t\t\t\t<\/div>\n\t\t\t\t\t<\/div>\n\t\t<\/div>\n\t\t\t\t\t<\/div>\n\t\t<\/section>\n\t\t\t\t<section class=\"elementor-section elementor-top-section elementor-element elementor-element-6365953c elementor-section-stretched elementor-section-boxed elementor-section-height-default elementor-section-height-default\" data-id=\"6365953c\" data-element_type=\"section\" data-e-type=\"section\" data-settings=\"{&quot;background_background&quot;:&quot;classic&quot;,&quot;stretch_section&quot;:&quot;section-stretched&quot;}\">\n\t\t\t\t\t\t<div class=\"elementor-container elementor-column-gap-default\">\n\t\t\t\t\t<div class=\"elementor-column elementor-col-100 elementor-top-column elementor-element elementor-element-7454473e\" data-id=\"7454473e\" data-element_type=\"column\" data-e-type=\"column\" data-settings=\"{&quot;background_background&quot;:&quot;classic&quot;}\">\n\t\t\t<div class=\"elementor-widget-wrap elementor-element-populated\">\n\t\t\t\t\t\t<div class=\"elementor-element elementor-element-183c26f1 elementor-widget elementor-widget-heading\" data-id=\"183c26f1\" data-element_type=\"widget\" data-e-type=\"widget\" data-widget_type=\"heading.default\">\n\t\t\t\t<div class=\"elementor-widget-container\">\n\t\t\t\t\t<h3 class=\"elementor-heading-title elementor-size-default\">Newsletter<\/h3>\t\t\t\t<\/div>\n\t\t\t\t<\/div>\n\t\t\t\t<div class=\"elementor-element elementor-element-5066bc5e elementor-widget elementor-widget-text-editor\" data-id=\"5066bc5e\" data-element_type=\"widget\" data-e-type=\"widget\" data-widget_type=\"text-editor.default\">\n\t\t\t\t<div class=\"elementor-widget-container\">\n\t\t\t\t\t\t\t\t\t<p>Melde dich f\u00fcr meinen Newsletter an f\u00fcr regelm\u00e4\u00dfige Tipps und neue Impulse rund um das Thema Ayurveda und Frauengesundheit.<\/p>\t\t\t\t\t\t\t\t<\/div>\n\t\t\t\t<\/div>\n\t\t\t\t<div class=\"elementor-element elementor-element-672237ea elementor-button-align-stretch elementor-widget elementor-widget-form\" data-id=\"672237ea\" data-element_type=\"widget\" data-e-type=\"widget\" data-settings=\"{&quot;button_width&quot;:&quot;25&quot;,&quot;step_next_label&quot;:&quot;N\\u00e4chster&quot;,&quot;step_previous_label&quot;:&quot;Voriger&quot;,&quot;step_type&quot;:&quot;number_text&quot;,&quot;step_icon_shape&quot;:&quot;circle&quot;}\" data-widget_type=\"form.default\">\n\t\t\t\t<div class=\"elementor-widget-container\">\n\t\t\t\t\t\t\t<form class=\"elementor-form\" method=\"post\" name=\"Newsletter\" aria-label=\"Newsletter\" novalidate=\"\">\n\t\t\t<input type=\"hidden\" name=\"post_id\" value=\"15834\"\/>\n\t\t\t<input type=\"hidden\" name=\"form_id\" value=\"672237ea\"\/>\n\t\t\t<input type=\"hidden\" name=\"referer_title\" value=\"\" \/>\n\n\t\t\t\n\t\t\t<div class=\"elementor-form-fields-wrapper elementor-labels-\">\n\t\t\t\t\t\t\t\t<div class=\"elementor-field-type-text elementor-field-group elementor-column elementor-field-group-email elementor-col-25 elementor-field-required\">\n\t\t\t\t\t\t\t\t\t\t\t\t\t<input size=\"1\" type=\"text\" name=\"form_fields[email]\" id=\"form-field-email\" class=\"elementor-field elementor-size-md  elementor-field-textual\" placeholder=\"Dein Vorname\" required=\"required\">\n\t\t\t\t\t\t\t\t\t\t\t<\/div>\n\t\t\t\t\t\t\t\t<div class=\"elementor-field-type-text elementor-field-group elementor-column elementor-field-group-field_7a628da elementor-col-25 elementor-field-required\">\n\t\t\t\t\t\t\t\t\t\t\t\t\t<input size=\"1\" type=\"text\" name=\"form_fields[field_7a628da]\" id=\"form-field-field_7a628da\" class=\"elementor-field elementor-size-md  elementor-field-textual\" placeholder=\"Dein Nachname\" required=\"required\">\n\t\t\t\t\t\t\t\t\t\t\t<\/div>\n\t\t\t\t\t\t\t\t<div class=\"elementor-field-type-email elementor-field-group elementor-column elementor-field-group-field_8329588 elementor-col-25 elementor-field-required\">\n\t\t\t\t\t\t\t\t\t\t\t\t\t<input size=\"1\" type=\"email\" name=\"form_fields[field_8329588]\" id=\"form-field-field_8329588\" class=\"elementor-field elementor-size-md  elementor-field-textual\" placeholder=\"Deine E-Mail-Adresse\" required=\"required\">\n\t\t\t\t\t\t\t\t\t\t\t<\/div>\n\t\t\t\t\t\t\t\t<div class=\"elementor-field-group elementor-column elementor-field-type-submit elementor-col-25 e-form__buttons\">\n\t\t\t\t\t<button class=\"elementor-button elementor-size-md\" type=\"submit\">\n\t\t\t\t\t\t<span class=\"elementor-button-content-wrapper\">\n\t\t\t\t\t\t\t\t\t\t\t\t\t\t\t\t\t\t\t\t\t\t<span class=\"elementor-button-text\">Anmelden<\/span>\n\t\t\t\t\t\t\t\t\t\t\t\t\t<\/span>\n\t\t\t\t\t<\/button>\n\t\t\t\t<\/div>\n\t\t\t<\/div>\n\t\t<\/form>\n\t\t\t\t\t\t<\/div>\n\t\t\t\t<\/div>\n\t\t\t\t<div class=\"elementor-element elementor-element-3b167577 elementor-widget elementor-widget-text-editor\" data-id=\"3b167577\" data-element_type=\"widget\" data-e-type=\"widget\" data-widget_type=\"text-editor.default\">\n\t\t\t\t<div class=\"elementor-widget-container\">\n\t\t\t\t\t\t\t\t\t<p>*Mit deiner Anmeldung meldest du dich automatisch auch f\u00fcr meinen Newsletter an und erh\u00e4ltst regelm\u00e4\u00dfige Tipps zum Thema Ayurveda und Frauengesundheit. Du kannst dich jederzeit wieder austragen. Weitere Informationen zur Nutzung deiner Daten findest du hier: <a href=\"https:\/\/doreenpalke.com\/datenschutz\/\">Datenschutzerkl\u00e4rung<\/a>.<\/p>\t\t\t\t\t\t\t\t<\/div>\n\t\t\t\t<\/div>\n\t\t\t\t\t<\/div>\n\t\t<\/div>\n\t\t\t\t\t<\/div>\n\t\t<\/section>\n\t\t\t\t<section class=\"elementor-section elementor-top-section elementor-element elementor-element-2bb68bee elementor-section-full_width elementor-section-height-default elementor-section-height-default\" data-id=\"2bb68bee\" data-element_type=\"section\" data-e-type=\"section\" data-settings=\"{&quot;background_background&quot;:&quot;classic&quot;}\">\n\t\t\t\t\t\t<div class=\"elementor-container elementor-column-gap-no\">\n\t\t\t\t\t<div class=\"elementor-column elementor-col-33 elementor-top-column elementor-element elementor-element-7e8f4be1\" data-id=\"7e8f4be1\" data-element_type=\"column\" data-e-type=\"column\">\n\t\t\t<div class=\"elementor-widget-wrap elementor-element-populated\">\n\t\t\t\t\t\t<div class=\"elementor-element elementor-element-463ae393 elementor-widget elementor-widget-heading\" data-id=\"463ae393\" data-element_type=\"widget\" data-e-type=\"widget\" data-widget_type=\"heading.default\">\n\t\t\t\t<div class=\"elementor-widget-container\">\n\t\t\t\t\t<h2 class=\"elementor-heading-title elementor-size-default\">Praxis f\u00fcr \nAyurveda Medizin &amp; \nYogatherapie<\/h2>\t\t\t\t<\/div>\n\t\t\t\t<\/div>\n\t\t\t\t\t<\/div>\n\t\t<\/div>\n\t\t\t\t<div class=\"elementor-column elementor-col-33 elementor-top-column elementor-element elementor-element-29aa89ed\" data-id=\"29aa89ed\" data-element_type=\"column\" data-e-type=\"column\" data-settings=\"{&quot;background_background&quot;:&quot;classic&quot;}\">\n\t\t\t<div class=\"elementor-widget-wrap elementor-element-populated\">\n\t\t\t\t\t\t<div class=\"elementor-element elementor-element-636e5b8a elementor-widget-divider--view-line elementor-widget elementor-widget-divider\" data-id=\"636e5b8a\" data-element_type=\"widget\" data-e-type=\"widget\" data-widget_type=\"divider.default\">\n\t\t\t\t<div class=\"elementor-widget-container\">\n\t\t\t\t\t\t\t<div class=\"elementor-divider\">\n\t\t\t<span class=\"elementor-divider-separator\">\n\t\t\t\t\t\t<\/span>\n\t\t<\/div>\n\t\t\t\t\t\t<\/div>\n\t\t\t\t<\/div>\n\t\t\t\t<div class=\"elementor-element elementor-element-182aebbe elementor-widget elementor-widget-text-editor\" data-id=\"182aebbe\" data-element_type=\"widget\" data-e-type=\"widget\" data-widget_type=\"text-editor.default\">\n\t\t\t\t<div class=\"elementor-widget-container\">\n\t\t\t\t\t\t\t\t\t<p>\u00a0<\/p><p>Kontakt<\/p>\t\t\t\t\t\t\t\t<\/div>\n\t\t\t\t<\/div>\n\t\t\t\t<div class=\"elementor-element elementor-element-403a475d elementor-widget elementor-widget-heading\" data-id=\"403a475d\" data-element_type=\"widget\" data-e-type=\"widget\" data-widget_type=\"heading.default\">\n\t\t\t\t<div class=\"elementor-widget-container\">\n\t\t\t\t\t<h2 class=\"elementor-heading-title elementor-size-default\">Benzstr. 4<br>\n\n14482 Potsdam<br>\n\nDeutschland<br><br>\n\n+49 176 282 331 83<br>\n\ndoreen@doreenpalke.com<\/h2>\t\t\t\t<\/div>\n\t\t\t\t<\/div>\n\t\t\t\t<div class=\"elementor-element elementor-element-3bbb00aa elementor-hidden-desktop elementor-hidden-mobile elementor-widget-divider--view-line elementor-widget elementor-widget-divider\" data-id=\"3bbb00aa\" data-element_type=\"widget\" data-e-type=\"widget\" data-widget_type=\"divider.default\">\n\t\t\t\t<div class=\"elementor-widget-container\">\n\t\t\t\t\t\t\t<div class=\"elementor-divider\">\n\t\t\t<span class=\"elementor-divider-separator\">\n\t\t\t\t\t\t<\/span>\n\t\t<\/div>\n\t\t\t\t\t\t<\/div>\n\t\t\t\t<\/div>\n\t\t\t\t\t<\/div>\n\t\t<\/div>\n\t\t\t\t<div class=\"elementor-column elementor-col-33 elementor-top-column elementor-element elementor-element-44c723b0\" data-id=\"44c723b0\" data-element_type=\"column\" data-e-type=\"column\" data-settings=\"{&quot;background_background&quot;:&quot;classic&quot;}\">\n\t\t\t<div class=\"elementor-widget-wrap elementor-element-populated\">\n\t\t\t\t\t\t<div class=\"elementor-element elementor-element-74d86e6b elementor-widget-divider--view-line elementor-widget elementor-widget-divider\" data-id=\"74d86e6b\" data-element_type=\"widget\" data-e-type=\"widget\" data-widget_type=\"divider.default\">\n\t\t\t\t<div class=\"elementor-widget-container\">\n\t\t\t\t\t\t\t<div class=\"elementor-divider\">\n\t\t\t<span class=\"elementor-divider-separator\">\n\t\t\t\t\t\t<\/span>\n\t\t<\/div>\n\t\t\t\t\t\t<\/div>\n\t\t\t\t<\/div>\n\t\t\t\t<div class=\"elementor-element elementor-element-5181c7a elementor-widget elementor-widget-text-editor\" data-id=\"5181c7a\" data-element_type=\"widget\" data-e-type=\"widget\" data-widget_type=\"text-editor.default\">\n\t\t\t\t<div class=\"elementor-widget-container\">\n\t\t\t\t\t\t\t\t\t<p>\u00a0<\/p><p>Rechtliche Hinweise<\/p>\t\t\t\t\t\t\t\t<\/div>\n\t\t\t\t<\/div>\n\t\t\t\t<div class=\"elementor-element elementor-element-45e89e50 elementor-widget elementor-widget-heading\" data-id=\"45e89e50\" data-element_type=\"widget\" data-e-type=\"widget\" data-widget_type=\"heading.default\">\n\t\t\t\t<div class=\"elementor-widget-container\">\n\t\t\t\t\t<h4 class=\"elementor-heading-title elementor-size-default\"><a href=\"https:\/\/doreenpalke.com\/impressum\/\">Impressum<\/a><\/h4>\t\t\t\t<\/div>\n\t\t\t\t<\/div>\n\t\t\t\t<div class=\"elementor-element elementor-element-707e96c8 elementor-widget elementor-widget-heading\" data-id=\"707e96c8\" data-element_type=\"widget\" data-e-type=\"widget\" data-widget_type=\"heading.default\">\n\t\t\t\t<div class=\"elementor-widget-container\">\n\t\t\t\t\t<h4 class=\"elementor-heading-title elementor-size-default\"><a href=\"https:\/\/doreenpalke.com\/agb\/\">AGB Allg. Gesch\u00e4ftsbedigungen<\/a><\/h4>\t\t\t\t<\/div>\n\t\t\t\t<\/div>\n\t\t\t\t<div class=\"elementor-element elementor-element-4cfcb1e4 elementor-widget elementor-widget-heading\" data-id=\"4cfcb1e4\" data-element_type=\"widget\" data-e-type=\"widget\" data-widget_type=\"heading.default\">\n\t\t\t\t<div class=\"elementor-widget-container\">\n\t\t\t\t\t<h4 class=\"elementor-heading-title elementor-size-default\"><a href=\"https:\/\/doreenpalke.com\/datenschutz\/\">Datenschutz<\/a><\/h4>\t\t\t\t<\/div>\n\t\t\t\t<\/div>\n\t\t\t\t<div class=\"elementor-element elementor-element-748fea49 elementor-hidden-desktop elementor-hidden-mobile elementor-widget-divider--view-line elementor-widget elementor-widget-divider\" data-id=\"748fea49\" data-element_type=\"widget\" data-e-type=\"widget\" data-widget_type=\"divider.default\">\n\t\t\t\t<div class=\"elementor-widget-container\">\n\t\t\t\t\t\t\t<div class=\"elementor-divider\">\n\t\t\t<span class=\"elementor-divider-separator\">\n\t\t\t\t\t\t<\/span>\n\t\t<\/div>\n\t\t\t\t\t\t<\/div>\n\t\t\t\t<\/div>\n\t\t\t\t\t<\/div>\n\t\t<\/div>\n\t\t\t\t\t<\/div>\n\t\t<\/section>\n\t\t\t\t<section class=\"elementor-section elementor-top-section elementor-element elementor-element-4f06d3b elementor-section-boxed elementor-section-height-default elementor-section-height-default\" data-id=\"4f06d3b\" data-element_type=\"section\" data-e-type=\"section\" data-settings=\"{&quot;background_background&quot;:&quot;classic&quot;}\">\n\t\t\t\t\t\t<div class=\"elementor-container elementor-column-gap-default\">\n\t\t\t\t\t<div class=\"elementor-column elementor-col-100 elementor-top-column elementor-element elementor-element-2fe45fe2\" data-id=\"2fe45fe2\" data-element_type=\"column\" data-e-type=\"column\">\n\t\t\t<div class=\"elementor-widget-wrap elementor-element-populated\">\n\t\t\t\t\t\t<div class=\"elementor-element elementor-element-509d5e17 e-grid-align-left elementor-shape-rounded elementor-grid-0 elementor-widget elementor-widget-social-icons\" data-id=\"509d5e17\" data-element_type=\"widget\" data-e-type=\"widget\" data-widget_type=\"social-icons.default\">\n\t\t\t\t<div class=\"elementor-widget-container\">\n\t\t\t\t\t\t\t<div class=\"elementor-social-icons-wrapper elementor-grid\" role=\"list\">\n\t\t\t\t\t\t\t<span class=\"elementor-grid-item\" role=\"listitem\">\n\t\t\t\t\t<a class=\"elementor-icon elementor-social-icon elementor-social-icon-facebook elementor-repeater-item-178c6fe\" href=\"https:\/\/www.facebook.com\/profile.php?id=100093270873268\" target=\"_blank\" rel=\"noopener\">\n\t\t\t\t\t\t<span class=\"elementor-screen-only\">Facebook<\/span>\n\t\t\t\t\t\t<i aria-hidden=\"true\" class=\"fab fa-facebook\"><\/i>\t\t\t\t\t<\/a>\n\t\t\t\t<\/span>\n\t\t\t\t\t\t\t<span class=\"elementor-grid-item\" role=\"listitem\">\n\t\t\t\t\t<a class=\"elementor-icon elementor-social-icon elementor-social-icon-instagram elementor-repeater-item-4255f62\" href=\"https:\/\/www.instagram.com\/doreenpalke___ayurveda\/\" target=\"_blank\" rel=\"noopener\">\n\t\t\t\t\t\t<span class=\"elementor-screen-only\">Instagram<\/span>\n\t\t\t\t\t\t<i aria-hidden=\"true\" class=\"fab fa-instagram\"><\/i>\t\t\t\t\t<\/a>\n\t\t\t\t<\/span>\n\t\t\t\t\t\t\t<span class=\"elementor-grid-item\" role=\"listitem\">\n\t\t\t\t\t<a class=\"elementor-icon elementor-social-icon elementor-social-icon-linkedin elementor-repeater-item-f24a658\" href=\"https:\/\/www.linkedin.com\/in\/doreen-palke-a39418203\/\" target=\"_blank\" rel=\"noopener\">\n\t\t\t\t\t\t<span class=\"elementor-screen-only\">Linkedin<\/span>\n\t\t\t\t\t\t<i aria-hidden=\"true\" class=\"fab fa-linkedin\"><\/i>\t\t\t\t\t<\/a>\n\t\t\t\t<\/span>\n\t\t\t\t\t<\/div>\n\t\t\t\t\t\t<\/div>\n\t\t\t\t<\/div>\n\t\t\t\t<div class=\"elementor-element elementor-element-437e8b6f elementor-widget elementor-widget-text-editor\" data-id=\"437e8b6f\" data-element_type=\"widget\" data-e-type=\"widget\" data-widget_type=\"text-editor.default\">\n\t\t\t\t<div class=\"elementor-widget-container\">\n\t\t\t\t\t\t\t\t\t<p>\u00a9 2026 Doreen Palke. Praxis f\u00fcr Ayurveda Medizin &amp; Yogatherapie<\/p>\t\t\t\t\t\t\t\t<\/div>\n\t\t\t\t<\/div>\n\t\t\t\t\t<\/div>\n\t\t<\/div>\n\t\t\t\t\t<\/div>\n\t\t<\/section>\n\t\t\t\t<section class=\"elementor-section elementor-top-section elementor-element elementor-element-2d20e426 elementor-section-boxed elementor-section-height-default elementor-section-height-default\" data-id=\"2d20e426\" data-element_type=\"section\" data-e-type=\"section\">\n\t\t\t\t\t\t<div class=\"elementor-container elementor-column-gap-default\">\n\t\t\t\t\t<div class=\"elementor-column elementor-col-100 elementor-top-column elementor-element elementor-element-39068be7\" data-id=\"39068be7\" data-element_type=\"column\" data-e-type=\"column\">\n\t\t\t<div class=\"elementor-widget-wrap\">\n\t\t\t\t\t\t\t<\/div>\n\t\t<\/div>\n\t\t\t\t\t<\/div>\n\t\t<\/section>\n\t\t\t\t<\/div>\n\t\t","protected":false},"excerpt":{"rendered":"<p>Bildungsurlaube \/ Bildungszeiten Breitenteicher M\u00fchle Uckermark Ressourcen st\u00e4rken mit Yoga &amp; Ayurveda \u2013 Bildungsurlaub f\u00fcr Resilienz und Stressbew\u00e4ltigung im Berufsalltag F\u00fcnf Tage f\u00fcr dich: Stress loslassen, Energie tanken, mit Yoga &amp; ayurvedischem Fasten neu durchstarten Dein K\u00f6rper sehnt sich nach Ruhe. Dein Geist nach Klarheit. Dein Alltag nach echtem Gleichgewicht.In diesem f\u00fcnft\u00e4gigen Bildungsurlaub tauchst du [&hellip;]<\/p>\n","protected":false},"author":2,"featured_media":0,"parent":0,"menu_order":0,"comment_status":"closed","ping_status":"closed","template":"","meta":{"ocean_post_layout":"full-screen","ocean_both_sidebars_style":"","ocean_both_sidebars_content_width":0,"ocean_both_sidebars_sidebars_width":0,"ocean_sidebar":"","ocean_second_sidebar":"","ocean_disable_margins":"enable","ocean_add_body_class":"","ocean_shortcode_before_top_bar":"","ocean_shortcode_after_top_bar":"","ocean_shortcode_before_header":"","ocean_shortcode_after_header":"","ocean_has_shortcode":"","ocean_shortcode_after_title":"","ocean_shortcode_before_footer_widgets":"","ocean_shortcode_after_footer_widgets":"","ocean_shortcode_before_footer_bottom":"","ocean_shortcode_after_footer_bottom":"","ocean_display_top_bar":"on","ocean_display_header":"default","ocean_header_style":"","ocean_center_header_left_menu":"","ocean_custom_header_template":"","ocean_custom_logo":0,"ocean_custom_retina_logo":0,"ocean_custom_logo_max_width":0,"ocean_custom_logo_tablet_max_width":0,"ocean_custom_logo_mobile_max_width":0,"ocean_custom_logo_max_height":0,"ocean_custom_logo_tablet_max_height":0,"ocean_custom_logo_mobile_max_height":0,"ocean_header_custom_menu":"","ocean_menu_typo_font_family":"","ocean_menu_typo_font_subset":"","ocean_menu_typo_font_size":0,"ocean_menu_typo_font_size_tablet":0,"ocean_menu_typo_font_size_mobile":0,"ocean_menu_typo_font_size_unit":"px","ocean_menu_typo_font_weight":"","ocean_menu_typo_font_weight_tablet":"","ocean_menu_typo_font_weight_mobile":"","ocean_menu_typo_transform":"","ocean_menu_typo_transform_tablet":"","ocean_menu_typo_transform_mobile":"","ocean_menu_typo_line_height":0,"ocean_menu_typo_line_height_tablet":0,"ocean_menu_typo_line_height_mobile":0,"ocean_menu_typo_line_height_unit":"","ocean_menu_typo_spacing":0,"ocean_menu_typo_spacing_tablet":0,"ocean_menu_typo_spacing_mobile":0,"ocean_menu_typo_spacing_unit":"","ocean_menu_link_color":"","ocean_menu_link_color_hover":"","ocean_menu_link_color_active":"","ocean_menu_link_background":"","ocean_menu_link_hover_background":"","ocean_menu_link_active_background":"","ocean_menu_social_links_bg":"","ocean_menu_social_hover_links_bg":"","ocean_menu_social_links_color":"","ocean_menu_social_hover_links_color":"","ocean_disable_title":"on","ocean_disable_heading":"default","ocean_post_title":"","ocean_post_subheading":"","ocean_post_title_style":"","ocean_post_title_background_color":"","ocean_post_title_background":0,"ocean_post_title_bg_image_position":"","ocean_post_title_bg_image_attachment":"","ocean_post_title_bg_image_repeat":"","ocean_post_title_bg_image_size":"","ocean_post_title_height":0,"ocean_post_title_bg_overlay":0.5,"ocean_post_title_bg_overlay_color":"","ocean_disable_breadcrumbs":"default","ocean_breadcrumbs_color":"","ocean_breadcrumbs_separator_color":"","ocean_breadcrumbs_links_color":"","ocean_breadcrumbs_links_hover_color":"","ocean_display_footer_widgets":"off","ocean_display_footer_bottom":"off","ocean_custom_footer_template":"","footnotes":""},"class_list":["post-15834","page","type-page","status-publish","hentry","entry"],"_links":{"self":[{"href":"https:\/\/doreenpalke.com\/en\/wp-json\/wp\/v2\/pages\/15834","targetHints":{"allow":["GET"]}}],"collection":[{"href":"https:\/\/doreenpalke.com\/en\/wp-json\/wp\/v2\/pages"}],"about":[{"href":"https:\/\/doreenpalke.com\/en\/wp-json\/wp\/v2\/types\/page"}],"author":[{"embeddable":true,"href":"https:\/\/doreenpalke.com\/en\/wp-json\/wp\/v2\/users\/2"}],"replies":[{"embeddable":true,"href":"https:\/\/doreenpalke.com\/en\/wp-json\/wp\/v2\/comments?post=15834"}],"version-history":[{"count":35,"href":"https:\/\/doreenpalke.com\/en\/wp-json\/wp\/v2\/pages\/15834\/revisions"}],"predecessor-version":[{"id":15870,"href":"https:\/\/doreenpalke.com\/en\/wp-json\/wp\/v2\/pages\/15834\/revisions\/15870"}],"wp:attachment":[{"href":"https:\/\/doreenpalke.com\/en\/wp-json\/wp\/v2\/media?parent=15834"}],"curies":[{"name":"wp","href":"https:\/\/api.w.org\/{rel}","templated":true}]}}